{"version":"1.0","provider_name":"okl &amp;&nbsp;part\u00adner Rechts\u00adan\u00adw\u00e4l\u00adte PartG&nbsp;mbB","provider_url":"https:\/\/oklp.de\/en","author_name":"navigator2022","author_url":"https:\/\/oklp.de\/en\/author\/navigator2022\/","title":"EU-Verpackungsverordnung: Entwurf nimmt die n\u00e4chste H\u00fcrde - okl &amp; partner Rechtsanw\u00e4lte PartG mbB","type":"rich","width":600,"height":338,"html":"<blockquote class=\"wp-embedded-content\" data-secret=\"nGI1rgVSFg\"><a href=\"https:\/\/oklp.de\/en\/2024\/11\/eu-verpackungsverordnung-entwurf-nimmt-die-naechste-huerde\/\">EU-Ver\u00adpa\u00adckungs\u00adver\u00adord\u00adnung: Ent\u00adwurf nimmt die n\u00e4chs\u00adte&nbsp;H\u00fcrde<\/a><\/blockquote><iframe sandbox=\"allow-scripts\" security=\"restricted\" src=\"https:\/\/oklp.de\/en\/2024\/11\/eu-verpackungsverordnung-entwurf-nimmt-die-naechste-huerde\/embed\/#?secret=nGI1rgVSFg\" width=\"600\" height=\"338\" title=\"\u201cEU-Verpackungsverordnung: Entwurf nimmt die n\u00e4chste H\u00fcrde\u201d \u2014 okl &amp; partner Rechtsanw\u00e4lte PartG mbB  \" data-secret=\"nGI1rgVSFg\" frameborder=\"0\" marginwidth=\"0\" marginheight=\"0\" scrolling=\"no\" class=\"wp-embedded-content\"><\/iframe><script type=\"text\/javascript\">\n\/* <![CDATA[ *\/\n\/*! This file is auto-generated *\/\n!function(d,l){\"use strict\";l.querySelector&&d.addEventListener&&\"undefined\"!=typeof URL&&(d.wp=d.wp||{},d.wp.receiveEmbedMessage||(d.wp.receiveEmbedMessage=function(e){var t=e.data;if((t||t.secret||t.message||t.value)&&!\/[^a-zA-Z0-9]\/.test(t.secret)){for(var s,r,n,a=l.querySelectorAll('iframe[data-secret=\"'+t.secret+'\"]'),o=l.querySelectorAll('blockquote[data-secret=\"'+t.secret+'\"]'),c=new RegExp(\"^https?:$\",\"i\"),i=0;i<o.length;i++)o[i].style.display=\"none\";for(i=0;i<a.length;i++)s=a[i],e.source===s.contentWindow&&(s.removeAttribute(\"style\"),\"height\"===t.message?(1e3<(r=parseInt(t.value,10))?r=1e3:~~r<200&&(r=200),s.height=r):\"link\"===t.message&&(r=new URL(s.getAttribute(\"src\")),n=new URL(t.value),c.test(n.protocol))&&n.host===r.host&&l.activeElement===s&&(d.top.location.href=t.value))}},d.addEventListener(\"message\",d.wp.receiveEmbedMessage,!1),l.addEventListener(\"DOMContentLoaded\",function(){for(var e,t,s=l.querySelectorAll(\"iframe.wp-embedded-content\"),r=0;r<s.length;r++)(t=(e=s[r]).getAttribute(\"data-secret\"))||(t=Math.random().toString(36).substring(2,12),e.src+=\"#?secret=\"+t,e.setAttribute(\"data-secret\",t)),e.contentWindow.postMessage({message:\"ready\",secret:t},\"*\")},!1)))}(window,document);\n\/* ]]> *\/\n<\/script>","description":"Das Europ\u00e4ische Parlament hat der EU-Verpackungsverordnung (Packaging and Packaging Waste Regulation \u2013 PPWR) am 27.11.2024 final zugestimmt. Mit einer zeitnahen Billigung durch den Rat ist zu rechnen. Die Gestaltung vieler f\u00fcr die Industrie relevanter Details beginnt allerdings erst danach."}