{"id":1000,"date":"2022-04-17T19:54:07","date_gmt":"2022-04-17T19:54:07","guid":{"rendered":"https:\/\/oklp.de\/?page_id=1000"},"modified":"2024-10-05T17:45:52","modified_gmt":"2024-10-05T17:45:52","slug":"rechtsanwaeltin-dr-ortrud-kracht","status":"publish","type":"page","link":"https:\/\/oklp.de\/en\/rechtsanwaeltin-dr-ortrud-kracht\/","title":{"rendered":"Rechts\u00adan\u00adw\u00e4l\u00adtin Dr. Ortrud Kracht"},"content":{"rendered":"<div id=\"fws_69ef876d8ae8d\" data-column-margin=\"default\" data-midnight=\"dark\" class=\"wpb_row vc_row-fluid vc_row has-row-bg-color\" style=\"padding-top: 80px; padding-bottom: 15px; --row-bg-color: #000000;\"><div class=\"row-bg-wrap\" data-bg-animation=\"none\" data-bg-animation-delay data-bg-overlay=\"false\"><div class=\"inner-wrap row-bg-layer\"><div class=\"row-bg viewport-desktop using-bg-color\" style=\"background-color: #000000; \"><\/div><\/div><\/div><div class=\"row_col_wrap_12 col span_12 dark left\">\n\t<div class=\"vc_col-sm-1\/5 wpb_column column_container vc_column_container col no-extra-padding inherit_tablet inherit_phone\" data-padding-pos=\"all\" data-has-bg-color=\"false\" data-bg-color data-bg-opacity=\"1\" data-animation data-delay=\"0\">\n\t\t<div class=\"vc_column-inner\">\n\t\t\t<div class=\"wpb_wrapper\">\n\t\t\t\t\n\t\t\t<\/div> \n\t\t<\/div>\n\t<\/div> \n\n\t<div style=\" color: #ffffff;\" class=\"vc_col-sm-3\/5 wpb_column column_container vc_column_container col no-extra-padding inherit_tablet inherit_phone\" data-cfc=\"true\" data-padding-pos=\"all\" data-has-bg-color=\"false\" data-bg-color data-bg-opacity=\"1\" data-animation data-delay=\"0\">\n\t\t<div class=\"vc_column-inner\">\n\t\t\t<div class=\"wpb_wrapper\">\n\t\t\t\t\n<div class=\"wpb_text_column wpb_content_element\">\n\t<p>Dr Ortrud Kracht has been spe\u00adcia\u00adli\u00adsing in advi\u00adsing com\u00adpa\u00adnies in the crop pro\u00adtec\u00adtion indus\u00adtry, fer\u00adti\u00adli\u00adser indus\u00adtry and che\u00admi\u00adcal indus\u00adtry for over 20 years. She advi\u00adses them on regu\u00adla\u00adto\u00adry issues and con\u00adtract law, in par\u00adti\u00adcu\u00adlar on the draf\u00adting of con\u00adsor\u00adti\u00adum and licence agree\u00adments. Cli\u00adents app\u00adre\u00adcia\u00adte her in-depth indus\u00adtry know\u00adledge and exper\u00adti\u00adse as well as her spe\u00adcial under\u00adstan\u00adding of cor\u00adpo\u00adra\u00adte prac\u00adti\u00adce, which results from her many years of prac\u00adti\u00adcal work in the legal depart\u00adments of lea\u00adding com\u00adpa\u00adnies in the che\u00admi\u00adcal and plant pro\u00adtec\u00adtion industries.<\/p>\n<p>Dr Kracht enga\u00adges in the dis\u00adcus\u00adsion of rele\u00advant legal issues and the fur\u00adther deve\u00adlo\u00adp\u00adment of her legal prac\u00adti\u00adce are\u00adas, both through her mem\u00adber\u00adship in asso\u00adcia\u00adti\u00adon com\u00admit\u00adtees and through lec\u00adtures at Ger\u00adman and inter\u00adna\u00adtio\u00adnal expert conferences.<\/p>\n<\/div>\n\n\n\n\n\t\t\t<\/div> \n\t\t<\/div>\n\t<\/div> \n\n\t<div class=\"vc_col-sm-1\/5 wpb_column column_container vc_column_container col no-extra-padding inherit_tablet inherit_phone\" data-padding-pos=\"all\" data-has-bg-color=\"false\" data-bg-color data-bg-opacity=\"1\" data-animation data-delay=\"0\">\n\t\t<div class=\"vc_column-inner\">\n\t\t\t<div class=\"wpb_wrapper\">\n\t\t\t\t\n\t\t\t<\/div> \n\t\t<\/div>\n\t<\/div> \n<\/div><\/div>\n\t\t<div id=\"fws_69ef876d8b1d8\" data-column-margin=\"default\" data-midnight=\"light\" class=\"wpb_row vc_row-fluid vc_row has-row-bg-color\" style=\"padding-top: 40px; padding-bottom: 30px; --row-bg-color: #000000;\"><div class=\"row-bg-wrap\" data-bg-animation=\"none\" data-bg-animation-delay data-bg-overlay=\"false\"><div class=\"inner-wrap row-bg-layer\"><div class=\"row-bg viewport-desktop using-bg-color\" style=\"background-color: #000000; \"><\/div><\/div><\/div><div class=\"row_col_wrap_12 col span_12 light left\">\n\t<div class=\"vc_col-sm-1\/5 wpb_column column_container vc_column_container col no-extra-padding inherit_tablet inherit_phone\" data-padding-pos=\"all\" data-has-bg-color=\"false\" data-bg-color data-bg-opacity=\"1\" data-animation data-delay=\"0\">\n\t\t<div class=\"vc_column-inner\">\n\t\t\t<div class=\"wpb_wrapper\">\n\t\t\t\t\n\t\t\t<\/div> \n\t\t<\/div>\n\t<\/div> \n\n\t<div style=\" color: #ffffff;\" class=\"vc_col-sm-3\/5 wpb_column column_container vc_column_container col no-extra-padding inherit_tablet inherit_phone\" data-cfc=\"true\" data-padding-pos=\"all\" data-has-bg-color=\"false\" data-bg-color data-bg-opacity=\"1\" data-animation data-delay=\"0\">\n\t\t<div class=\"vc_column-inner\">\n\t\t\t<div class=\"wpb_wrapper\">\n\t\t\t\t<div class=\"toggles\" data-br data-starting=\"default\" data-style=\"minimal_small\"><div class=\"toggle accent-color\" data-inner-wrap=\"true\"><h3 class=\"toggle-title\"><a href=\"#\" role=\"button\" class=\"toggle-heading\"><i role=\"presentation\" class=\"fa fa-plus\"><\/i>Cur\u00adri\u00adcu\u00adlum&nbsp;vitae<\/a><\/h3><div><div class=\"inner-toggle-wrap\">\n<div class=\"wpb_text_column wpb_content_element\">\n\t<p>Law stu\u00addies in Bonn, Kiel and Lausanne<\/p>\n<p>Doc\u00adto\u00adra\u00adte in&nbsp;Bonn<\/p>\n<p>Rese\u00adarch assistant at the Max Planck Insti\u00adtu\u00adte for Com\u00adpa\u00adra\u00adti\u00adve and Inter\u00adna\u00adtio\u00adnal Pri\u00adva\u00adte&nbsp;Law<\/p>\n<p>Lawy\u00ader at the law firm Hen\u00adge\u00adler \u2013 today Hen\u00adge\u00adler M\u00fcl\u00adler \u2013 in D\u00fcs\u00adsel\u00addorf with a&nbsp;focus on com\u00admer\u00adcial and con\u00adtract&nbsp;law<\/p>\n<p>Mem\u00adber of the legal depart\u00adment of Metall\u00adge\u00adsell\u00adschaft AG with a&nbsp;focus on inter\u00adna\u00adtio\u00adnal com\u00admer\u00adcial and con\u00adtract law and the legal sup\u00adport of invest\u00adment projects<\/p>\n<p>Mem\u00adber of the legal depart\u00adment of Bay\u00ader AG, spe\u00adcia\u00adli\u00adsing in inter\u00adna\u00adtio\u00adnal com\u00admer\u00adcial and con\u00adtract law, com\u00adpa\u00adny purcha\u00adse law and crop pro\u00adtec\u00adtion&nbsp;law<\/p>\n<p>Mem\u00adber of the legal depart\u00adment of Bay\u00ader Crop\u00adSci\u00adence AG with a&nbsp;focus on inter\u00adna\u00adtio\u00adnal com\u00admer\u00adcial and con\u00adtract law, com\u00adpa\u00adny purcha\u00adse law and crop pro\u00adtec\u00adtion&nbsp;law<\/p>\n<p>Sin\u00adce 2005: Lawy\u00ader in her own law&nbsp;firm<\/p>\n<p>Ein\u00adtritt in die Sozie\u00adt\u00e4t K\u00f6h\u00adler &amp;&nbsp;Klett (heu\u00adte okl &amp;&nbsp;part\u00adner), B\u00fcro K\u00f6ln,&nbsp;2018<\/p>\n<\/div>\n\n\n\n<\/div><\/div><\/div><div class=\"toggle accent-color\" data-inner-wrap=\"true\"><h3 class=\"toggle-title\"><a href=\"#\" role=\"button\" class=\"toggle-heading\"><i role=\"presentation\" class=\"fa fa-plus\"><\/i>Publi\u00adca\u00adti\u00adons<\/a><\/h3><div><div class=\"inner-toggle-wrap\">\n<div class=\"wpb_text_column wpb_content_element\">\n\t<p><strong>Sta\u00adte lia\u00adbi\u00adli\u00adty for excee\u00adding pro\u00adces\u00adsing dead\u00adlines \u2013 Com\u00adment on the judgment of the LG Braun\u00adschweig (Braun\u00adschweig Regio\u00adnal Court) of 03\/09\/2020 \u2013 7&nbsp;O 1096\/18<br>\n<\/strong>in: Zeit\u00adschrift f\u00fcr Stoff\u00adrecht (StoffR) 02\/2021 S. 79 \u2013&nbsp;81.<\/p>\n<\/div>\n\n\n\n<\/div><\/div><\/div><div class=\"toggle default\" data-inner-wrap=\"true\"><h3 class=\"toggle-title\"><a href=\"#\" role=\"button\" class=\"toggle-heading\"><i role=\"presentation\" class=\"fa fa-plus\"><\/i>Lec\u00adtures<\/a><\/h3><div><div class=\"inner-toggle-wrap\">\n<div class=\"wpb_text_column wpb_content_element\">\n\t<p><strong>Legal aspects of the pre\u00adpa\u00adra\u00adti\u00adon, appr\u00adoval and imple\u00admen\u00adta\u00adti\u00adon of the appli\u00adca\u00adti\u00adon of plant pro\u00adtec\u00adtion pro\u00adducts in forests by pla\u00adne, using the exam\u00adp\u00adle of Saxony-Anhalt,<br>\n<\/strong>Forest Owners Asso\u00adcia\u00adti\u00adon Sax\u00ado\u00adny-Anhalt. e.V., 19.01.22<\/p>\n<p><strong>Is the\u00adre a&nbsp;right of action of envi\u00adron\u00admen\u00adtal NGOs in plant pro\u00adtec\u00adtion matters?<br>\n<\/strong>62nd Ger\u00adman Plant Pro\u00adtec\u00adtion Con\u00adfe\u00adrence, 22.09.2021<\/p>\n<p><strong>Appr\u00adoval of plant pro\u00adtec\u00adtion products,<\/strong><br>\nAutumn Semi\u00adnar of the Green\u00adkee\u00adper Asso\u00adcia\u00adti\u00adon GMVD Regio\u00adnal Dis\u00adtrict West, 02.11.2020<\/p>\n<p><strong>Asso\u00adcia\u00adti\u00adons\u2018 right to sue and envi\u00adron\u00admen\u00adtal reme\u00addies law<\/strong>,<br>\nVCI, 29.10.2019<\/p>\n<p><strong>Pre\u00adsen\u00adta\u00adti\u00adon on Art. 36(3) of Regu\u00adla\u00adti\u00adon 1107\/2009 in the con\u00adtext of bio\u00addi\u00adver\u00adsi\u00adty issues,<\/strong><br>\n61st Plant Pro\u00adtec\u00adtion Con\u00adfe\u00adrence 2018,13.09.2018<\/p>\n<\/div>\n\n\n\n\n<div class=\"wpb_text_column wpb_content_element\">\n\t<\/div>\n\n\n\n<\/div><\/div><\/div><\/div>\n\t\t\t<\/div> \n\t\t<\/div>\n\t<\/div> \n\n\t<div class=\"vc_col-sm-1\/5 wpb_column column_container vc_column_container col no-extra-padding inherit_tablet inherit_phone\" data-padding-pos=\"all\" data-has-bg-color=\"false\" data-bg-color data-bg-opacity=\"1\" data-animation data-delay=\"0\">\n\t\t<div class=\"vc_column-inner\">\n\t\t\t<div class=\"wpb_wrapper\">\n\t\t\t\t\n\t\t\t<\/div> \n\t\t<\/div>\n\t<\/div> \n<\/div><\/div>\n\t\t<div id=\"fws_69ef876d8b8d7\" data-column-margin=\"default\" data-midnight=\"light\" class=\"wpb_row vc_row-fluid vc_row has-row-bg-color\" style=\"padding-top: 0px; padding-bottom: 40px; --row-bg-color: #000000;\"><div class=\"row-bg-wrap\" data-bg-animation=\"none\" data-bg-animation-delay data-bg-overlay=\"false\"><div class=\"inner-wrap row-bg-layer\"><div class=\"row-bg viewport-desktop using-bg-color\" style=\"background-color: #000000; \"><\/div><\/div><\/div><div class=\"row_col_wrap_12 col span_12 light left\">\n\t<div class=\"vc_col-sm-1\/5 wpb_column column_container vc_column_container col no-extra-padding inherit_tablet inherit_phone\" data-padding-pos=\"all\" data-has-bg-color=\"false\" data-bg-color data-bg-opacity=\"1\" data-animation data-delay=\"0\">\n\t\t<div class=\"vc_column-inner\">\n\t\t\t<div class=\"wpb_wrapper\">\n\t\t\t\t\n\t\t\t<\/div> \n\t\t<\/div>\n\t<\/div> \n\n\t<div class=\"vc_col-sm-4\/5 wpb_column column_container vc_column_container col no-extra-padding inherit_tablet inherit_phone\" data-padding-pos=\"all\" data-has-bg-color=\"false\" data-bg-color data-bg-opacity=\"1\" data-animation data-delay=\"0\">\n\t\t<div class=\"vc_column-inner\">\n\t\t\t<div class=\"wpb_wrapper\">\n\t\t\t\t<div id=\"fws_69ef876d8ba88\" data-midnight data-column-margin=\"default\" class=\"wpb_row vc_row-fluid vc_row inner_row\" style><div class=\"row-bg-wrap\"> <div class=\"row-bg\"><\/div> <\/div><div class=\"row_col_wrap_12_inner col span_12  left\">\n\t<div class=\"vc_col-sm-4 wpb_column column_container vc_column_container col child_column no-extra-padding inherit_tablet inherit_phone\" data-padding-pos=\"all\" data-has-bg-color=\"false\" data-bg-color data-bg-opacity=\"1\" data-animation data-delay=\"0\">\n\t\t<div class=\"vc_column-inner\">\n\t\t<div class=\"wpb_wrapper\">\n\t\t\t<div class=\"img-with-aniamtion-wrap  custom-size\" data-max-width=\"100%\" data-max-width-mobile=\"default\" data-border-radius=\"10px\" data-shadow=\"none\" data-animation=\"fade-in\">\n      <div class=\"inner\">\n        <div class=\"hover-wrap\" data-hover-animation=\"zoom\"> \n          <div class=\"hover-wrap-inner\">\n            <img loading=\"lazy\" decoding=\"async\" class=\"img-with-animation skip-lazy\" data-delay=\"0\" height=\"800\" width=\"800\" data-animation=\"fade-in\" src=\"https:\/\/oklp.de\/wp-content\/uploads\/2022\/04\/kracht-800x800-1.jpg\" alt srcset=\"https:\/\/oklp.de\/wp-content\/uploads\/2022\/04\/kracht-800x800-1.jpg 800w, https:\/\/oklp.de\/wp-content\/uploads\/2022\/04\/kracht-800x800-1-300x300.jpg 300w, https:\/\/oklp.de\/wp-content\/uploads\/2022\/04\/kracht-800x800-1-150x150.jpg 150w, https:\/\/oklp.de\/wp-content\/uploads\/2022\/04\/kracht-800x800-1-768x768.jpg 768w, https:\/\/oklp.de\/wp-content\/uploads\/2022\/04\/kracht-800x800-1-100x100.jpg 100w, https:\/\/oklp.de\/wp-content\/uploads\/2022\/04\/kracht-800x800-1-140x140.jpg 140w, https:\/\/oklp.de\/wp-content\/uploads\/2022\/04\/kracht-800x800-1-500x500.jpg 500w, https:\/\/oklp.de\/wp-content\/uploads\/2022\/04\/kracht-800x800-1-350x350.jpg 350w\" sizes=\"auto, (max-width: 800px) 100vw, 800px\">\n          <\/div>\n        <\/div>\n        \n      <\/div>\n    <\/div>\n\t\t<\/div> \n\t<\/div>\n\t<\/div> \n\n\t<div class=\"vc_col-sm-8 wpb_column column_container vc_column_container col child_column no-extra-padding inherit_tablet inherit_phone\" data-padding-pos=\"all\" data-has-bg-color=\"false\" data-bg-color data-bg-opacity=\"1\" data-animation data-delay=\"0\">\n\t\t<div class=\"vc_column-inner\">\n\t\t<div class=\"wpb_wrapper\">\n\t\t\t\n<div class=\"wpb_text_column wpb_content_element\">\n\t<h3>Lawy\u00ader<br>\nDr Ortrud Kracht<\/h3>\n<\/div>\n\n\n\n<div class=\"divider-wrap\" data-alignment=\"default\"><div style=\"margin-top: 12.5px; width: 20%; height: 1px; margin-bottom: 12.5px;\" data-width=\"20%\" data-animate=\"yes\" data-animation-delay data-color=\"accent-color\" class=\"divider-small-border\"><\/div><\/div>\n<div class=\"wpb_text_column wpb_content_element\">\n\t<p>+49 221 4207\u200a\u2013\u200a284<br>\nortrud.kracht@oklp.de<\/p>\n<\/div>\n\n\n\n<div class=\"nectar_icon_wrap\" data-style=\"default\" data-padding=\"0px\" data-color=\"accent-color\" style>\n\t\t<div class=\"nectar_icon\"><a href=\"https:\/\/www.linkedin.com\/in\/ortrud-dr-kracht-762a742a\/\" target=\"_blank\"><\/a><i style=\"font-size: 50px; line-height: 50px; height: 50px; width: 50px;\" class=\"fa fa-linkedin-square\"><\/i><\/div>\n\t<\/div>\n\t\t<\/div> \n\t<\/div>\n\t<\/div> \n<\/div><\/div>\n\t\t\t<\/div> \n\t\t<\/div>\n\t<\/div> \n<\/div><\/div>","protected":false},"excerpt":{"rendered":"Dr. Ortrud Kracht ist seit \u00fcber 20 Jah\u00adren auf die Bera\u00adtung von Unter\u00adneh\u00admen der Pflan\u00adzen\u00adschutz\u00adin\u00addus\u00adtrie, der D\u00fcn\u00adge\u00admit\u00adtel\u00adin\u00addus\u00adtrie sowie der che\u00admi\u00adschen Indus\u00adtrie spe\u00adzia\u00adli\u00adsiert. Sie ber\u00e4t die\u00adse bei regu\u00adla\u00adto\u00adri\u00adschen Fra\u00adge\u00adstel\u00adlun\u00adgen und&nbsp;im\u2026","protected":false},"author":1,"featured_media":0,"parent":0,"menu_order":9,"comment_status":"closed","ping_status":"closed","template":"","meta":{"wp_typography_post_enhancements_disabled":false,"footnotes":""},"class_list":["post-1000","page","type-page","status-publish"],"yoast_head":"<!-- This site is optimized with the Yoast SEO plugin v27.4 - https:\/\/yoast.com\/product\/yoast-seo-wordpress\/ -->\n<title>Rechtsanw\u00e4ltin Dr. Ortrud Kracht - okl &amp; partner Rechtsanw\u00e4lte PartG mbB<\/title>\n<meta name=\"description\" content=\"Dr. Ortrud Kracht ist seit \u00fcber 20 Jahren auf die Beratung von Unternehmen der Pflanzenschutzindustrie, der D\u00fcngemittelindustrie sowie der chemischen Industrie spezialisiert. Sie ber\u00e4t diese bei regulatorischen Fragestellungen und im Vertragsrecht, insbesondere bei der Gestaltung von Konsortial- und Lizenzvertr\u00e4gen. Mandanten sch\u00e4tzen ihre tiefe Branchenkenntnis und Fachexpertise sowie ihr besonderes Verst\u00e4ndnis f\u00fcr die Unternehmenspraxis, das aus ihrer langj\u00e4hrigen T\u00e4tigkeit in den Rechtsabteilungen f\u00fchrender Unternehmen der chemischen Industrie und Pflanzenschutzindustrie resultiert.Dr. Kracht beteiligt sich in Verbandsgremien sowie durch Vortr\u00e4ge auf deutschen und internationalen Fachtagungen an der Diskussion relevanter Rechtsfragen sowie der Fortentwicklung der von ihr betreuten Rechtsgebieten.\" \/>\n<meta name=\"robots\" content=\"index, follow, max-snippet:-1, max-image-preview:large, max-video-preview:-1\" \/>\n<link rel=\"canonical\" href=\"https:\/\/oklp.de\/en\/rechtsanwaeltin-dr-ortrud-kracht\/\" \/>\n<meta property=\"og:locale\" content=\"en_US\" \/>\n<meta property=\"og:type\" content=\"article\" \/>\n<meta property=\"og:title\" content=\"Rechtsanw\u00e4ltin Dr. Ortrud Kracht - okl &amp; partner Rechtsanw\u00e4lte PartG mbB\" \/>\n<meta property=\"og:description\" content=\"Dr. Ortrud Kracht ist seit \u00fcber 20 Jahren auf die Beratung von Unternehmen der Pflanzenschutzindustrie, der D\u00fcngemittelindustrie sowie der chemischen Industrie spezialisiert. Sie ber\u00e4t diese bei regulatorischen Fragestellungen und im Vertragsrecht, insbesondere bei der Gestaltung von Konsortial- und Lizenzvertr\u00e4gen. Mandanten sch\u00e4tzen ihre tiefe Branchenkenntnis und Fachexpertise sowie ihr besonderes Verst\u00e4ndnis f\u00fcr die Unternehmenspraxis, das aus ihrer langj\u00e4hrigen T\u00e4tigkeit in den Rechtsabteilungen f\u00fchrender Unternehmen der chemischen Industrie und Pflanzenschutzindustrie resultiert.Dr. Kracht beteiligt sich in Verbandsgremien sowie durch Vortr\u00e4ge auf deutschen und internationalen Fachtagungen an der Diskussion relevanter Rechtsfragen sowie der Fortentwicklung der von ihr betreuten Rechtsgebieten.\" \/>\n<meta property=\"og:url\" content=\"https:\/\/oklp.de\/en\/rechtsanwaeltin-dr-ortrud-kracht\/\" \/>\n<meta property=\"og:site_name\" content=\"okl &amp; partner Rechtsanw\u00e4lte PartG mbB\" \/>\n<meta property=\"article:modified_time\" content=\"2024-10-05T17:45:52+00:00\" \/>\n<meta name=\"twitter:card\" content=\"summary_large_image\" \/>\n<meta name=\"twitter:label1\" content=\"Est. reading time\" \/>\n\t<meta name=\"twitter:data1\" content=\"5 minutes\" \/>\n<script type=\"application\/ld+json\" class=\"yoast-schema-graph\">{\"@context\":\"https:\\\/\\\/schema.org\",\"@graph\":[{\"@type\":\"WebPage\",\"@id\":\"https:\\\/\\\/oklp.de\\\/rechtsanwaeltin-dr-ortrud-kracht\\\/\",\"url\":\"https:\\\/\\\/oklp.de\\\/rechtsanwaeltin-dr-ortrud-kracht\\\/\",\"name\":\"Rechtsanw\u00e4ltin Dr. Ortrud Kracht - okl &amp; partner Rechtsanw\u00e4lte PartG mbB\",\"isPartOf\":{\"@id\":\"https:\\\/\\\/oklp.de\\\/#website\"},\"datePublished\":\"2022-04-17T19:54:07+00:00\",\"dateModified\":\"2024-10-05T17:45:52+00:00\",\"description\":\"Dr. Ortrud Kracht ist seit \u00fcber 20 Jahren auf die Beratung von Unternehmen der Pflanzenschutzindustrie, der D\u00fcngemittelindustrie sowie der chemischen Industrie spezialisiert. Sie ber\u00e4t diese bei regulatorischen Fragestellungen und im Vertragsrecht, insbesondere bei der Gestaltung von Konsortial- und Lizenzvertr\u00e4gen. Mandanten sch\u00e4tzen ihre tiefe Branchenkenntnis und Fachexpertise sowie ihr besonderes Verst\u00e4ndnis f\u00fcr die Unternehmenspraxis, das aus ihrer langj\u00e4hrigen T\u00e4tigkeit in den Rechtsabteilungen f\u00fchrender Unternehmen der chemischen Industrie und Pflanzenschutzindustrie resultiert.Dr. Kracht beteiligt sich in Verbandsgremien sowie durch Vortr\u00e4ge auf deutschen und internationalen Fachtagungen an der Diskussion relevanter Rechtsfragen sowie der Fortentwicklung der von ihr betreuten Rechtsgebieten.\",\"breadcrumb\":{\"@id\":\"https:\\\/\\\/oklp.de\\\/rechtsanwaeltin-dr-ortrud-kracht\\\/#breadcrumb\"},\"inLanguage\":\"en-US\",\"potentialAction\":[{\"@type\":\"ReadAction\",\"target\":[\"https:\\\/\\\/oklp.de\\\/rechtsanwaeltin-dr-ortrud-kracht\\\/\"]}]},{\"@type\":\"BreadcrumbList\",\"@id\":\"https:\\\/\\\/oklp.de\\\/rechtsanwaeltin-dr-ortrud-kracht\\\/#breadcrumb\",\"itemListElement\":[{\"@type\":\"ListItem\",\"position\":1,\"name\":\"Home\",\"item\":\"https:\\\/\\\/oklp.de\\\/\"},{\"@type\":\"ListItem\",\"position\":2,\"name\":\"Rechtsanw\u00e4ltin Dr. Ortrud Kracht\"}]},{\"@type\":\"WebSite\",\"@id\":\"https:\\\/\\\/oklp.de\\\/#website\",\"url\":\"https:\\\/\\\/oklp.de\\\/\",\"name\":\"okl &amp; partner Rechtsanw\u00e4lte PartG mbB\",\"description\":\"\",\"publisher\":{\"@id\":\"https:\\\/\\\/oklp.de\\\/#organization\"},\"potentialAction\":[{\"@type\":\"SearchAction\",\"target\":{\"@type\":\"EntryPoint\",\"urlTemplate\":\"https:\\\/\\\/oklp.de\\\/?s={search_term_string}\"},\"query-input\":{\"@type\":\"PropertyValueSpecification\",\"valueRequired\":true,\"valueName\":\"search_term_string\"}}],\"inLanguage\":\"en-US\"},{\"@type\":\"Organization\",\"@id\":\"https:\\\/\\\/oklp.de\\\/#organization\",\"name\":\"okl & partner Rechtsanw\u00e4lte PartG mbB\",\"url\":\"https:\\\/\\\/oklp.de\\\/\",\"logo\":{\"@type\":\"ImageObject\",\"inLanguage\":\"en-US\",\"@id\":\"https:\\\/\\\/oklp.de\\\/#\\\/schema\\\/logo\\\/image\\\/\",\"url\":\"https:\\\/\\\/oklp.de\\\/wp-content\\\/uploads\\\/2021\\\/12\\\/Prima\u0308r_OKLP_Logo_CMYK-1.png\",\"contentUrl\":\"https:\\\/\\\/oklp.de\\\/wp-content\\\/uploads\\\/2021\\\/12\\\/Prima\u0308r_OKLP_Logo_CMYK-1.png\",\"width\":904,\"height\":286,\"caption\":\"okl & partner Rechtsanw\u00e4lte PartG mbB\"},\"image\":{\"@id\":\"https:\\\/\\\/oklp.de\\\/#\\\/schema\\\/logo\\\/image\\\/\"}}]}<\/script>\n<!-- \/ Yoast SEO plugin. -->","yoast_head_json":{"title":"Rechts\u00adan\u00adw\u00e4l\u00adtin Dr. Ortrud Kracht \u2013 okl &amp;&nbsp;part\u00adner Rechts\u00adan\u00adw\u00e4l\u00adte PartG&nbsp;mbB","description":"Dr. Ortrud Kracht ist seit \u00fcber 20 Jah\u00adren auf die Bera\u00adtung von Unter\u00adneh\u00admen der Pflan\u00adzen\u00adschutz\u00adin\u00addus\u00adtrie, der D\u00fcn\u00adge\u00admit\u00adtel\u00adin\u00addus\u00adtrie sowie der che\u00admi\u00adschen Indus\u00adtrie spe\u00adzia\u00adli\u00adsiert. Sie ber\u00e4t die\u00adse bei regu\u00adla\u00adto\u00adri\u00adschen Fra\u00adge\u00adstel\u00adlun\u00adgen und im Ver\u00adtrags\u00adrecht, ins\u00adbe\u00adson\u00adde\u00adre bei der Gestal\u00adtung von Kon\u00adsor\u00adti\u00adal- und Lizenz\u00adver\u00adtr\u00e4\u00adgen. Man\u00addan\u00adten sch\u00e4t\u00adzen ihre tie\u00adfe Bran\u00adchen\u00adkennt\u00adnis und Fach\u00adex\u00adper\u00adti\u00adse sowie ihr beson\u00adde\u00adres Ver\u00adst\u00e4nd\u00adnis f\u00fcr die Unter\u00adneh\u00admens\u00adpra\u00adxis, das aus ihrer lang\u00adj\u00e4h\u00adri\u00adgen T\u00e4tig\u00adkeit in den Rechts\u00adab\u00adtei\u00adlun\u00adgen f\u00fch\u00adren\u00adder Unter\u00adneh\u00admen der che\u00admi\u00adschen Indus\u00adtrie und Pflan\u00adzen\u00adschutz\u00adin\u00addus\u00adtrie resultiert.Dr. Kracht betei\u00adligt sich in Ver\u00adbands\u00adgre\u00admi\u00aden sowie durch Vortr\u00e4ge auf deut\u00adschen und inter\u00adna\u00adtio\u00adna\u00adlen Fach\u00adta\u00adgun\u00adgen an der Dis\u00adkus\u00adsi\u00adon rele\u00advan\u00adter Rechts\u00adfra\u00adgen sowie der Fort\u00adent\u00adwick\u00adlung der von ihr betreu\u00adten Rechtsgebieten.","robots":{"index":"index","follow":"follow","max-snippet":"max-snippet:-1","max-image-preview":"max-image-preview:large","max-video-preview":"max-video-preview:-1"},"canonical":"https:\/\/oklp.de\/en\/rechtsanwaeltin-dr-ortrud-kracht\/","og_locale":"en_US","og_type":"article","og_title":"Rechtsanw\u00e4ltin Dr. Ortrud Kracht - okl &amp; partner Rechtsanw\u00e4lte PartG mbB","og_description":"Dr. Ortrud Kracht ist seit \u00fcber 20 Jahren auf die Beratung von Unternehmen der Pflanzenschutzindustrie, der D\u00fcngemittelindustrie sowie der chemischen Industrie spezialisiert. Sie ber\u00e4t diese bei regulatorischen Fragestellungen und im Vertragsrecht, insbesondere bei der Gestaltung von Konsortial- und Lizenzvertr\u00e4gen. Mandanten sch\u00e4tzen ihre tiefe Branchenkenntnis und Fachexpertise sowie ihr besonderes Verst\u00e4ndnis f\u00fcr die Unternehmenspraxis, das aus ihrer langj\u00e4hrigen T\u00e4tigkeit in den Rechtsabteilungen f\u00fchrender Unternehmen der chemischen Industrie und Pflanzenschutzindustrie resultiert.Dr. Kracht beteiligt sich in Verbandsgremien sowie durch Vortr\u00e4ge auf deutschen und internationalen Fachtagungen an der Diskussion relevanter Rechtsfragen sowie der Fortentwicklung der von ihr betreuten Rechtsgebieten.","og_url":"https:\/\/oklp.de\/en\/rechtsanwaeltin-dr-ortrud-kracht\/","og_site_name":"okl &amp; partner Rechtsanw\u00e4lte PartG mbB","article_modified_time":"2024-10-05T17:45:52+00:00","twitter_card":"summary_large_image","twitter_misc":{"Est. reading time":"5 minutes"},"schema":{"@context":"https:\/\/schema.org","@graph":[{"@type":"WebPage","@id":"https:\/\/oklp.de\/rechtsanwaeltin-dr-ortrud-kracht\/","url":"https:\/\/oklp.de\/rechtsanwaeltin-dr-ortrud-kracht\/","name":"Rechts\u00adan\u00adw\u00e4l\u00adtin Dr. Ortrud Kracht \u2013 okl &amp;&nbsp;part\u00adner Rechts\u00adan\u00adw\u00e4l\u00adte PartG&nbsp;mbB","isPartOf":{"@id":"https:\/\/oklp.de\/#website"},"datePublished":"2022-04-17T19:54:07+00:00","dateModified":"2024-10-05T17:45:52+00:00","description":"Dr. Ortrud Kracht ist seit \u00fcber 20 Jah\u00adren auf die Bera\u00adtung von Unter\u00adneh\u00admen der Pflan\u00adzen\u00adschutz\u00adin\u00addus\u00adtrie, der D\u00fcn\u00adge\u00admit\u00adtel\u00adin\u00addus\u00adtrie sowie der che\u00admi\u00adschen Indus\u00adtrie spe\u00adzia\u00adli\u00adsiert. Sie ber\u00e4t die\u00adse bei regu\u00adla\u00adto\u00adri\u00adschen Fra\u00adge\u00adstel\u00adlun\u00adgen und im Ver\u00adtrags\u00adrecht, ins\u00adbe\u00adson\u00adde\u00adre bei der Gestal\u00adtung von Kon\u00adsor\u00adti\u00adal- und Lizenz\u00adver\u00adtr\u00e4\u00adgen. Man\u00addan\u00adten sch\u00e4t\u00adzen ihre tie\u00adfe Bran\u00adchen\u00adkennt\u00adnis und Fach\u00adex\u00adper\u00adti\u00adse sowie ihr beson\u00adde\u00adres Ver\u00adst\u00e4nd\u00adnis f\u00fcr die Unter\u00adneh\u00admens\u00adpra\u00adxis, das aus ihrer lang\u00adj\u00e4h\u00adri\u00adgen T\u00e4tig\u00adkeit in den Rechts\u00adab\u00adtei\u00adlun\u00adgen f\u00fch\u00adren\u00adder Unter\u00adneh\u00admen der che\u00admi\u00adschen Indus\u00adtrie und Pflan\u00adzen\u00adschutz\u00adin\u00addus\u00adtrie resultiert.Dr. Kracht betei\u00adligt sich in Ver\u00adbands\u00adgre\u00admi\u00aden sowie durch Vortr\u00e4ge auf deut\u00adschen und inter\u00adna\u00adtio\u00adna\u00adlen Fach\u00adta\u00adgun\u00adgen an der Dis\u00adkus\u00adsi\u00adon rele\u00advan\u00adter Rechts\u00adfra\u00adgen sowie der Fort\u00adent\u00adwick\u00adlung der von ihr betreu\u00adten Rechtsgebieten.","breadcrumb":{"@id":"https:\/\/oklp.de\/rechtsanwaeltin-dr-ortrud-kracht\/#breadcrumb"},"inLanguage":"en-US","potentialAction":[{"@type":"ReadAction","target":["https:\/\/oklp.de\/rechtsanwaeltin-dr-ortrud-kracht\/"]}]},{"@type":"BreadcrumbList","@id":"https:\/\/oklp.de\/rechtsanwaeltin-dr-ortrud-kracht\/#breadcrumb","itemListElement":[{"@type":"ListItem","position":1,"name":"Home","item":"https:\/\/oklp.de\/"},{"@type":"ListItem","position":2,"name":"Rechtsanw\u00e4ltin Dr. Ortrud Kracht"}]},{"@type":"WebSite","@id":"https:\/\/oklp.de\/#website","url":"https:\/\/oklp.de\/","name":"okl &amp;&nbsp;part\u00adner Rechts\u00adan\u00adw\u00e4l\u00adte PartG&nbsp;mbB","description":"","publisher":{"@id":"https:\/\/oklp.de\/#organization"},"potentialAction":[{"@type":"SearchAction","target":{"@type":"EntryPoint","urlTemplate":"https:\/\/oklp.de\/?s={search_term_string}"},"query-input":{"@type":"PropertyValueSpecification","valueRequired":true,"valueName":"search_term_string"}}],"inLanguage":"en-US"},{"@type":"Organization","@id":"https:\/\/oklp.de\/#organization","name":"okl &amp;&nbsp;part\u00adner Rechts\u00adan\u00adw\u00e4l\u00adte PartG&nbsp;mbB","url":"https:\/\/oklp.de\/","logo":{"@type":"ImageObject","inLanguage":"en-US","@id":"https:\/\/oklp.de\/#\/schema\/logo\/image\/","url":"https:\/\/oklp.de\/wp-content\/uploads\/2021\/12\/Prima\u0308r_OKLP_Logo_CMYK-1.png","contentUrl":"https:\/\/oklp.de\/wp-content\/uploads\/2021\/12\/Prima\u0308r_OKLP_Logo_CMYK-1.png","width":904,"height":286,"caption":"okl & partner Rechtsanw\u00e4lte PartG mbB"},"image":{"@id":"https:\/\/oklp.de\/#\/schema\/logo\/image\/"}}]}},"_links":{"self":[{"href":"https:\/\/oklp.de\/en\/wp-json\/wp\/v2\/pages\/1000","targetHints":{"allow":["GET"]}}],"collection":[{"href":"https:\/\/oklp.de\/en\/wp-json\/wp\/v2\/pages"}],"about":[{"href":"https:\/\/oklp.de\/en\/wp-json\/wp\/v2\/types\/page"}],"author":[{"embeddable":true,"href":"https:\/\/oklp.de\/en\/wp-json\/wp\/v2\/users\/1"}],"replies":[{"embeddable":true,"href":"https:\/\/oklp.de\/en\/wp-json\/wp\/v2\/comments?post=1000"}],"version-history":[{"count":7,"href":"https:\/\/oklp.de\/en\/wp-json\/wp\/v2\/pages\/1000\/revisions"}],"predecessor-version":[{"id":2057,"href":"https:\/\/oklp.de\/en\/wp-json\/wp\/v2\/pages\/1000\/revisions\/2057"}],"wp:attachment":[{"href":"https:\/\/oklp.de\/en\/wp-json\/wp\/v2\/media?parent=1000"}],"curies":[{"name":"wp","href":"https:\/\/api.w.org\/{rel}","templated":true}]}}