{"id":1004,"date":"2022-04-17T20:00:52","date_gmt":"2022-04-17T20:00:52","guid":{"rendered":"https:\/\/oklp.de\/?page_id=1004"},"modified":"2026-03-24T14:03:56","modified_gmt":"2026-03-24T14:03:56","slug":"rechtsanwalt-dr-bernhard-linnartz","status":"publish","type":"page","link":"https:\/\/oklp.de\/en\/rechtsanwalt-dr-bernhard-linnartz\/","title":{"rendered":"Rechts\u00adan\u00adwalt Dr. Bern\u00adhard Linnartz"},"content":{"rendered":"\n\t\t<div id=\"fws_69ef87b5bef29\"  data-column-margin=\"default\" data-midnight=\"dark\"  class=\"wpb_row vc_row-fluid vc_row has-row-bg-color\"  style=\"padding-top: 80px; padding-bottom: 15px; --row-bg-color: #000000;\"><div class=\"row-bg-wrap\" data-bg-animation=\"none\" data-bg-animation-delay=\"\" data-bg-overlay=\"false\"><div class=\"inner-wrap row-bg-layer\" ><div class=\"row-bg viewport-desktop using-bg-color\"  style=\"background-color: #000000; \"><\/div><\/div><\/div><div class=\"row_col_wrap_12 col span_12 dark left\">\n\t<div  class=\"vc_col-sm-1\/5 wpb_column column_container vc_column_container col no-extra-padding inherit_tablet inherit_phone flex_gap_desktop_10px \"  data-padding-pos=\"all\" data-has-bg-color=\"false\" data-bg-color=\"\" data-bg-opacity=\"1\" data-animation=\"\" data-delay=\"0\" >\n\t\t<div class=\"vc_column-inner\" >\n\t\t\t<div class=\"wpb_wrapper\">\n\t\t\t\t\n\t\t\t<\/div> \n\t\t<\/div>\n\t<\/div> \n\n\t<div style=\" color: #ffffff;\" class=\"vc_col-sm-3\/5 wpb_column column_container vc_column_container col no-extra-padding inherit_tablet inherit_phone flex_gap_desktop_10px \" data-cfc=\"true\"  data-padding-pos=\"all\" data-has-bg-color=\"false\" data-bg-color=\"\" data-bg-opacity=\"1\" data-animation=\"\" data-delay=\"0\" >\n\t\t<div class=\"vc_column-inner\" >\n\t\t\t<div class=\"wpb_wrapper\">\n\t\t\t\t\n<div class=\"wpb_text_column wpb_content_element \" >\n\t<p>Dr. Bernhard Linnartz ist ein erfahrener Berater im Planungs- und Fachplanungsrecht, vor allem im Zusammenhang mit gro\u00dfen Infrastrukturvorhaben des Energie- und Verkehrssektors. Er ist ausgewiesener Experte im anlagenbezogenen Immissionsschutz-\u00ad, Wasser- und Naturschutzrecht. Er ber\u00e4t Vorhabentr\u00e4ger, Beh\u00f6rden und Unternehmen in Planfeststellungsverfahren und anderen Genehmigungsverfahren f\u00fcr Infrastrukturprojekte und Industrieanlagen. Seine Mandanten sch\u00e4tzen besonders seine Expertise in technik-rechtlichen Fragen.<\/p>\n<p>Dr. Bernhard Linnartz ver\u00f6ffentlicht regelm\u00e4\u00dfig in rechtswissenschaftlichen Fachmedien und h\u00e4lt Vortr\u00e4ge zu umwelt- und planungsrechtlichen Themen.<\/p>\n<\/div>\n\n\n\n\n\t\t\t<\/div> \n\t\t<\/div>\n\t<\/div> \n\n\t<div  class=\"vc_col-sm-1\/5 wpb_column column_container vc_column_container col no-extra-padding inherit_tablet inherit_phone flex_gap_desktop_10px \"  data-padding-pos=\"all\" data-has-bg-color=\"false\" data-bg-color=\"\" data-bg-opacity=\"1\" data-animation=\"\" data-delay=\"0\" >\n\t\t<div class=\"vc_column-inner\" >\n\t\t\t<div class=\"wpb_wrapper\">\n\t\t\t\t\n\t\t\t<\/div> \n\t\t<\/div>\n\t<\/div> \n<\/div><\/div>\n\t\t<div id=\"fws_69ef87b5bf2e7\"  data-column-margin=\"default\" data-midnight=\"light\"  class=\"wpb_row vc_row-fluid vc_row has-row-bg-color\"  style=\"padding-top: 40px; padding-bottom: 30px; --row-bg-color: #000000;\"><div class=\"row-bg-wrap\" data-bg-animation=\"none\" data-bg-animation-delay=\"\" data-bg-overlay=\"false\"><div class=\"inner-wrap row-bg-layer\" ><div class=\"row-bg viewport-desktop using-bg-color\"  style=\"background-color: #000000; \"><\/div><\/div><\/div><div class=\"row_col_wrap_12 col span_12 light left\">\n\t<div  class=\"vc_col-sm-1\/5 wpb_column column_container vc_column_container col no-extra-padding inherit_tablet inherit_phone flex_gap_desktop_10px \"  data-padding-pos=\"all\" data-has-bg-color=\"false\" data-bg-color=\"\" data-bg-opacity=\"1\" data-animation=\"\" data-delay=\"0\" >\n\t\t<div class=\"vc_column-inner\" >\n\t\t\t<div class=\"wpb_wrapper\">\n\t\t\t\t\n\t\t\t<\/div> \n\t\t<\/div>\n\t<\/div> \n\n\t<div style=\" color: #ffffff;\" class=\"vc_col-sm-3\/5 wpb_column column_container vc_column_container col no-extra-padding inherit_tablet inherit_phone flex_gap_desktop_10px \" data-cfc=\"true\"  data-padding-pos=\"all\" data-has-bg-color=\"false\" data-bg-color=\"\" data-bg-opacity=\"1\" data-animation=\"\" data-delay=\"0\" >\n\t\t<div class=\"vc_column-inner\" >\n\t\t\t<div class=\"wpb_wrapper\">\n\t\t\t\t<div class=\"toggles \" data-br=\"\" data-starting=\"default\" data-style=\"minimal_small\"><div class=\"toggle accent-color\" data-inner-wrap=\"true\"><h3 class=\"toggle-title\"><a href=\"#\" role=\"button\" class=\"toggle-heading\"><i role=\"presentation\" class=\"fa fa-plus\"><\/i>Lebenslauf<\/a><\/h3><div><div class=\"inner-toggle-wrap\">\n<div class=\"wpb_text_column wpb_content_element \" >\n\t<p>Studium der Rechtswissenschaften in Bonn<\/p>\n<p>Rechtsreferendariat u.a. mit Station beim Bundesverfassungsgericht<\/p>\n<p>Wissenschaftlicher Mitarbeiter an den Universit\u00e4ten Bonn, Luzern und Trier (Institut f\u00fcr Umwelt- und Technikrecht, IUTR)<\/p>\n<p>Promotion mit einer Arbeit im europ\u00e4ischen Umweltrecht an der Universit\u00e4t Bonn bei Prof. Dr. Dr. Wolfgang Durner LL.M.<\/p>\n<p>Zulassung als Rechtsanwalt 2014<\/p>\n<p>T\u00e4tigkeit als Rechtsanwalt im Umwelt- und Planungsrecht in mehreren bundesweit t\u00e4tigen Anwaltssoziet\u00e4ten in K\u00f6ln, M\u00fcnchen und Berlin<\/p>\n<p>Seit 2022: Rechtsanwalt in der Soziet\u00e4t okl &amp; partner, B\u00fcro Berlin<\/p>\n<p>Seit 7\/2023: Partner der Soziet\u00e4t okl &amp; partner, B\u00fcro Berlin<\/p>\n<p>Mitglied der Gesellschaft f\u00fcr Umweltrecht e.V.<\/p>\n<\/div>\n\n\n\n<\/div><\/div><\/div><div class=\"toggle accent-color\" data-inner-wrap=\"true\"><h3 class=\"toggle-title\"><a href=\"#\" role=\"button\" class=\"toggle-heading\"><i role=\"presentation\" class=\"fa fa-plus\"><\/i>Ver\u00f6ffentlichungen<\/a><\/h3><div><div class=\"inner-toggle-wrap\">\n<div class=\"wpb_text_column wpb_content_element \" >\n\t<p><strong>Die neue TA Luft 2021, Textausgabe mit Schnelleinstieg<\/strong>,<br \/>\n1. Auflage 2022, 490 S., Rehm Verlag (zugleich enthalten in Feldhaus (Hrsg.), Bundesimmissionsschutzrecht, Kommentar (Mitautor).<\/p>\n<p><strong>Zur Frage der Einwendungsfrist in wasserrechtlichen Erlaubnisverfahren f\u00fcr Industriekl\u00e4ranlagen,<\/strong><br \/>\nin: Umweltrechtliche Beitr\u00e4ge aus Wissenschaft und Praxis (UWP) 2022, S. 47 ff. [gemeinsam mit S. Kopp-Assenmacher]<\/p>\n<p><strong>Von den Schwierigkeiten bei der Umsetzung des europ\u00e4ischen Umweltqualit\u00e4tsrechts \u2013 oder der M\u00f6glichkeit eines Perspektivwechsels. Zur Anerkennung von Irrelevanzschwellen bei der Anlagenzulassung,<br \/>\n<\/strong>in: Zeitschrift f\u00fcr Europ\u00e4isches Umwelt und Planungsrecht (EurUP) 2021, S. 284\u00a0ff.<\/p>\n<p><strong>Erhaltung der nat\u00fcrlichen Lebensr\u00e4ume sowie der wildlebenden Tiere und Pflanzen \u2013 Geplanter Kahlschlag. Anmerkung zu EuGH, Urt. v. 4.3.2021, Rs. C-\u00ad473\/19 u.a. (Skydda Skogen<\/strong>),<br \/>\nin: Umweltrechtliche Beitr\u00e4ge aus Wissenschaft und Praxis (UWP) 2021, S. 156\u00a0ff.<\/p>\n<p><strong>Normkonkretisierende Irrelevanzschwellen umweltqualit\u00e4tsrechtlicher Beeintr\u00e4chtigungsverbote f\u00fcr schadstoffemittierende Anlagen \u2013 Anlass, Zul\u00e4ssigkeit und Gestaltungskompetenz aus der Perspektive des Unionsrechts,<br \/>\n<\/strong>in: Schriften zum Umweltrecht, Bd. 195, 2021, 333 S., Duncker &amp; Humblot.<\/p>\n<p><strong>Verschlechterungsverbot und Verbesserungsgebot in der Zulassungspraxis \u2013 Zugleich eine Anmerkung zu BVerwG, Urteil vom 2.11.2017 \u2013 7 C 25.12 (Kraftwerk Staudinger),<br \/>\n<\/strong>in: Zeitschrift f\u00fcr Deutsches und Europ\u00e4isches Wasser-\u00ad, Abwasser- und Bodenschutzrecht (W+B) 2018, S. 75 ff., [gemeinsam mit W. Durner].<\/p>\n<p><strong>Das Urteil des VG D\u00fcsseldorf vom 13.9.2016, Az. 3 K 7695\/15 zum Luftreinhalteplan D\u00fcsseldorf \u2013 Analyse und kritische Auseinandersetzung,<br \/>\n<\/strong>in: Umwelt- und Planungsrecht (UPR) 2017, S. 86\u00a0ff.<\/p>\n<p><strong>Einf\u00fchrung in das Boden- und Wasserrecht<\/strong>,<br \/>\nin: Schmitz (Hrsg.), Umweltrechtliche Rahmenbedingungen der Metallwirtschaft, 2017, S. 137\u00a0ff.<\/p>\n<p><strong>Planungsrecht im Umbruch: Europ\u00e4ische Herausforderungen \u2013 Bericht \u00fcber das 31. Trierer Kolloquium zum Umwelt- und Technikrecht<\/strong> <strong>2016,<br \/>\n<\/strong>in: DVBl. 2017, S. 164\u00a0ff. [gemeinsam mit A. Fredel].<\/p>\n<p><strong>Das geplante R\u00fcckbau- und Entsorgungskostennachhaftungsgesetz \u2013 Bericht \u00fcber den Workshop des IUTR mit Hengeler Mueller am 8.4.2016 in Frankfurt am Main<\/strong>,<br \/>\nin: Deutsches Verwaltungsblatt (DVBl) 2016, S. 1178\u00a0ff.<\/p>\n<p><strong>Einheit der Prozessrechtswissenschaft? Bericht \u00fcber die Tagung junger Prozessrechtswissenschaftler am 18.\/19. September 2015 in K\u00f6ln,<br \/>\n<\/strong>in: JuristenZeitung (JZ) 2016, S. 566\u00a0ff. [gemeinsam mit G. Albers und J. Sch\u00f6pper].<\/p>\n<p><strong>Eigentum im Wasserrecht \u2013 Bericht \u00fcber das Symposium des Instituts f\u00fcr das Recht der Wasser- und Entsorgungswirtschaft (IRWE) am 6.4.2016 in Bonn,<br \/>\n<\/strong>in: Zeitschrift f\u00fcr Deutsches und Europ\u00e4isches Wasser-, Abwasser- und Bodenschutzrecht (W+B) 2016, S. 159\u00a0ff. [gemeinsam mit L. Knappe].<\/p>\n<p><strong>Die Mutter aller Wasserrechtsf\u00e4lle \u2013 Kolloquium des IRWE am 19.10.2015 in Bonn zum Weservertiefungsurteil des EuGH<\/strong>,<br \/>\nin: Natur und Recht (NuR) 2016, S. 179\u00a0ff.<\/p>\n<p><strong>Die Bedeutung der Wasserrahmenrichtlinie f\u00fcr Wassernutzungsabgaben, Analyse des Urteils des EuGH zu Art. 9 WRRL,<br \/>\n<\/strong>in: Zeitschrift f\u00fcr Gesteinsperspektiven 2015, S. 11\u00a0ff.<\/p>\n<p><strong>Schrifttum und Rechtsprechung des Wasserrechts (SUR),<br \/>\n<\/strong>in: Sonderhefte der Zeitschrift f\u00fcr Wasserrecht (ZFW) 2007 \u2013 2010 [gemeinsam mit W. Durner u.a.].<\/p>\n<\/div>\n\n\n\n<\/div><\/div><\/div><div class=\"toggle accent-color\" data-inner-wrap=\"true\"><h3 class=\"toggle-title\"><a href=\"#\" role=\"button\" class=\"toggle-heading\"><i role=\"presentation\" class=\"fa fa-plus\"><\/i>Vortr\u00e4ge<\/a><\/h3><div><div class=\"inner-toggle-wrap\">\n<div class=\"wpb_text_column wpb_content_element \" >\n\t<p><strong>Die wasserrechtlichen Einleiterlaubnisse f\u00fcr die LNG-Terminals in Wilhelmshaven \u2013 Messen mit zweierlei Ma\u00df oder gebotene Differenzierung nach dem \u201eStand der Technik\u201c?,<\/strong><br \/>\n391. Wasserrechtliches Kolloquium des Instituts f\u00fcr das Recht der Wasser- und Entsorgungswirtschaft an der Universit\u00e4t Bonn, 17. 10.2025, Bonn.<\/p>\n<p><strong>TA Luft 2021 \u2013 Anmerkungen zu ausgew\u00e4hlten Neuregelungen aus rechtlicher Sicht,<br \/>\n<\/strong>Forum Immissionsschutzrecht, 04.04 2022, Industrieclub D\u00fcsseldorf.<\/p>\n<p><strong>Umsetzung der BVT-Schlussfolgerungen f\u00fcr Abfallverbrennungsanlagen in der 17. BImSchV,<br \/>\n<\/strong>Berliner Kl\u00e4rschlammkonferenz, 16.11.2021, Berlin.<\/p>\n<p><strong>Wasserrechtliches Verschlechterungsverbot und Verbesserungsgebot im dritten Bewirtschaftungszyklus &#8211; Handlungsspielr\u00e4ume f\u00fcr Vorhabentr\u00e4ger,<br \/>\n<\/strong>UWP Forum Umweltrecht: Fokusthema Wasserwirtschaft, 08. 10.2021, Online.<\/p>\n<p><strong>Rationale Handhabung der Immissionsprognose \u2013 \u201eIrrelevanzschwellen\u201c f\u00fcr die Anlagenzulassung im qualit\u00e4tsorientierten Umweltrecht,<br \/>\n<\/strong>345. Wasserrechtliches Kolloquium des Instituts f\u00fcr das Recht der Wasser- und Entsorgungswirtschaft an der Universit\u00e4t Bonn, 17. 11.2017, Bonn.<\/p>\n<\/div>\n\n\n\n<\/div><\/div><\/div><div class=\"toggle accent-color\" data-inner-wrap=\"true\"><h3 class=\"toggle-title\"><a href=\"#\" role=\"button\" class=\"toggle-heading\"><i role=\"presentation\" class=\"fa fa-plus\"><\/i>Ausgew\u00e4hlte Mandate<\/a><\/h3><div><div class=\"inner-toggle-wrap\">\n<div class=\"wpb_text_column wpb_content_element \" >\n\t<p>LNG-Terminal Wilhelmshaven I (\u201eH\u00f6egh Esperanza\u201c), Beratung der Planfeststellungs- und wasserrechtlichen Erlaubnisbeh\u00f6rde (Federf\u00fchrung)<\/p>\n<p style=\"padding-left: 40px\">Prozessvertretung der wasserrechtlichen Erlaubnisbeh\u00f6rde, BVerwG, Urt. v. 19.12.2024, Az. 7 A 14.23 (Stand der Technik), BVerwGE 184, 227\u200a\u2013\u200a241<\/p>\n<p>LNG-Terminal Wilhelmshaven II (\u201eExcelsior\u201c), Beratung der Planfeststellungs- und wasserrechtlichen Erlaubnisbeh\u00f6rde (Federf\u00fchrung)<\/p>\n<p>\u00dcbertragungsnetzbetreiber TenneT: Beratung zu verschiedenen Planfeststellungs- und Zulassungsverfahren f\u00fcr Stromnetzausbauprojekte<\/p>\n<\/div>\n\n\n\n<\/div><\/div><\/div><\/div>\n\t\t\t<\/div> \n\t\t<\/div>\n\t<\/div> \n\n\t<div  class=\"vc_col-sm-1\/5 wpb_column column_container vc_column_container col no-extra-padding inherit_tablet inherit_phone flex_gap_desktop_10px \"  data-padding-pos=\"all\" data-has-bg-color=\"false\" data-bg-color=\"\" data-bg-opacity=\"1\" data-animation=\"\" data-delay=\"0\" >\n\t\t<div class=\"vc_column-inner\" >\n\t\t\t<div class=\"wpb_wrapper\">\n\t\t\t\t\n\t\t\t<\/div> \n\t\t<\/div>\n\t<\/div> \n<\/div><\/div>\n\t\t<div id=\"fws_69ef87b5bff3b\"  data-column-margin=\"default\" data-midnight=\"light\"  class=\"wpb_row vc_row-fluid vc_row has-row-bg-color\"  style=\"padding-top: 0px; padding-bottom: 40px; --row-bg-color: #000000;\"><div class=\"row-bg-wrap\" data-bg-animation=\"none\" data-bg-animation-delay=\"\" data-bg-overlay=\"false\"><div class=\"inner-wrap row-bg-layer\" ><div class=\"row-bg viewport-desktop using-bg-color\"  style=\"background-color: #000000; \"><\/div><\/div><\/div><div class=\"row_col_wrap_12 col span_12 light left\">\n\t<div  class=\"vc_col-sm-1\/5 wpb_column column_container vc_column_container col no-extra-padding inherit_tablet inherit_phone flex_gap_desktop_10px \"  data-padding-pos=\"all\" data-has-bg-color=\"false\" data-bg-color=\"\" data-bg-opacity=\"1\" data-animation=\"\" data-delay=\"0\" >\n\t\t<div class=\"vc_column-inner\" >\n\t\t\t<div class=\"wpb_wrapper\">\n\t\t\t\t\n\t\t\t<\/div> \n\t\t<\/div>\n\t<\/div> \n\n\t<div  class=\"vc_col-sm-4\/5 wpb_column column_container vc_column_container col no-extra-padding inherit_tablet inherit_phone flex_gap_desktop_10px \"  data-padding-pos=\"all\" data-has-bg-color=\"false\" data-bg-color=\"\" data-bg-opacity=\"1\" data-animation=\"\" data-delay=\"0\" >\n\t\t<div class=\"vc_column-inner\" >\n\t\t\t<div class=\"wpb_wrapper\">\n\t\t\t\t<div id=\"fws_69ef87b5c00b2\" data-midnight=\"\" data-column-margin=\"default\" class=\"wpb_row vc_row-fluid vc_row inner_row\"  style=\"\"><div class=\"row-bg-wrap\"> <div class=\"row-bg\" ><\/div> <\/div><div class=\"row_col_wrap_12_inner col span_12  left\">\n\t<div  class=\"vc_col-sm-4 wpb_column column_container vc_column_container col child_column no-extra-padding inherit_tablet inherit_phone flex_gap_desktop_10px \"   data-padding-pos=\"all\" data-has-bg-color=\"false\" data-bg-color=\"\" data-bg-opacity=\"1\" data-animation=\"\" data-delay=\"0\" >\n\t\t<div class=\"vc_column-inner\" >\n\t\t<div class=\"wpb_wrapper\">\n\t\t\t<div class=\"img-with-aniamtion-wrap  custom-size\" data-max-width=\"100%\" data-max-width-mobile=\"default\" data-border-radius=\"10px\" data-shadow=\"none\" data-animation=\"fade-in\" >\n      <div class=\"inner\">\n        <div class=\"hover-wrap\" data-hover-animation=\"zoom\"> \n          <div class=\"hover-wrap-inner\">\n            <img loading=\"lazy\" decoding=\"async\" class=\"img-with-animation skip-lazy\" data-delay=\"0\" height=\"800\" width=\"800\" data-animation=\"fade-in\" src=\"https:\/\/oklp.de\/wp-content\/uploads\/2022\/09\/bernhard-linnartz-1-1.jpg\" alt=\"\" srcset=\"https:\/\/oklp.de\/wp-content\/uploads\/2022\/09\/bernhard-linnartz-1-1.jpg 800w, https:\/\/oklp.de\/wp-content\/uploads\/2022\/09\/bernhard-linnartz-1-1-300x300.jpg 300w, https:\/\/oklp.de\/wp-content\/uploads\/2022\/09\/bernhard-linnartz-1-1-150x150.jpg 150w, https:\/\/oklp.de\/wp-content\/uploads\/2022\/09\/bernhard-linnartz-1-1-768x768.jpg 768w, https:\/\/oklp.de\/wp-content\/uploads\/2022\/09\/bernhard-linnartz-1-1-100x100.jpg 100w, https:\/\/oklp.de\/wp-content\/uploads\/2022\/09\/bernhard-linnartz-1-1-140x140.jpg 140w, https:\/\/oklp.de\/wp-content\/uploads\/2022\/09\/bernhard-linnartz-1-1-500x500.jpg 500w, https:\/\/oklp.de\/wp-content\/uploads\/2022\/09\/bernhard-linnartz-1-1-350x350.jpg 350w\" sizes=\"auto, (max-width: 800px) 100vw, 800px\" \/>\n          <\/div>\n        <\/div>\n        \n      <\/div>\n    <\/div>\n\t\t<\/div> \n\t<\/div>\n\t<\/div> \n\n\t<div  class=\"vc_col-sm-8 wpb_column column_container vc_column_container col child_column no-extra-padding inherit_tablet inherit_phone flex_gap_desktop_10px \"   data-padding-pos=\"all\" data-has-bg-color=\"false\" data-bg-color=\"\" data-bg-opacity=\"1\" data-animation=\"\" data-delay=\"0\" >\n\t\t<div class=\"vc_column-inner\" >\n\t\t<div class=\"wpb_wrapper\">\n\t\t\t\n<div class=\"wpb_text_column wpb_content_element \" >\n\t<h3>Rechtsanwalt<br \/>\nDr. Bernhard Linnartz<\/h3>\n<\/div>\n\n\n\n<div class=\"divider-wrap\" data-alignment=\"default\"><div style=\"margin-top: 12.5px; width: 20%; height: 1px; margin-bottom: 12.5px;\" data-width=\"20%\" data-animate=\"yes\" data-animation-delay=\"\" data-color=\"accent-color\" class=\"divider-small-border\"><\/div><\/div>\n<div class=\"wpb_text_column wpb_content_element \" >\n\t<p>+49 30 2577112-0<br \/>\nbernhard.linnartz@oklp.de<\/p>\n<\/div>\n\n\n\n<div class=\"nectar_icon_wrap \" data-style=\"default\" data-padding=\"0px\" data-color=\"accent-color\" style=\"\" >\n\t\t<div class=\"nectar_icon\" ><a href=\"https:\/\/www.linkedin.com\/in\/dr-bernhard-linnartz-773442265\/\" target=\"_blank\"><\/a><i style=\"font-size: 50px; line-height: 50px; height: 50px; width: 50px;\" class=\"fa fa-linkedin-square\"><\/i><\/div>\n\t<\/div>\n\t\t<\/div> \n\t<\/div>\n\t<\/div> \n<\/div><\/div>\n\t\t\t<\/div> \n\t\t<\/div>\n\t<\/div> \n<\/div><\/div>\n","protected":false},"excerpt":{"rendered":"Dr. Bern\u00adhard Linn\u00adartz ist ein erfah\u00adre\u00adner Bera\u00adter im Pla\u00adnungs- und Fach\u00adpla\u00adnungs\u00adrecht, vor allem im Zusam\u00admen\u00adhang mit gro\u00ad\u00dfen Infra\u00adstruk\u00adtur\u00advor\u00adha\u00adben des Ener\u00adgie- und Ver\u00adkehrs\u00adsek\u00adtors. Er ist aus\u00adge\u00adwie\u00adse\u00adner Exper\u00adte im anla\u00adgen\u00adbe\u00adzo\u00adge\u00adnen Immis\u00adsi\u00adons\u00adschutz-\u00ad, Wasser-\u2026","protected":false},"author":1,"featured_media":0,"parent":0,"menu_order":8,"comment_status":"closed","ping_status":"closed","template":"","meta":{"wp_typography_post_enhancements_disabled":false,"footnotes":""},"class_list":["post-1004","page","type-page","status-publish"],"yoast_head":"<!-- This site is optimized with the Yoast SEO plugin v27.4 - https:\/\/yoast.com\/product\/yoast-seo-wordpress\/ -->\n<title>Rechtsanwalt Dr. Bernhard Linnartz - okl &amp; partner Rechtsanw\u00e4lte PartG mbB<\/title>\n<meta name=\"description\" content=\"Dr. Bernhard Linnartz verf\u00fcgt \u00fcber mehrj\u00e4hrige anwaltliche Erfahrung im Planungsrecht, vor allem im Zusammenhang mit gro\u00dfen Infrastrukturvorhaben des Energie- und Verkehrssektors. Er ist ausgewiesener Experte im anlagenbezogenen Immissionsschutz-, Wasser- und Naturschutzrecht. Er ber\u00e4t zahlreiche Unternehmen in umweltrechtlichen Fragen des laufenden Anlagenbetriebs sowie private und \u00f6ffentliche Vorhabentr\u00e4ger in Genehmigungsverfahren und bei Infrastrukturprojekten. Seine Mandanten sch\u00e4tzen besonders seine Expertise in technik-rechtlichen Fragen.Dr. Bernhard Linnartz ver\u00f6ffentlicht regelm\u00e4\u00dfig in rechtswissenschaftlichen Fachmedien und h\u00e4lt Vortr\u00e4ge zu umwelt- und planungsrechtlichen Themen.\" \/>\n<meta name=\"robots\" content=\"index, follow, max-snippet:-1, max-image-preview:large, max-video-preview:-1\" \/>\n<link rel=\"canonical\" href=\"https:\/\/oklp.de\/en\/rechtsanwalt-dr-bernhard-linnartz\/\" \/>\n<meta property=\"og:locale\" content=\"en_US\" \/>\n<meta property=\"og:type\" content=\"article\" \/>\n<meta property=\"og:title\" content=\"Rechtsanwalt Dr. Bernhard Linnartz - okl &amp; partner Rechtsanw\u00e4lte PartG mbB\" \/>\n<meta property=\"og:description\" content=\"Dr. Bernhard Linnartz verf\u00fcgt \u00fcber mehrj\u00e4hrige anwaltliche Erfahrung im Planungsrecht, vor allem im Zusammenhang mit gro\u00dfen Infrastrukturvorhaben des Energie- und Verkehrssektors. Er ist ausgewiesener Experte im anlagenbezogenen Immissionsschutz-, Wasser- und Naturschutzrecht. Er ber\u00e4t zahlreiche Unternehmen in umweltrechtlichen Fragen des laufenden Anlagenbetriebs sowie private und \u00f6ffentliche Vorhabentr\u00e4ger in Genehmigungsverfahren und bei Infrastrukturprojekten. Seine Mandanten sch\u00e4tzen besonders seine Expertise in technik-rechtlichen Fragen.Dr. Bernhard Linnartz ver\u00f6ffentlicht regelm\u00e4\u00dfig in rechtswissenschaftlichen Fachmedien und h\u00e4lt Vortr\u00e4ge zu umwelt- und planungsrechtlichen Themen.\" \/>\n<meta property=\"og:url\" content=\"https:\/\/oklp.de\/en\/rechtsanwalt-dr-bernhard-linnartz\/\" \/>\n<meta property=\"og:site_name\" content=\"okl &amp; partner Rechtsanw\u00e4lte PartG mbB\" \/>\n<meta property=\"article:modified_time\" content=\"2026-03-24T14:03:56+00:00\" \/>\n<meta name=\"twitter:card\" content=\"summary_large_image\" \/>\n<meta name=\"twitter:label1\" content=\"Est. reading time\" \/>\n\t<meta name=\"twitter:data1\" content=\"7 minutes\" \/>\n<script type=\"application\/ld+json\" class=\"yoast-schema-graph\">{\"@context\":\"https:\\\/\\\/schema.org\",\"@graph\":[{\"@type\":\"WebPage\",\"@id\":\"https:\\\/\\\/oklp.de\\\/rechtsanwalt-dr-bernhard-linnartz\\\/\",\"url\":\"https:\\\/\\\/oklp.de\\\/rechtsanwalt-dr-bernhard-linnartz\\\/\",\"name\":\"Rechtsanwalt Dr. Bernhard Linnartz - okl &amp; partner Rechtsanw\u00e4lte PartG mbB\",\"isPartOf\":{\"@id\":\"https:\\\/\\\/oklp.de\\\/#website\"},\"datePublished\":\"2022-04-17T20:00:52+00:00\",\"dateModified\":\"2026-03-24T14:03:56+00:00\",\"description\":\"Dr. Bernhard Linnartz verf\u00fcgt \u00fcber mehrj\u00e4hrige anwaltliche Erfahrung im Planungsrecht, vor allem im Zusammenhang mit gro\u00dfen Infrastrukturvorhaben des Energie- und Verkehrssektors. Er ist ausgewiesener Experte im anlagenbezogenen Immissionsschutz-, Wasser- und Naturschutzrecht. Er ber\u00e4t zahlreiche Unternehmen in umweltrechtlichen Fragen des laufenden Anlagenbetriebs sowie private und \u00f6ffentliche Vorhabentr\u00e4ger in Genehmigungsverfahren und bei Infrastrukturprojekten. Seine Mandanten sch\u00e4tzen besonders seine Expertise in technik-rechtlichen Fragen.Dr. Bernhard Linnartz ver\u00f6ffentlicht regelm\u00e4\u00dfig in rechtswissenschaftlichen Fachmedien und h\u00e4lt Vortr\u00e4ge zu umwelt- und planungsrechtlichen Themen.\",\"breadcrumb\":{\"@id\":\"https:\\\/\\\/oklp.de\\\/rechtsanwalt-dr-bernhard-linnartz\\\/#breadcrumb\"},\"inLanguage\":\"en-US\",\"potentialAction\":[{\"@type\":\"ReadAction\",\"target\":[\"https:\\\/\\\/oklp.de\\\/rechtsanwalt-dr-bernhard-linnartz\\\/\"]}]},{\"@type\":\"BreadcrumbList\",\"@id\":\"https:\\\/\\\/oklp.de\\\/rechtsanwalt-dr-bernhard-linnartz\\\/#breadcrumb\",\"itemListElement\":[{\"@type\":\"ListItem\",\"position\":1,\"name\":\"Home\",\"item\":\"https:\\\/\\\/oklp.de\\\/\"},{\"@type\":\"ListItem\",\"position\":2,\"name\":\"Rechtsanwalt Dr. Bernhard Linnartz\"}]},{\"@type\":\"WebSite\",\"@id\":\"https:\\\/\\\/oklp.de\\\/#website\",\"url\":\"https:\\\/\\\/oklp.de\\\/\",\"name\":\"okl &amp; partner Rechtsanw\u00e4lte PartG mbB\",\"description\":\"\",\"publisher\":{\"@id\":\"https:\\\/\\\/oklp.de\\\/#organization\"},\"potentialAction\":[{\"@type\":\"SearchAction\",\"target\":{\"@type\":\"EntryPoint\",\"urlTemplate\":\"https:\\\/\\\/oklp.de\\\/?s={search_term_string}\"},\"query-input\":{\"@type\":\"PropertyValueSpecification\",\"valueRequired\":true,\"valueName\":\"search_term_string\"}}],\"inLanguage\":\"en-US\"},{\"@type\":\"Organization\",\"@id\":\"https:\\\/\\\/oklp.de\\\/#organization\",\"name\":\"okl & partner Rechtsanw\u00e4lte PartG mbB\",\"url\":\"https:\\\/\\\/oklp.de\\\/\",\"logo\":{\"@type\":\"ImageObject\",\"inLanguage\":\"en-US\",\"@id\":\"https:\\\/\\\/oklp.de\\\/#\\\/schema\\\/logo\\\/image\\\/\",\"url\":\"https:\\\/\\\/oklp.de\\\/wp-content\\\/uploads\\\/2021\\\/12\\\/Prima\u0308r_OKLP_Logo_CMYK-1.png\",\"contentUrl\":\"https:\\\/\\\/oklp.de\\\/wp-content\\\/uploads\\\/2021\\\/12\\\/Prima\u0308r_OKLP_Logo_CMYK-1.png\",\"width\":904,\"height\":286,\"caption\":\"okl & partner Rechtsanw\u00e4lte PartG mbB\"},\"image\":{\"@id\":\"https:\\\/\\\/oklp.de\\\/#\\\/schema\\\/logo\\\/image\\\/\"}}]}<\/script>\n<!-- \/ Yoast SEO plugin. -->","yoast_head_json":{"title":"Rechts\u00adan\u00adwalt Dr. Bern\u00adhard Linn\u00adartz \u2013 okl &amp;&nbsp;part\u00adner Rechts\u00adan\u00adw\u00e4l\u00adte PartG&nbsp;mbB","description":"Dr. Bern\u00adhard Linn\u00adartz ver\u00adf\u00fcgt \u00fcber mehr\u00adj\u00e4h\u00adri\u00adge anwalt\u00adli\u00adche Erfah\u00adrung im Pla\u00adnungs\u00adrecht, vor allem im Zusam\u00admen\u00adhang mit gro\u00ad\u00dfen Infra\u00adstruk\u00adtur\u00advor\u00adha\u00adben des Ener\u00adgie- und Ver\u00adkehrs\u00adsek\u00adtors. Er ist aus\u00adge\u00adwie\u00adse\u00adner Exper\u00adte im anla\u00adgen\u00adbe\u00adzo\u00adge\u00adnen Immissionsschutz\u2011, Was\u00adser- und Natur\u00adschutz\u00adrecht. Er ber\u00e4t zahl\u00adrei\u00adche Unter\u00adneh\u00admen in umwelt\u00adrecht\u00adli\u00adchen Fra\u00adgen des lau\u00adfen\u00adden Anla\u00adgen\u00adbe\u00adtriebs sowie pri\u00adva\u00adte und \u00f6ffent\u00adli\u00adche Vor\u00adha\u00adben\u00adtr\u00e4\u00adger in Geneh\u00admi\u00adgungs\u00adver\u00adfah\u00adren und bei Infra\u00adstruk\u00adtur\u00adpro\u00adjek\u00adten. Sei\u00adne Man\u00addan\u00adten sch\u00e4t\u00adzen beson\u00adders sei\u00adne Exper\u00adti\u00adse in tech\u00adnik-recht\u00adli\u00adchen Fragen.Dr. Bern\u00adhard Linn\u00adartz ver\u00ad\u00f6f\u00adfent\u00adlicht regel\u00adm\u00e4\u00ad\u00dfig in rechts\u00adwis\u00adsen\u00adschaft\u00adli\u00adchen Fach\u00adme\u00addi\u00aden und h\u00e4lt Vortr\u00e4ge zu umwelt- und pla\u00adnungs\u00adrecht\u00adli\u00adchen Themen.","robots":{"index":"index","follow":"follow","max-snippet":"max-snippet:-1","max-image-preview":"max-image-preview:large","max-video-preview":"max-video-preview:-1"},"canonical":"https:\/\/oklp.de\/en\/rechtsanwalt-dr-bernhard-linnartz\/","og_locale":"en_US","og_type":"article","og_title":"Rechtsanwalt Dr. Bernhard Linnartz - okl &amp; partner Rechtsanw\u00e4lte PartG mbB","og_description":"Dr. Bernhard Linnartz verf\u00fcgt \u00fcber mehrj\u00e4hrige anwaltliche Erfahrung im Planungsrecht, vor allem im Zusammenhang mit gro\u00dfen Infrastrukturvorhaben des Energie- und Verkehrssektors. Er ist ausgewiesener Experte im anlagenbezogenen Immissionsschutz-, Wasser- und Naturschutzrecht. Er ber\u00e4t zahlreiche Unternehmen in umweltrechtlichen Fragen des laufenden Anlagenbetriebs sowie private und \u00f6ffentliche Vorhabentr\u00e4ger in Genehmigungsverfahren und bei Infrastrukturprojekten. Seine Mandanten sch\u00e4tzen besonders seine Expertise in technik-rechtlichen Fragen.Dr. Bernhard Linnartz ver\u00f6ffentlicht regelm\u00e4\u00dfig in rechtswissenschaftlichen Fachmedien und h\u00e4lt Vortr\u00e4ge zu umwelt- und planungsrechtlichen Themen.","og_url":"https:\/\/oklp.de\/en\/rechtsanwalt-dr-bernhard-linnartz\/","og_site_name":"okl &amp; partner Rechtsanw\u00e4lte PartG mbB","article_modified_time":"2026-03-24T14:03:56+00:00","twitter_card":"summary_large_image","twitter_misc":{"Est. reading time":"7 minutes"},"schema":{"@context":"https:\/\/schema.org","@graph":[{"@type":"WebPage","@id":"https:\/\/oklp.de\/rechtsanwalt-dr-bernhard-linnartz\/","url":"https:\/\/oklp.de\/rechtsanwalt-dr-bernhard-linnartz\/","name":"Rechts\u00adan\u00adwalt Dr. Bern\u00adhard Linn\u00adartz \u2013 okl &amp;&nbsp;part\u00adner Rechts\u00adan\u00adw\u00e4l\u00adte PartG&nbsp;mbB","isPartOf":{"@id":"https:\/\/oklp.de\/#website"},"datePublished":"2022-04-17T20:00:52+00:00","dateModified":"2026-03-24T14:03:56+00:00","description":"Dr. Bern\u00adhard Linn\u00adartz ver\u00adf\u00fcgt \u00fcber mehr\u00adj\u00e4h\u00adri\u00adge anwalt\u00adli\u00adche Erfah\u00adrung im Pla\u00adnungs\u00adrecht, vor allem im Zusam\u00admen\u00adhang mit gro\u00ad\u00dfen Infra\u00adstruk\u00adtur\u00advor\u00adha\u00adben des Ener\u00adgie- und Ver\u00adkehrs\u00adsek\u00adtors. Er ist aus\u00adge\u00adwie\u00adse\u00adner Exper\u00adte im anla\u00adgen\u00adbe\u00adzo\u00adge\u00adnen Immissionsschutz\u2011, Was\u00adser- und Natur\u00adschutz\u00adrecht. Er ber\u00e4t zahl\u00adrei\u00adche Unter\u00adneh\u00admen in umwelt\u00adrecht\u00adli\u00adchen Fra\u00adgen des lau\u00adfen\u00adden Anla\u00adgen\u00adbe\u00adtriebs sowie pri\u00adva\u00adte und \u00f6ffent\u00adli\u00adche Vor\u00adha\u00adben\u00adtr\u00e4\u00adger in Geneh\u00admi\u00adgungs\u00adver\u00adfah\u00adren und bei Infra\u00adstruk\u00adtur\u00adpro\u00adjek\u00adten. Sei\u00adne Man\u00addan\u00adten sch\u00e4t\u00adzen beson\u00adders sei\u00adne Exper\u00adti\u00adse in tech\u00adnik-recht\u00adli\u00adchen Fragen.Dr. Bern\u00adhard Linn\u00adartz ver\u00ad\u00f6f\u00adfent\u00adlicht regel\u00adm\u00e4\u00ad\u00dfig in rechts\u00adwis\u00adsen\u00adschaft\u00adli\u00adchen Fach\u00adme\u00addi\u00aden und h\u00e4lt Vortr\u00e4ge zu umwelt- und pla\u00adnungs\u00adrecht\u00adli\u00adchen Themen.","breadcrumb":{"@id":"https:\/\/oklp.de\/rechtsanwalt-dr-bernhard-linnartz\/#breadcrumb"},"inLanguage":"en-US","potentialAction":[{"@type":"ReadAction","target":["https:\/\/oklp.de\/rechtsanwalt-dr-bernhard-linnartz\/"]}]},{"@type":"BreadcrumbList","@id":"https:\/\/oklp.de\/rechtsanwalt-dr-bernhard-linnartz\/#breadcrumb","itemListElement":[{"@type":"ListItem","position":1,"name":"Home","item":"https:\/\/oklp.de\/"},{"@type":"ListItem","position":2,"name":"Rechtsanwalt Dr. Bernhard Linnartz"}]},{"@type":"WebSite","@id":"https:\/\/oklp.de\/#website","url":"https:\/\/oklp.de\/","name":"okl &amp;&nbsp;part\u00adner Rechts\u00adan\u00adw\u00e4l\u00adte PartG&nbsp;mbB","description":"","publisher":{"@id":"https:\/\/oklp.de\/#organization"},"potentialAction":[{"@type":"SearchAction","target":{"@type":"EntryPoint","urlTemplate":"https:\/\/oklp.de\/?s={search_term_string}"},"query-input":{"@type":"PropertyValueSpecification","valueRequired":true,"valueName":"search_term_string"}}],"inLanguage":"en-US"},{"@type":"Organization","@id":"https:\/\/oklp.de\/#organization","name":"okl &amp;&nbsp;part\u00adner Rechts\u00adan\u00adw\u00e4l\u00adte PartG&nbsp;mbB","url":"https:\/\/oklp.de\/","logo":{"@type":"ImageObject","inLanguage":"en-US","@id":"https:\/\/oklp.de\/#\/schema\/logo\/image\/","url":"https:\/\/oklp.de\/wp-content\/uploads\/2021\/12\/Prima\u0308r_OKLP_Logo_CMYK-1.png","contentUrl":"https:\/\/oklp.de\/wp-content\/uploads\/2021\/12\/Prima\u0308r_OKLP_Logo_CMYK-1.png","width":904,"height":286,"caption":"okl & partner Rechtsanw\u00e4lte PartG mbB"},"image":{"@id":"https:\/\/oklp.de\/#\/schema\/logo\/image\/"}}]}},"_links":{"self":[{"href":"https:\/\/oklp.de\/en\/wp-json\/wp\/v2\/pages\/1004","targetHints":{"allow":["GET"]}}],"collection":[{"href":"https:\/\/oklp.de\/en\/wp-json\/wp\/v2\/pages"}],"about":[{"href":"https:\/\/oklp.de\/en\/wp-json\/wp\/v2\/types\/page"}],"author":[{"embeddable":true,"href":"https:\/\/oklp.de\/en\/wp-json\/wp\/v2\/users\/1"}],"replies":[{"embeddable":true,"href":"https:\/\/oklp.de\/en\/wp-json\/wp\/v2\/comments?post=1004"}],"version-history":[{"count":56,"href":"https:\/\/oklp.de\/en\/wp-json\/wp\/v2\/pages\/1004\/revisions"}],"predecessor-version":[{"id":2685,"href":"https:\/\/oklp.de\/en\/wp-json\/wp\/v2\/pages\/1004\/revisions\/2685"}],"wp:attachment":[{"href":"https:\/\/oklp.de\/en\/wp-json\/wp\/v2\/media?parent=1004"}],"curies":[{"name":"wp","href":"https:\/\/api.w.org\/{rel}","templated":true}]}}