{"id":1012,"date":"2022-04-17T20:35:15","date_gmt":"2022-04-17T20:35:15","guid":{"rendered":"https:\/\/oklp.de\/?page_id=1012"},"modified":"2025-05-12T14:36:40","modified_gmt":"2025-05-12T14:36:40","slug":"rechtsanwalt-thomas-lammers-2","status":"publish","type":"page","link":"https:\/\/oklp.de\/en\/rechtsanwalt-thomas-lammers-2\/","title":{"rendered":"Rechts\u00adan\u00adwalt Tho\u00admas Lammers"},"content":{"rendered":"\n\t\t<div id=\"fws_69ef853a10b7a\"  data-column-margin=\"default\" data-midnight=\"dark\"  class=\"wpb_row vc_row-fluid vc_row has-row-bg-color\"  style=\"padding-top: 80px; padding-bottom: 15px; --row-bg-color: #000000;\"><div class=\"row-bg-wrap\" data-bg-animation=\"none\" data-bg-animation-delay=\"\" data-bg-overlay=\"false\"><div class=\"inner-wrap row-bg-layer\" ><div class=\"row-bg viewport-desktop using-bg-color\"  style=\"background-color: #000000; \"><\/div><\/div><\/div><div class=\"row_col_wrap_12 col span_12 dark left\">\n\t<div  class=\"vc_col-sm-1\/5 wpb_column column_container vc_column_container col no-extra-padding inherit_tablet inherit_phone \"  data-padding-pos=\"all\" data-has-bg-color=\"false\" data-bg-color=\"\" data-bg-opacity=\"1\" data-animation=\"\" data-delay=\"0\" >\n\t\t<div class=\"vc_column-inner\" >\n\t\t\t<div class=\"wpb_wrapper\">\n\t\t\t\t\n\t\t\t<\/div> \n\t\t<\/div>\n\t<\/div> \n\n\t<div style=\" color: #ffffff;\" class=\"vc_col-sm-3\/5 wpb_column column_container vc_column_container col no-extra-padding inherit_tablet inherit_phone \" data-cfc=\"true\"  data-padding-pos=\"all\" data-has-bg-color=\"false\" data-bg-color=\"\" data-bg-opacity=\"1\" data-animation=\"\" data-delay=\"0\" >\n\t\t<div class=\"vc_column-inner\" >\n\t\t\t<div class=\"wpb_wrapper\">\n\t\t\t\t\n<div class=\"wpb_text_column wpb_content_element \" >\n\t<p>Thomas Lammers ber\u00e4t in- und ausl\u00e4ndische Unternehmen in Fragen des \u00f6ffentlichen Wirtschaftsrechts. Seine T\u00e4tigkeitsschwerpunkte bilden das Umweltrecht, insbesondere das Klimaschutzrecht, das Abfallrecht einschlie\u00dflich der Produktverantwortung, das Wasser- und Bodenschutzrecht sowie das Kommunalabgabenrecht. Zu seinen regelm\u00e4\u00dfigen Aufgaben geh\u00f6ren die Vertretung in beh\u00f6rdlichen und gerichtlichen Verfahren, die Pr\u00fcfung und Erstellung von zivil- und \u00f6ffentlich-rechtlichen Vertr\u00e4gen mit Bezug zu umweltrechtlichen Fragestellungen sowie die Begleitung aktueller Regelungsvorhaben.<\/p>\n<\/div>\n\n\n\n\n\t\t\t<\/div> \n\t\t<\/div>\n\t<\/div> \n\n\t<div  class=\"vc_col-sm-1\/5 wpb_column column_container vc_column_container col no-extra-padding inherit_tablet inherit_phone \"  data-padding-pos=\"all\" data-has-bg-color=\"false\" data-bg-color=\"\" data-bg-opacity=\"1\" data-animation=\"\" data-delay=\"0\" >\n\t\t<div class=\"vc_column-inner\" >\n\t\t\t<div class=\"wpb_wrapper\">\n\t\t\t\t\n\t\t\t<\/div> \n\t\t<\/div>\n\t<\/div> \n<\/div><\/div>\n\t\t<div id=\"fws_69ef853a11461\"  data-column-margin=\"default\" data-midnight=\"light\"  class=\"wpb_row vc_row-fluid vc_row has-row-bg-color\"  style=\"padding-top: 40px; padding-bottom: 30px; --row-bg-color: #000000;\"><div class=\"row-bg-wrap\" data-bg-animation=\"none\" data-bg-animation-delay=\"\" data-bg-overlay=\"false\"><div class=\"inner-wrap row-bg-layer\" ><div class=\"row-bg viewport-desktop using-bg-color\"  style=\"background-color: #000000; \"><\/div><\/div><\/div><div class=\"row_col_wrap_12 col span_12 light left\">\n\t<div  class=\"vc_col-sm-1\/5 wpb_column column_container vc_column_container col no-extra-padding inherit_tablet inherit_phone \"  data-padding-pos=\"all\" data-has-bg-color=\"false\" data-bg-color=\"\" data-bg-opacity=\"1\" data-animation=\"\" data-delay=\"0\" >\n\t\t<div class=\"vc_column-inner\" >\n\t\t\t<div class=\"wpb_wrapper\">\n\t\t\t\t\n\t\t\t<\/div> \n\t\t<\/div>\n\t<\/div> \n\n\t<div style=\" color: #ffffff;\" class=\"vc_col-sm-3\/5 wpb_column column_container vc_column_container col no-extra-padding inherit_tablet inherit_phone \" data-cfc=\"true\"  data-padding-pos=\"all\" data-has-bg-color=\"false\" data-bg-color=\"\" data-bg-opacity=\"1\" data-animation=\"\" data-delay=\"0\" >\n\t\t<div class=\"vc_column-inner\" >\n\t\t\t<div class=\"wpb_wrapper\">\n\t\t\t\t<div class=\"toggles \" data-br=\"\" data-starting=\"default\" data-style=\"minimal_small\"><div class=\"toggle accent-color\" data-inner-wrap=\"true\"><h3 class=\"toggle-title\"><a href=\"#\" role=\"button\" class=\"toggle-heading\"><i role=\"presentation\" class=\"fa fa-plus\"><\/i>Lebenslauf<\/a><\/h3><div><div class=\"inner-toggle-wrap\">\n<div class=\"wpb_text_column wpb_content_element \" >\n\t<p>Studium der Rechtswissenschaften in Frankfurt (Oder)<\/p>\n<p>Wissenschaftlicher Mitarbeiter am Institut f\u00fcr \u00d6ffentliches Recht und Politik der Universit\u00e4t M\u00fcnster<\/p>\n<p>Eintritt in die Soziet\u00e4t K\u00f6hler &amp; Klett (heute okl &amp; partner), B\u00fcro K\u00f6ln, 2013<\/p>\n<\/div>\n\n\n\n<\/div><\/div><\/div><div class=\"toggle accent-color\" data-inner-wrap=\"true\"><h3 class=\"toggle-title\"><a href=\"#\" role=\"button\" class=\"toggle-heading\"><i role=\"presentation\" class=\"fa fa-plus\"><\/i>Ver\u00f6ffentlichungen<\/a><\/h3><div><div class=\"inner-toggle-wrap\">\n<div class=\"wpb_text_column wpb_content_element \" >\n\t<p style=\"font-weight: 400\"><strong>Anmerkung zur Entscheidung des EuGH vom 21.01.2025 (Flaminia II)<\/strong>,<br \/>\nin: Neue Zeitschrift f\u00fcr Verwaltungsrecht (NVwZ) 2025, S. 490 f. [gemeinsam mit Dr. A. Oexle].<\/p>\n<p style=\"font-weight: 400\"><strong>Compliance in der Kreislauf- und Abfallwirtschaft<br \/>\n<\/strong>in: Moosmayer\/L\u00f6sler (Hrsg.), Corporate Compliance \u2013 Handbuch der Haftungsvermeidung in Unternehmen, 4. Auflage 2024, C.H.Beck Verlag, S. 1747 ff. [gemeinsam mit Dr. A. Oexle].<\/p>\n<p><strong>Abfallbegriff \u2013 Beginn und Ende der Abfalleigenschaft,<br \/>\n<\/strong>in: Kurth\/Oexle\/Faulstich (Hrsg.), Handbuch der Kreislauf- und Rohstoffwirtschaft, 2. Auflage 2022, Verlag Springer Vieweg, S. 3 ff.<\/p>\n<p><strong>Kreislaufwirtschaft und Klimaschutz,<br \/>\n<\/strong>in: Kurth\/Oexle\/Faulstich (Hrsg.), Handbuch der Kreislauf- und Rohstoffwirtschaft, 2. Auflage 2022, Verlag Springer Vieweg, S. 155 ff. [gemeinsam mit Dr. A. Oexle].<\/p>\n<p><strong>Zur (Un-)Anwendbarkeit des Brennstoffemissionshandelsgesetzes auf Abf\u00e4lle,<br \/>\n<\/strong>in: Klima und Recht (KlimR), 05\/2022, S. 108 f. [gemeinsam mit Dr. A. Oexle].<\/p>\n<p><strong>Klimapolitik vor den Verwaltungsgerichten \u2013 Herausforderungen der \u201eclimate change litigation&#8220;,<br \/>\n<\/strong>in: Neue Zeitschrift f\u00fcr Verwaltungsrecht (NVwZ) 2020, S. 1723 ff. [gemeinsam mit Dr. A. Oexle].<\/p>\n<p style=\"font-weight: 400\"><strong>Zur Reichweite von R\u00fccknahmesystemen im Rahmen der freiwilligen Produktverantwortung,<br \/>\n<\/strong>in: Zeitschrift f\u00fcr das Recht der Abfallwirtschaft (AbfallR) 2019, S. 223 ff. [gemeinsam mit Dr. A. Oexle].<\/p>\n<p style=\"font-weight: 400\"><strong>Freiwillige Produktverantwortung: Zur R\u00fccknahme von Altkleidung durch den Einzelhandel,<br \/>\n<\/strong>in: Neue Zeitschrift f\u00fcr Verwaltungsrecht (NVwZ) 2015, S. 1490 ff. [gemeinsam mit Dr. A. Oexle].<\/p>\n<p><strong>Kommentierung der Art. 1\u201310 und der Art. 31\u201364<\/strong> <strong>Abfallverbringungsverordnung (VVA),<br \/>\n<\/strong>in: Schmehl\/Klement (Hrsg.), Gemeinschaftskommentar zum Kreislaufwirtschaftsgesetz (GK-KrWG), 2. Auflage 2019 [gemeinsam mit Dr. A. Oexle].<\/p>\n<p><strong>Ende der Abfalleigenschaft von Ersatzbaustoffen. Unvereinbarkeit von \u00a7 21 S. 3 des Referentenentwurfs f\u00fcr eine Ersatzbaustoffverordnung mit h\u00f6herrangigem Bundesrecht und Unionsrecht,<br \/>\n<\/strong>in: Zeitschrift f\u00fcr das Recht der Abfallwirtschaft (AbfallR) 2017, S. 110 ff. [gemeinsam mit Dr. A. Oexle].<\/p>\n<p><strong>Entsorgung von Elektroaltger\u00e4ten im Auftrag des Besitzers,<br \/>\n<\/strong>in: Zeitschrift f\u00fcr das Recht der Abfallwirtschaft (AbfallR) 2016, S. 27 ff. [gemeinsam mit Dr. A. Oexle].<\/p>\n<p><strong>Compliance in der Kreislauf- und Abfallwirtschaft,<br \/>\n<\/strong>in: Hauschka\/Moosmayer\/L\u00f6sler (Hrsg.), Corporate Compliance, 3. Auflage 2016, S. 1628 ff. [gemeinsam mit Dr. A. Oexle].<\/p>\n<p><strong>Zur Abgrenzung von Bodenschutzrecht und Abfallrecht, Besprechung von BVerwG, Beschluss vom 26.7.2016 \u2013 7 B 28.15,<br \/>\n<\/strong>in: Zeitschrift f\u00fcr Deutsches und Europ\u00e4isches Wasser-, Abwasser- und Bodenschutzrecht (W+B) 2016, 194 ff.<\/p>\n<p><strong>Weg frei f\u00fcr Rekommunalisierung,<br \/>\n<\/strong>in: Recycling Magazin 20\/2016, S. 18 ff. [gemeinsam mit Dr. A. Oexle].<\/p>\n<p><strong>Das Altpapierurteil vor dem BVerfG \u2013 Zur Bedeutung des Beschlusses vom 28.08.2014,<br \/>\n<\/strong>in: Zeitschrift f\u00fcr das Recht der Abfallwirtschaft (AbfallR) 2015, S. 192 ff. [gemeinsam mit Dr. A. Oexle].<\/p>\n<p><strong>Unsichere Zeiten f\u00fcr gewerbliche Sammler,<br \/>\n<\/strong>in: Recycling Almanach 2015, S. 53 ff. [gemeinsam mit Dr. A. Oexle].<\/p>\n<p><strong>Die Gesetzgebungskompetenz f\u00fcr Spielhallen vor den Landesverfassungsgerichten,<br \/>\n<\/strong>in: Zeitschrift f\u00fcr Gewerbe- und Wirtschaftsverwaltungsrecht (GewArch) 2015, S. 54 ff.<\/p>\n<p><strong>Gewerbliche Sammlung von Bioabf\u00e4llen aus privaten Haushalten \u2013 Nur Theorie oder auch schon Praxis?,<br \/>\n<\/strong>in: Dornack\/Scholwin\/Liebetreu\/Fa\u00dfauer\/Nelles, Tagungsband 10. Biogastagung Dresden, S. 13 ff. [gemeinsam mit Dr. A. Oexle und Dr. A. Ochs].<\/p>\n<p><strong>Freiwillige Produktverantwortung: Zur R\u00fccknahme von Altkleidung durch den Einzelhandel,<br \/>\n<\/strong>in: Neue Zeitschrift f\u00fcr Verwaltungsrecht (NVwZ) 2015, S. 1490 ff. [gemeinsam mit Dr. A. Oexle].<\/p>\n<p><strong>Phosphorstrategie f\u00fcr Deutschland,<br \/>\n<\/strong>in: Korrespondenz Abwasser, Abfall (KA) 2015 S. 993 ff. [gemeinsam mit D. Montag, W. Everding, S. Malms, J. Pinnekamp, U. Arnold, M. Trimborn, H. Goldbach, J. Reinhardt, H. Fehrenbach, Prof. Dr. W. Klett].<\/p>\n<p><strong>Zum Verh\u00e4ltnis von Bergrecht und Bodenschutzrecht nach der Entscheidung des BVerwG vom 21.04.2015,<br \/>\n<\/strong>in: Zeitschrift f\u00fcr Deutsches und Europ\u00e4isches Wasser-, Abwasser- und Bodenschutzrecht (W+B) 2015, S. 227 ff. [gemeinsam mit Dr. A. Oexle].<\/p>\n<p><strong>Personengesellschaften als gewerbliche Sammler,<br \/>\n<\/strong>in: Zeitschrift f\u00fcr Umweltrecht (ZUR) 2014, S. 242 ff. [gemeinsam mit Dr. A. Oexle und Dr. A. de Diego].<\/p>\n<p><strong>Rechtsfragen der Zul\u00e4ssigkeit der gewerblichen Sammlung von Bioabf\u00e4llen,<br \/>\n<\/strong>in: Zeitschrift f\u00fcr das Recht der Abfallwirtschaft (AbfallR) 2014, S. 225 ff. [gemeinsam mit Dr. A. Oexle].<\/p>\n<p><strong>Grundlagen einer Phosphorstrategie f\u00fcr Deutschland,<br \/>\n<\/strong>in: Abfall \u2013 Recycling \u2013 Altlasten, Tagungsband zum 27. Aachener Kolloquium f\u00fcr Abfall- und Ressourcenwirtschaft, Bd. 40, 2014, [gemeinsam mit W. Everding, D. Montag, J. Pinnekamp, U. Arnold, M. Trimborn, H. Goldbach, J. Reinhardt, H. Fehrenbach, Prof. Dr. W. Klett].<\/p>\n<p><strong>B2B: Umstrittener Zugriff,<br \/>\n<\/strong>in: RECYCLING magazin 10\/2014, S. 28 f. [gemeinsam mit Dr. A. Oexle].<\/p>\n<p><strong>K\u00f6nnen OHG, KG &amp; GbR sammeln?,<br \/>\n<\/strong>in: RECYCLING magazin, 03\/2014, S. 22 f. [gemeinsam mit Dr. A. Oexle und Dr. A. de Diego].<\/p>\n<p><strong>Richtungsweisende Entscheidung, Anmerkung zum Beschluss des OVG L\u00fcneburg vom 15.08.2013 (7 ME 62\/13),<br \/>\n<\/strong>in: RECYCLING magazin 17\/2013, S. 19 [gemeinsam mit Dr. A. Oexle].<\/p>\n<p><strong>Die Haftung im Kanalbenutzungsverh\u00e4ltnis,<br \/>\n<\/strong>in: Zeitschrift f\u00fcr Deutsches und Europ\u00e4isches Wasser-, Abwasser- und Bodenschutzrecht (W+B) 2013, S. 208 ff. [gemeinsam mit Dr. A. Oexle].<\/p>\n<\/div>\n\n\n\n<\/div><\/div><\/div><\/div>\n\t\t\t<\/div> \n\t\t<\/div>\n\t<\/div> \n\n\t<div  class=\"vc_col-sm-1\/5 wpb_column column_container vc_column_container col no-extra-padding inherit_tablet inherit_phone \"  data-padding-pos=\"all\" data-has-bg-color=\"false\" data-bg-color=\"\" data-bg-opacity=\"1\" data-animation=\"\" data-delay=\"0\" >\n\t\t<div class=\"vc_column-inner\" >\n\t\t\t<div class=\"wpb_wrapper\">\n\t\t\t\t\n\t\t\t<\/div> \n\t\t<\/div>\n\t<\/div> \n<\/div><\/div>\n\t\t<div id=\"fws_69ef853a1237c\"  data-column-margin=\"default\" data-midnight=\"light\"  class=\"wpb_row vc_row-fluid vc_row has-row-bg-color\"  style=\"padding-top: 0px; padding-bottom: 40px; --row-bg-color: #000000;\"><div class=\"row-bg-wrap\" data-bg-animation=\"none\" data-bg-animation-delay=\"\" data-bg-overlay=\"false\"><div class=\"inner-wrap row-bg-layer\" ><div class=\"row-bg viewport-desktop using-bg-color\"  style=\"background-color: #000000; \"><\/div><\/div><\/div><div class=\"row_col_wrap_12 col span_12 light left\">\n\t<div  class=\"vc_col-sm-1\/5 wpb_column column_container vc_column_container col no-extra-padding inherit_tablet inherit_phone \"  data-padding-pos=\"all\" data-has-bg-color=\"false\" data-bg-color=\"\" data-bg-opacity=\"1\" data-animation=\"\" data-delay=\"0\" >\n\t\t<div class=\"vc_column-inner\" >\n\t\t\t<div class=\"wpb_wrapper\">\n\t\t\t\t\n\t\t\t<\/div> \n\t\t<\/div>\n\t<\/div> \n\n\t<div style=\" color: #000000;\" class=\"vc_col-sm-1\/5 wpb_column column_container vc_column_container col no-extra-padding inherit_tablet inherit_phone \" data-cfc=\"true\"  data-padding-pos=\"all\" data-has-bg-color=\"false\" data-bg-color=\"\" data-bg-opacity=\"1\" data-animation=\"\" data-delay=\"0\" >\n\t\t<div class=\"vc_column-inner\" >\n\t\t\t<div class=\"wpb_wrapper\">\n\t\t\t\t<div class=\"img-with-aniamtion-wrap  custom-size\" data-max-width=\"100%\" data-max-width-mobile=\"default\" data-border-radius=\"10px\" data-shadow=\"none\" data-animation=\"fade-in\" >\n      <div class=\"inner\">\n        <div class=\"hover-wrap\" data-hover-animation=\"zoom\"> \n          <div class=\"hover-wrap-inner\">\n            <img loading=\"lazy\" decoding=\"async\" class=\"img-with-animation skip-lazy\" data-delay=\"0\" height=\"800\" width=\"800\" data-animation=\"fade-in\" src=\"https:\/\/oklp.de\/wp-content\/uploads\/2022\/04\/lammers-800x800-1.jpg\" alt=\"\" srcset=\"https:\/\/oklp.de\/wp-content\/uploads\/2022\/04\/lammers-800x800-1.jpg 800w, https:\/\/oklp.de\/wp-content\/uploads\/2022\/04\/lammers-800x800-1-300x300.jpg 300w, https:\/\/oklp.de\/wp-content\/uploads\/2022\/04\/lammers-800x800-1-150x150.jpg 150w, https:\/\/oklp.de\/wp-content\/uploads\/2022\/04\/lammers-800x800-1-768x768.jpg 768w, https:\/\/oklp.de\/wp-content\/uploads\/2022\/04\/lammers-800x800-1-100x100.jpg 100w, https:\/\/oklp.de\/wp-content\/uploads\/2022\/04\/lammers-800x800-1-140x140.jpg 140w, https:\/\/oklp.de\/wp-content\/uploads\/2022\/04\/lammers-800x800-1-500x500.jpg 500w, https:\/\/oklp.de\/wp-content\/uploads\/2022\/04\/lammers-800x800-1-350x350.jpg 350w\" sizes=\"auto, (max-width: 800px) 100vw, 800px\" \/>\n          <\/div>\n        <\/div>\n        \n      <\/div>\n    <\/div>\n\t\t\t<\/div> \n\t\t<\/div>\n\t<\/div> \n\n\t<div style=\" color: #ffffff;\" class=\"vc_col-sm-2\/5 wpb_column column_container vc_column_container col no-extra-padding force-tablet-text-align-center force-phone-text-align-center inherit_tablet inherit_phone \" data-cfc=\"true\"  data-padding-pos=\"all\" data-has-bg-color=\"false\" data-bg-color=\"\" data-bg-opacity=\"1\" data-animation=\"\" data-delay=\"0\" >\n\t\t<div class=\"vc_column-inner\" >\n\t\t\t<div class=\"wpb_wrapper\">\n\t\t\t\t\n<div class=\"wpb_text_column wpb_content_element \" >\n\t<h3>Rechtsanwalt<br \/>\nThomas Lammers<\/h3>\n<\/div>\n\n\n\n<div id=\"fws_69ef853a13bc4\" data-midnight=\"\" data-column-margin=\"default\" class=\"wpb_row vc_row-fluid vc_row inner_row  left_padding_phone_150px\"  style=\"\"><div class=\"row-bg-wrap\"> <div class=\"row-bg\" ><\/div> <\/div><div class=\"row_col_wrap_12_inner col span_12  left\">\n\t<div  class=\"vc_col-sm-12 wpb_column column_container vc_column_container col child_column no-extra-padding inherit_tablet inherit_phone \"   data-padding-pos=\"all\" data-has-bg-color=\"false\" data-bg-color=\"\" data-bg-opacity=\"1\" data-animation=\"\" data-delay=\"0\" >\n\t\t<div class=\"vc_column-inner\" >\n\t\t<div class=\"wpb_wrapper\">\n\t\t\t<div class=\"divider-wrap\" data-alignment=\"default\"><div style=\"margin-top: 12.5px; width: 20%; height: 1px; margin-bottom: 12.5px;\" data-width=\"20%\" data-animate=\"yes\" data-animation-delay=\"\" data-color=\"accent-color\" class=\"divider-small-border\"><\/div><\/div>\n\t\t<\/div> \n\t<\/div>\n\t<\/div> \n<\/div><\/div>\n<div class=\"wpb_text_column wpb_content_element \" >\n\t<p>+49 221 4207-280<br \/>\nthomas.lammers@oklp.de<\/p>\n<\/div>\n\n\n\n\n\t\t\t<\/div> \n\t\t<\/div>\n\t<\/div> \n\n\t<div  class=\"vc_col-sm-1\/5 wpb_column column_container vc_column_container col no-extra-padding inherit_tablet inherit_phone \"  data-padding-pos=\"all\" data-has-bg-color=\"false\" data-bg-color=\"\" data-bg-opacity=\"1\" data-animation=\"\" data-delay=\"0\" >\n\t\t<div class=\"vc_column-inner\" >\n\t\t\t<div class=\"wpb_wrapper\">\n\t\t\t\t\n\t\t\t<\/div> \n\t\t<\/div>\n\t<\/div> \n<\/div><\/div>\n","protected":false},"excerpt":{"rendered":"Tho\u00admas Lam\u00admers ber\u00e4t in- und aus\u00adl\u00e4n\u00addi\u00adsche Unter\u00adneh\u00admen in Fra\u00adgen des \u00f6ffent\u00adli\u00adchen Wirt\u00adschafts\u00adrechts. Sei\u00adne T\u00e4tig\u00adkeits\u00adschwer\u00adpunk\u00adte bil\u00adden das Umwelt\u00adrecht, ins\u00adbe\u00adson\u00adde\u00adre das Kli\u00adma\u00adschutz\u00adrecht, das Abfall\u00adrecht ein\u00adschlie\u00df\u00adlich der Pro\u00addukt\u00adver\u00adant\u00adwor\u00adtung, das Was\u00adser- und Boden\u00adschutz\u00adrecht&nbsp;sowie\u2026","protected":false},"author":1,"featured_media":0,"parent":0,"menu_order":7,"comment_status":"closed","ping_status":"closed","template":"","meta":{"wp_typography_post_enhancements_disabled":false,"footnotes":""},"class_list":["post-1012","page","type-page","status-publish"],"yoast_head":"<!-- This site is optimized with the Yoast SEO plugin v27.4 - https:\/\/yoast.com\/product\/yoast-seo-wordpress\/ -->\n<title>Rechtsanwalt Thomas Lammers - okl &amp; partner Rechtsanw\u00e4lte PartG mbB<\/title>\n<meta name=\"description\" content=\"Thomas Lammers ber\u00e4t in- und ausl\u00e4ndische Unternehmen in Fragen des \u00f6ffentlichen Wirtschaftsrechts. Seine T\u00e4tigkeitsschwerpunkte bilden das Umweltrecht, insbesondere das Klimaschutzrecht, das Abfallrecht einschlie\u00dflich der Produktverantwortung, das Wasser- und Bodenschutzrecht sowie das Kommunalabgabenrecht. Zu seinen regelm\u00e4\u00dfigen Aufgaben geh\u00f6ren die Vertretung in beh\u00f6rdlichen und gerichtlichen Verfahren, die Pr\u00fcfung und Erstellung von zivil- und \u00f6ffentlich-rechtlichen Vertr\u00e4gen mit Bezug zu umweltrechtlichen Fragestellungen sowie die Begleitung aktueller Regelungsvorhaben.\" \/>\n<meta name=\"robots\" content=\"index, follow, max-snippet:-1, max-image-preview:large, max-video-preview:-1\" \/>\n<link rel=\"canonical\" href=\"https:\/\/oklp.de\/en\/rechtsanwalt-thomas-lammers-2\/\" \/>\n<meta property=\"og:locale\" content=\"en_US\" \/>\n<meta property=\"og:type\" content=\"article\" \/>\n<meta property=\"og:title\" content=\"Rechtsanwalt Thomas Lammers - okl &amp; partner Rechtsanw\u00e4lte PartG mbB\" \/>\n<meta property=\"og:description\" content=\"Thomas Lammers ber\u00e4t in- und ausl\u00e4ndische Unternehmen in Fragen des \u00f6ffentlichen Wirtschaftsrechts. Seine T\u00e4tigkeitsschwerpunkte bilden das Umweltrecht, insbesondere das Klimaschutzrecht, das Abfallrecht einschlie\u00dflich der Produktverantwortung, das Wasser- und Bodenschutzrecht sowie das Kommunalabgabenrecht. Zu seinen regelm\u00e4\u00dfigen Aufgaben geh\u00f6ren die Vertretung in beh\u00f6rdlichen und gerichtlichen Verfahren, die Pr\u00fcfung und Erstellung von zivil- und \u00f6ffentlich-rechtlichen Vertr\u00e4gen mit Bezug zu umweltrechtlichen Fragestellungen sowie die Begleitung aktueller Regelungsvorhaben.\" \/>\n<meta property=\"og:url\" content=\"https:\/\/oklp.de\/en\/rechtsanwalt-thomas-lammers-2\/\" \/>\n<meta property=\"og:site_name\" content=\"okl &amp; partner Rechtsanw\u00e4lte PartG mbB\" \/>\n<meta property=\"article:modified_time\" content=\"2025-05-12T14:36:40+00:00\" \/>\n<meta name=\"twitter:card\" content=\"summary_large_image\" \/>\n<meta name=\"twitter:label1\" content=\"Est. reading time\" \/>\n\t<meta name=\"twitter:data1\" content=\"7 minutes\" \/>\n<script type=\"application\/ld+json\" class=\"yoast-schema-graph\">{\"@context\":\"https:\\\/\\\/schema.org\",\"@graph\":[{\"@type\":\"WebPage\",\"@id\":\"https:\\\/\\\/oklp.de\\\/rechtsanwalt-thomas-lammers-2\\\/\",\"url\":\"https:\\\/\\\/oklp.de\\\/rechtsanwalt-thomas-lammers-2\\\/\",\"name\":\"Rechtsanwalt Thomas Lammers - okl &amp; partner Rechtsanw\u00e4lte PartG mbB\",\"isPartOf\":{\"@id\":\"https:\\\/\\\/oklp.de\\\/#website\"},\"datePublished\":\"2022-04-17T20:35:15+00:00\",\"dateModified\":\"2025-05-12T14:36:40+00:00\",\"description\":\"Thomas Lammers ber\u00e4t in- und ausl\u00e4ndische Unternehmen in Fragen des \u00f6ffentlichen Wirtschaftsrechts. Seine T\u00e4tigkeitsschwerpunkte bilden das Umweltrecht, insbesondere das Klimaschutzrecht, das Abfallrecht einschlie\u00dflich der Produktverantwortung, das Wasser- und Bodenschutzrecht sowie das Kommunalabgabenrecht. Zu seinen regelm\u00e4\u00dfigen Aufgaben geh\u00f6ren die Vertretung in beh\u00f6rdlichen und gerichtlichen Verfahren, die Pr\u00fcfung und Erstellung von zivil- und \u00f6ffentlich-rechtlichen Vertr\u00e4gen mit Bezug zu umweltrechtlichen Fragestellungen sowie die Begleitung aktueller Regelungsvorhaben.\",\"breadcrumb\":{\"@id\":\"https:\\\/\\\/oklp.de\\\/rechtsanwalt-thomas-lammers-2\\\/#breadcrumb\"},\"inLanguage\":\"en-US\",\"potentialAction\":[{\"@type\":\"ReadAction\",\"target\":[\"https:\\\/\\\/oklp.de\\\/rechtsanwalt-thomas-lammers-2\\\/\"]}]},{\"@type\":\"BreadcrumbList\",\"@id\":\"https:\\\/\\\/oklp.de\\\/rechtsanwalt-thomas-lammers-2\\\/#breadcrumb\",\"itemListElement\":[{\"@type\":\"ListItem\",\"position\":1,\"name\":\"Home\",\"item\":\"https:\\\/\\\/oklp.de\\\/\"},{\"@type\":\"ListItem\",\"position\":2,\"name\":\"Rechtsanwalt Thomas Lammers\"}]},{\"@type\":\"WebSite\",\"@id\":\"https:\\\/\\\/oklp.de\\\/#website\",\"url\":\"https:\\\/\\\/oklp.de\\\/\",\"name\":\"okl &amp; partner Rechtsanw\u00e4lte PartG mbB\",\"description\":\"\",\"publisher\":{\"@id\":\"https:\\\/\\\/oklp.de\\\/#organization\"},\"potentialAction\":[{\"@type\":\"SearchAction\",\"target\":{\"@type\":\"EntryPoint\",\"urlTemplate\":\"https:\\\/\\\/oklp.de\\\/?s={search_term_string}\"},\"query-input\":{\"@type\":\"PropertyValueSpecification\",\"valueRequired\":true,\"valueName\":\"search_term_string\"}}],\"inLanguage\":\"en-US\"},{\"@type\":\"Organization\",\"@id\":\"https:\\\/\\\/oklp.de\\\/#organization\",\"name\":\"okl & partner Rechtsanw\u00e4lte PartG mbB\",\"url\":\"https:\\\/\\\/oklp.de\\\/\",\"logo\":{\"@type\":\"ImageObject\",\"inLanguage\":\"en-US\",\"@id\":\"https:\\\/\\\/oklp.de\\\/#\\\/schema\\\/logo\\\/image\\\/\",\"url\":\"https:\\\/\\\/oklp.de\\\/wp-content\\\/uploads\\\/2021\\\/12\\\/Prima\u0308r_OKLP_Logo_CMYK-1.png\",\"contentUrl\":\"https:\\\/\\\/oklp.de\\\/wp-content\\\/uploads\\\/2021\\\/12\\\/Prima\u0308r_OKLP_Logo_CMYK-1.png\",\"width\":904,\"height\":286,\"caption\":\"okl & partner Rechtsanw\u00e4lte PartG mbB\"},\"image\":{\"@id\":\"https:\\\/\\\/oklp.de\\\/#\\\/schema\\\/logo\\\/image\\\/\"}}]}<\/script>\n<!-- \/ Yoast SEO plugin. -->","yoast_head_json":{"title":"Rechts\u00adan\u00adwalt Tho\u00admas Lam\u00admers \u2013 okl &amp;&nbsp;part\u00adner Rechts\u00adan\u00adw\u00e4l\u00adte PartG&nbsp;mbB","description":"Tho\u00admas Lam\u00admers advi\u00adses dome\u00adstic and for\u00adeign com\u00adpa\u00adnies on public com\u00admer\u00adcial law issues. His prac\u00adti\u00adce focu\u00adses on envi\u00adron\u00admen\u00adtal law, in par\u00adti\u00adcu\u00adlar cli\u00adma\u00adte pro\u00adtec\u00adtion law, was\u00adte law inclu\u00adding pro\u00adduct respon\u00adsi\u00adbi\u00adli\u00adty, water and soil pro\u00adtec\u00adtion law as well as muni\u00adci\u00adpal tax law. His regu\u00adlar tasks include repre\u00adsen\u00adta\u00adti\u00adon in admi\u00adnis\u00adtra\u00adti\u00adve and judi\u00adcial pro\u00adcee\u00addings, review and draf\u00adting of civil and public law con\u00adtracts with refe\u00adrence to envi\u00adron\u00admen\u00adtal law issues, as well as assis\u00adtance in cur\u00adrent regu\u00adla\u00adto\u00adry projects.","robots":{"index":"index","follow":"follow","max-snippet":"max-snippet:-1","max-image-preview":"max-image-preview:large","max-video-preview":"max-video-preview:-1"},"canonical":"https:\/\/oklp.de\/en\/rechtsanwalt-thomas-lammers-2\/","og_locale":"en_US","og_type":"article","og_title":"Rechtsanwalt Thomas Lammers - okl &amp; partner Rechtsanw\u00e4lte PartG mbB","og_description":"Thomas Lammers ber\u00e4t in- und ausl\u00e4ndische Unternehmen in Fragen des \u00f6ffentlichen Wirtschaftsrechts. Seine T\u00e4tigkeitsschwerpunkte bilden das Umweltrecht, insbesondere das Klimaschutzrecht, das Abfallrecht einschlie\u00dflich der Produktverantwortung, das Wasser- und Bodenschutzrecht sowie das Kommunalabgabenrecht. Zu seinen regelm\u00e4\u00dfigen Aufgaben geh\u00f6ren die Vertretung in beh\u00f6rdlichen und gerichtlichen Verfahren, die Pr\u00fcfung und Erstellung von zivil- und \u00f6ffentlich-rechtlichen Vertr\u00e4gen mit Bezug zu umweltrechtlichen Fragestellungen sowie die Begleitung aktueller Regelungsvorhaben.","og_url":"https:\/\/oklp.de\/en\/rechtsanwalt-thomas-lammers-2\/","og_site_name":"okl &amp; partner Rechtsanw\u00e4lte PartG mbB","article_modified_time":"2025-05-12T14:36:40+00:00","twitter_card":"summary_large_image","twitter_misc":{"Est. reading time":"7 minutes"},"schema":{"@context":"https:\/\/schema.org","@graph":[{"@type":"WebPage","@id":"https:\/\/oklp.de\/rechtsanwalt-thomas-lammers-2\/","url":"https:\/\/oklp.de\/rechtsanwalt-thomas-lammers-2\/","name":"Rechts\u00adan\u00adwalt Tho\u00admas Lam\u00admers \u2013 okl &amp;&nbsp;part\u00adner Rechts\u00adan\u00adw\u00e4l\u00adte PartG&nbsp;mbB","isPartOf":{"@id":"https:\/\/oklp.de\/#website"},"datePublished":"2022-04-17T20:35:15+00:00","dateModified":"2025-05-12T14:36:40+00:00","description":"Tho\u00admas Lam\u00admers advi\u00adses dome\u00adstic and for\u00adeign com\u00adpa\u00adnies on public com\u00admer\u00adcial law issues. His prac\u00adti\u00adce focu\u00adses on envi\u00adron\u00admen\u00adtal law, in par\u00adti\u00adcu\u00adlar cli\u00adma\u00adte pro\u00adtec\u00adtion law, was\u00adte law inclu\u00adding pro\u00adduct respon\u00adsi\u00adbi\u00adli\u00adty, water and soil pro\u00adtec\u00adtion law as well as muni\u00adci\u00adpal tax law. His regu\u00adlar tasks include repre\u00adsen\u00adta\u00adti\u00adon in admi\u00adnis\u00adtra\u00adti\u00adve and judi\u00adcial pro\u00adcee\u00addings, review and draf\u00adting of civil and public law con\u00adtracts with refe\u00adrence to envi\u00adron\u00admen\u00adtal law issues, as well as assis\u00adtance in cur\u00adrent regu\u00adla\u00adto\u00adry projects.","breadcrumb":{"@id":"https:\/\/oklp.de\/rechtsanwalt-thomas-lammers-2\/#breadcrumb"},"inLanguage":"en-US","potentialAction":[{"@type":"ReadAction","target":["https:\/\/oklp.de\/rechtsanwalt-thomas-lammers-2\/"]}]},{"@type":"BreadcrumbList","@id":"https:\/\/oklp.de\/rechtsanwalt-thomas-lammers-2\/#breadcrumb","itemListElement":[{"@type":"ListItem","position":1,"name":"Home","item":"https:\/\/oklp.de\/"},{"@type":"ListItem","position":2,"name":"Rechtsanwalt Thomas Lammers"}]},{"@type":"WebSite","@id":"https:\/\/oklp.de\/#website","url":"https:\/\/oklp.de\/","name":"okl &amp;&nbsp;part\u00adner Rechts\u00adan\u00adw\u00e4l\u00adte PartG&nbsp;mbB","description":"","publisher":{"@id":"https:\/\/oklp.de\/#organization"},"potentialAction":[{"@type":"SearchAction","target":{"@type":"EntryPoint","urlTemplate":"https:\/\/oklp.de\/?s={search_term_string}"},"query-input":{"@type":"PropertyValueSpecification","valueRequired":true,"valueName":"search_term_string"}}],"inLanguage":"en-US"},{"@type":"Organization","@id":"https:\/\/oklp.de\/#organization","name":"okl &amp;&nbsp;part\u00adner Rechts\u00adan\u00adw\u00e4l\u00adte PartG&nbsp;mbB","url":"https:\/\/oklp.de\/","logo":{"@type":"ImageObject","inLanguage":"en-US","@id":"https:\/\/oklp.de\/#\/schema\/logo\/image\/","url":"https:\/\/oklp.de\/wp-content\/uploads\/2021\/12\/Prima\u0308r_OKLP_Logo_CMYK-1.png","contentUrl":"https:\/\/oklp.de\/wp-content\/uploads\/2021\/12\/Prima\u0308r_OKLP_Logo_CMYK-1.png","width":904,"height":286,"caption":"okl & partner Rechtsanw\u00e4lte PartG mbB"},"image":{"@id":"https:\/\/oklp.de\/#\/schema\/logo\/image\/"}}]}},"_links":{"self":[{"href":"https:\/\/oklp.de\/en\/wp-json\/wp\/v2\/pages\/1012","targetHints":{"allow":["GET"]}}],"collection":[{"href":"https:\/\/oklp.de\/en\/wp-json\/wp\/v2\/pages"}],"about":[{"href":"https:\/\/oklp.de\/en\/wp-json\/wp\/v2\/types\/page"}],"author":[{"embeddable":true,"href":"https:\/\/oklp.de\/en\/wp-json\/wp\/v2\/users\/1"}],"replies":[{"embeddable":true,"href":"https:\/\/oklp.de\/en\/wp-json\/wp\/v2\/comments?post=1012"}],"version-history":[{"count":6,"href":"https:\/\/oklp.de\/en\/wp-json\/wp\/v2\/pages\/1012\/revisions"}],"predecessor-version":[{"id":2429,"href":"https:\/\/oklp.de\/en\/wp-json\/wp\/v2\/pages\/1012\/revisions\/2429"}],"wp:attachment":[{"href":"https:\/\/oklp.de\/en\/wp-json\/wp\/v2\/media?parent=1012"}],"curies":[{"name":"wp","href":"https:\/\/api.w.org\/{rel}","templated":true}]}}