{"id":1024,"date":"2022-04-17T21:07:14","date_gmt":"2022-04-17T21:07:14","guid":{"rendered":"https:\/\/oklp.de\/?page_id=1024"},"modified":"2024-10-05T17:41:19","modified_gmt":"2024-10-05T17:41:19","slug":"rechtsanwalt-tobias-prang","status":"publish","type":"page","link":"https:\/\/oklp.de\/en\/rechtsanwalt-tobias-prang\/","title":{"rendered":"Rechts\u00adan\u00adwalt Tobi\u00adas&nbsp;Prang"},"content":{"rendered":"\n\t\t<div id=\"fws_69ef8787db8a2\"  data-column-margin=\"default\" data-midnight=\"dark\"  class=\"wpb_row vc_row-fluid vc_row has-row-bg-color\"  style=\"padding-top: 80px; padding-bottom: 15px; --row-bg-color: #000000;\"><div class=\"row-bg-wrap\" data-bg-animation=\"none\" data-bg-animation-delay=\"\" data-bg-overlay=\"false\"><div class=\"inner-wrap row-bg-layer\" ><div class=\"row-bg viewport-desktop using-bg-color\"  style=\"background-color: #000000; \"><\/div><\/div><\/div><div class=\"row_col_wrap_12 col span_12 dark left\">\n\t<div  class=\"vc_col-sm-1\/5 wpb_column column_container vc_column_container col no-extra-padding inherit_tablet inherit_phone \"  data-padding-pos=\"all\" data-has-bg-color=\"false\" data-bg-color=\"\" data-bg-opacity=\"1\" data-animation=\"\" data-delay=\"0\" >\n\t\t<div class=\"vc_column-inner\" >\n\t\t\t<div class=\"wpb_wrapper\">\n\t\t\t\t\n\t\t\t<\/div> \n\t\t<\/div>\n\t<\/div> \n\n\t<div style=\" color: #ffffff;\" class=\"vc_col-sm-3\/5 wpb_column column_container vc_column_container col no-extra-padding inherit_tablet inherit_phone \" data-cfc=\"true\"  data-padding-pos=\"all\" data-has-bg-color=\"false\" data-bg-color=\"\" data-bg-opacity=\"1\" data-animation=\"\" data-delay=\"0\" >\n\t\t<div class=\"vc_column-inner\" >\n\t\t\t<div class=\"wpb_wrapper\">\n\t\t\t\t\n<div class=\"wpb_text_column wpb_content_element \" >\n\t<p>Tobias Prang ber\u00e4t und vertritt Mandanten im Handels- und Gesellschaftsrecht sowie im gewerblichen Rechtsschutz einschlie\u00dflich des Wettbewerbsrechts an der Schnittstelle zum Umwelt- und Klimaschutzrecht, unter anderem im Bereich Greenwashing-Litigation. Seine Schwerpunkte bilden die F\u00fchrung von Zivilprozessen, die Gestaltung von Vertr\u00e4gen sowie die Beratung zu ESG-Compliance einschlie\u00dflich Lieferkettenregulierung. Eine rechtlich fundierte Beurteilung des jeweiligen Sachverhalts, klare Sprache und das Aufzeigen pragmatischer und strategisch sinnvoller L\u00f6sungen sind ihm bei der Beratung ein besonderes Anliegen.<span class=\"Apple-converted-space\">\u00a0<\/span><\/p>\n<p>Mandanten sch\u00e4tzen sein Verst\u00e4ndnis komplexer, auch technisch-naturwissenschaftlicher Sachverhalte und seine F\u00e4higkeit, anspruchsvolle rechtliche Zusammenh\u00e4nge verst\u00e4ndlich zu erl\u00e4utern.<span class=\"Apple-converted-space\">\u00a0<\/span><\/p>\n<\/div>\n\n\n\n\n\t\t\t<\/div> \n\t\t<\/div>\n\t<\/div> \n\n\t<div  class=\"vc_col-sm-1\/5 wpb_column column_container vc_column_container col no-extra-padding inherit_tablet inherit_phone \"  data-padding-pos=\"all\" data-has-bg-color=\"false\" data-bg-color=\"\" data-bg-opacity=\"1\" data-animation=\"\" data-delay=\"0\" >\n\t\t<div class=\"vc_column-inner\" >\n\t\t\t<div class=\"wpb_wrapper\">\n\t\t\t\t\n\t\t\t<\/div> \n\t\t<\/div>\n\t<\/div> \n<\/div><\/div>\n\t\t<div id=\"fws_69ef8787dbc1d\"  data-column-margin=\"default\" data-midnight=\"light\"  class=\"wpb_row vc_row-fluid vc_row has-row-bg-color\"  style=\"padding-top: 40px; padding-bottom: 30px; --row-bg-color: #000000;\"><div class=\"row-bg-wrap\" data-bg-animation=\"none\" data-bg-animation-delay=\"\" data-bg-overlay=\"false\"><div class=\"inner-wrap row-bg-layer\" ><div class=\"row-bg viewport-desktop using-bg-color\"  style=\"background-color: #000000; \"><\/div><\/div><\/div><div class=\"row_col_wrap_12 col span_12 light left\">\n\t<div  class=\"vc_col-sm-1\/5 wpb_column column_container vc_column_container col no-extra-padding inherit_tablet inherit_phone \"  data-padding-pos=\"all\" data-has-bg-color=\"false\" data-bg-color=\"\" data-bg-opacity=\"1\" data-animation=\"\" data-delay=\"0\" >\n\t\t<div class=\"vc_column-inner\" >\n\t\t\t<div class=\"wpb_wrapper\">\n\t\t\t\t\n\t\t\t<\/div> \n\t\t<\/div>\n\t<\/div> \n\n\t<div style=\" color: #ffffff;\" class=\"vc_col-sm-3\/5 wpb_column column_container vc_column_container col no-extra-padding inherit_tablet inherit_phone \" data-cfc=\"true\"  data-padding-pos=\"all\" data-has-bg-color=\"false\" data-bg-color=\"\" data-bg-opacity=\"1\" data-animation=\"\" data-delay=\"0\" >\n\t\t<div class=\"vc_column-inner\" >\n\t\t\t<div class=\"wpb_wrapper\">\n\t\t\t\t<div class=\"toggles \" data-br=\"\" data-starting=\"default\" data-style=\"minimal_small\"><div class=\"toggle accent-color\" data-inner-wrap=\"true\"><h3 class=\"toggle-title\"><a href=\"#\" role=\"button\" class=\"toggle-heading\"><i role=\"presentation\" class=\"fa fa-plus\"><\/i>Lebenslauf<\/a><\/h3><div><div class=\"inner-toggle-wrap\">\n<div class=\"wpb_text_column wpb_content_element \" >\n\t<p>Studium der Rechtswissenschaften in K\u00f6ln, Warschau und Erlangen<\/p>\n<p>Zulassung als Rechtsanwalt 2015<\/p>\n<p>T\u00e4tigkeit als Rechtsanwalt in Kanzleien in Hamburg, Stuttgart und K\u00f6ln mit Schwerpunkten Handels- und Gesellschaftsrecht, Gewerblicher Rechtsschutz, insb. mit Bez\u00fcgen zum Gesundheitsrecht und Recht der Kreislaufwirtschaft, Zivilprozesse und Schiedsverfahren<\/p>\n<p>Eintritt in die Soziet\u00e4t K\u00f6hler &amp; Klett (heute okl &amp; partner), B\u00fcro K\u00f6ln, 2021<\/p>\n<p>Mitglied der Deutschen Vereinigung f\u00fcr gewerblichen Rechtsschutz und Urheberrecht e.V. (GRUR)<\/p>\n<\/div>\n\n\n\n<\/div><\/div><\/div><div class=\"toggle accent-color\" data-inner-wrap=\"true\"><h3 class=\"toggle-title\"><a href=\"#\" role=\"button\" class=\"toggle-heading\"><i role=\"presentation\" class=\"fa fa-plus\"><\/i>Ver\u00f6ffentlichungen<\/a><\/h3><div><div class=\"inner-toggle-wrap\">\n<div class=\"wpb_text_column wpb_content_element \" >\n\t<p style=\"font-weight: 400\"><strong>Keine deliktische Haftung von Gesch\u00e4ftsf\u00fchrern f\u00fcr unterlassene Mindestlohnzahlungen (Besprechung der Entscheidung des BAG v. 30.3.2023 &#8211; 8 AZR 120\/22),<\/strong><br \/>\nin: EWiR 2023, 681-683 [gemeinsam mit S. Sura]<\/p>\n<p style=\"font-weight: 400\"><strong>Zum 1. Juli m\u00fcssen alle registriert sein, \u00c4nderungen im Verpackungsrecht: Auch die Verwendung von vorlizenzierten Verpackungen erfordert Registrierung bei der Zentralen Stelle,<\/strong><br \/>\nin: Apotheker Zeitung 23\/2022, S. 5 f. [gemeinsam mit Dr. T. Kieser]<\/p>\n<p><strong>Update Verpackungsrecht: Weitere Pflichten f\u00fcr Apotheken,<br \/>\n<\/strong>in: Apotheker Zeitung 27\/2021, S. 6 f. [gemeinsam mit Dr. T. Kieser].<\/p>\n<p><strong>Botendienstt\u00fcte keine Serviceverpackung?,<br \/>\n<\/strong>in: Apotheker Zeitung 38\/2019, S. 6 [gemeinsam mit Dr. T. Kieser].<\/p>\n<p><strong>Keine Chance mehr f\u00fcr M\u00fcll-Muffel, neues Verpackungsgesetz ab 1. Januar 2019 \/ Teil 2: Welche Vorbereitungen Apotheken jetzt treffen m\u00fcssen,<br \/>\n<\/strong>in: Apotheker Zeitung 41\/2018, S. 5 [gemeinsam mit Dr. T. Kieser].<\/p>\n<p><strong>Keine Chance mehr f\u00fcr M\u00fcll-Muffel, neues Verpackungsgesetz ab 1. Januar 2019 \/ Teil 1: Apotheken als entsorgungspflichtige Verpackungshersteller,<br \/>\n<\/strong>in: Apotheker Zeitung 40\/2018, S. 7 [gemeinsam mit Dr. T. Kieser].<\/p>\n<p><strong>Einf\u00fchrung von Kammern f\u00fcr internationale Handelssachen,<br \/>\n<\/strong>in: Neue Juristische Wochenschrift-Aktuell (NJW-Aktuell) 24\/2014, S. 12 [gemeinsam mit Dr. R. Mallmann].<\/p>\n<\/div>\n\n\n\n<\/div><\/div><\/div><\/div>\n\t\t\t<\/div> \n\t\t<\/div>\n\t<\/div> \n\n\t<div  class=\"vc_col-sm-1\/5 wpb_column column_container vc_column_container col no-extra-padding inherit_tablet inherit_phone \"  data-padding-pos=\"all\" data-has-bg-color=\"false\" data-bg-color=\"\" data-bg-opacity=\"1\" data-animation=\"\" data-delay=\"0\" >\n\t\t<div class=\"vc_column-inner\" >\n\t\t\t<div class=\"wpb_wrapper\">\n\t\t\t\t\n\t\t\t<\/div> \n\t\t<\/div>\n\t<\/div> \n<\/div><\/div>\n\t\t<div id=\"fws_69ef8787dc2ec\"  data-column-margin=\"default\" data-midnight=\"light\"  class=\"wpb_row vc_row-fluid vc_row has-row-bg-color\"  style=\"padding-top: 0px; padding-bottom: 40px; --row-bg-color: #000000;\"><div class=\"row-bg-wrap\" data-bg-animation=\"none\" data-bg-animation-delay=\"\" data-bg-overlay=\"false\"><div class=\"inner-wrap row-bg-layer\" ><div class=\"row-bg viewport-desktop using-bg-color\"  style=\"background-color: #000000; \"><\/div><\/div><\/div><div class=\"row_col_wrap_12 col span_12 light left\">\n\t<div  class=\"vc_col-sm-1\/5 wpb_column column_container vc_column_container col no-extra-padding inherit_tablet inherit_phone \"  data-padding-pos=\"all\" data-has-bg-color=\"false\" data-bg-color=\"\" data-bg-opacity=\"1\" data-animation=\"\" data-delay=\"0\" >\n\t\t<div class=\"vc_column-inner\" >\n\t\t\t<div class=\"wpb_wrapper\">\n\t\t\t\t\n\t\t\t<\/div> \n\t\t<\/div>\n\t<\/div> \n\n\t<div  class=\"vc_col-sm-4\/5 wpb_column column_container vc_column_container col no-extra-padding inherit_tablet inherit_phone \"  data-padding-pos=\"all\" data-has-bg-color=\"false\" data-bg-color=\"\" data-bg-opacity=\"1\" data-animation=\"\" data-delay=\"0\" >\n\t\t<div class=\"vc_column-inner\" >\n\t\t\t<div class=\"wpb_wrapper\">\n\t\t\t\t<div id=\"fws_69ef8787dc489\" data-midnight=\"\" data-column-margin=\"default\" class=\"wpb_row vc_row-fluid vc_row inner_row\"  style=\"\"><div class=\"row-bg-wrap\"> <div class=\"row-bg\" ><\/div> <\/div><div class=\"row_col_wrap_12_inner col span_12  left\">\n\t<div  class=\"vc_col-sm-4 wpb_column column_container vc_column_container col child_column no-extra-padding inherit_tablet inherit_phone \"   data-padding-pos=\"all\" data-has-bg-color=\"false\" data-bg-color=\"\" data-bg-opacity=\"1\" data-animation=\"\" data-delay=\"0\" >\n\t\t<div class=\"vc_column-inner\" >\n\t\t<div class=\"wpb_wrapper\">\n\t\t\t<div class=\"img-with-aniamtion-wrap  custom-size\" data-max-width=\"100%\" data-max-width-mobile=\"default\" data-border-radius=\"10px\" data-shadow=\"none\" data-animation=\"fade-in\" >\n      <div class=\"inner\">\n        <div class=\"hover-wrap\" data-hover-animation=\"zoom\"> \n          <div class=\"hover-wrap-inner\">\n            <img loading=\"lazy\" decoding=\"async\" class=\"img-with-animation skip-lazy\" data-delay=\"0\" height=\"1024\" width=\"1024\" data-animation=\"fade-in\" src=\"https:\/\/oklp.de\/wp-content\/uploads\/2024\/01\/tobias-prang-01-1-1024x1024.jpg\" alt=\"\" srcset=\"https:\/\/oklp.de\/wp-content\/uploads\/2024\/01\/tobias-prang-01-1-1024x1024.jpg 1024w, https:\/\/oklp.de\/wp-content\/uploads\/2024\/01\/tobias-prang-01-1-300x300.jpg 300w, https:\/\/oklp.de\/wp-content\/uploads\/2024\/01\/tobias-prang-01-1-150x150.jpg 150w, https:\/\/oklp.de\/wp-content\/uploads\/2024\/01\/tobias-prang-01-1-768x768.jpg 768w, https:\/\/oklp.de\/wp-content\/uploads\/2024\/01\/tobias-prang-01-1-12x12.jpg 12w, https:\/\/oklp.de\/wp-content\/uploads\/2024\/01\/tobias-prang-01-1-100x100.jpg 100w, https:\/\/oklp.de\/wp-content\/uploads\/2024\/01\/tobias-prang-01-1-140x140.jpg 140w, https:\/\/oklp.de\/wp-content\/uploads\/2024\/01\/tobias-prang-01-1-500x500.jpg 500w, https:\/\/oklp.de\/wp-content\/uploads\/2024\/01\/tobias-prang-01-1-350x350.jpg 350w, https:\/\/oklp.de\/wp-content\/uploads\/2024\/01\/tobias-prang-01-1-1000x1000.jpg 1000w, https:\/\/oklp.de\/wp-content\/uploads\/2024\/01\/tobias-prang-01-1-800x800.jpg 800w, https:\/\/oklp.de\/wp-content\/uploads\/2024\/01\/tobias-prang-01-1.jpg 1200w\" sizes=\"auto, (max-width: 1024px) 100vw, 1024px\" \/>\n          <\/div>\n        <\/div>\n        \n      <\/div>\n    <\/div>\n\t\t<\/div> \n\t<\/div>\n\t<\/div> \n\n\t<div  class=\"vc_col-sm-8 wpb_column column_container vc_column_container col child_column no-extra-padding inherit_tablet inherit_phone \"   data-padding-pos=\"all\" data-has-bg-color=\"false\" data-bg-color=\"\" data-bg-opacity=\"1\" data-animation=\"\" data-delay=\"0\" >\n\t\t<div class=\"vc_column-inner\" >\n\t\t<div class=\"wpb_wrapper\">\n\t\t\t\n<div class=\"wpb_text_column wpb_content_element \" >\n\t<h3>Rechtsanwalt<br \/>\nTobias Prang<\/h3>\n<\/div>\n\n\n\n<div class=\"divider-wrap\" data-alignment=\"default\"><div style=\"margin-top: 12.5px; width: 20%; height: 1px; margin-bottom: 12.5px;\" data-width=\"20%\" data-animate=\"yes\" data-animation-delay=\"\" data-color=\"accent-color\" class=\"divider-small-border\"><\/div><\/div>\n<div class=\"wpb_text_column wpb_content_element \" >\n\t<p>+49 221 4207-117<br \/>\ntobias.prang@oklp.de<\/p>\n<\/div>\n\n\n\n<div class=\"nectar_icon_wrap \" data-style=\"default\" data-padding=\"0px\" data-color=\"accent-color\" style=\"\" >\n\t\t<div class=\"nectar_icon\" ><a href=\"https:\/\/www.linkedin.com\/in\/tobias-prang-76b072231\/\" target=\"_blank\"><\/a><i style=\"font-size: 50px; line-height: 50px; height: 50px; width: 50px;\" class=\"fa fa-linkedin-square\"><\/i><\/div>\n\t<\/div>\n\t\t<\/div> \n\t<\/div>\n\t<\/div> \n<\/div><\/div>\n\t\t\t<\/div> \n\t\t<\/div>\n\t<\/div> \n<\/div><\/div>\n","protected":false},"excerpt":{"rendered":"Tobi\u00adas Prang ber\u00e4t und ver\u00adtritt Man\u00addan\u00adten im Han\u00addels- und Gesell\u00adschafts\u00adrecht sowie im gewerb\u00adli\u00adchen Rechts\u00adschutz ein\u00adschlie\u00df\u00adlich des Wett\u00adbe\u00adwerbs\u00adrechts an der Schnitt\u00adstel\u00adle zum Umwelt- und Kli\u00adma\u00adschutz\u00adrecht, unter ande\u00adrem im Bereich Green\u00adwa\u00adshing-Liti\u00adga\u00adti\u00adon.&nbsp;Seine\u2026","protected":false},"author":1,"featured_media":0,"parent":0,"menu_order":5,"comment_status":"closed","ping_status":"closed","template":"","meta":{"wp_typography_post_enhancements_disabled":false,"footnotes":""},"class_list":["post-1024","page","type-page","status-publish"],"yoast_head":"<!-- This site is optimized with the Yoast SEO plugin v27.4 - https:\/\/yoast.com\/product\/yoast-seo-wordpress\/ -->\n<title>Rechtsanwalt Tobias Prang - okl &amp; partner Rechtsanw\u00e4lte PartG mbB<\/title>\n<meta name=\"description\" content=\"Tobias Prang ber\u00e4t und vertritt Mandanten im Handels- und Gesellschaftsrecht sowie im gewerblichen Rechtsschutz einschlie\u00dflich des Wettbewerbsrechts an der Schnittstelle zum Umweltrecht. Seine Schwerpunkte bilden die F\u00fchrung von Zivilprozessen sowie die Gestaltung von Vertr\u00e4gen. Eine rechtlich fundierte Beurteilung des jeweiligen Sachverhalts, klare Sprache und das Aufzeigen pragmatischer und strategisch sinnvoller L\u00f6sungen sind ihm bei der Beratung ein besonderes Anliegen.Mandanten sch\u00e4tzen sein Verst\u00e4ndnis komplexer, auch technisch-naturwissenschaftlicher Sachverhalte und seine F\u00e4higkeit, anspruchsvolle rechtliche Zusammenh\u00e4nge verst\u00e4ndlich zu erl\u00e4utern.\" \/>\n<meta name=\"robots\" content=\"index, follow, max-snippet:-1, max-image-preview:large, max-video-preview:-1\" \/>\n<link rel=\"canonical\" href=\"https:\/\/oklp.de\/en\/rechtsanwalt-tobias-prang\/\" \/>\n<meta property=\"og:locale\" content=\"en_US\" \/>\n<meta property=\"og:type\" content=\"article\" \/>\n<meta property=\"og:title\" content=\"Rechtsanwalt Tobias Prang - okl &amp; partner Rechtsanw\u00e4lte PartG mbB\" \/>\n<meta property=\"og:description\" content=\"Tobias Prang ber\u00e4t und vertritt Mandanten im Handels- und Gesellschaftsrecht sowie im gewerblichen Rechtsschutz einschlie\u00dflich des Wettbewerbsrechts an der Schnittstelle zum Umweltrecht. Seine Schwerpunkte bilden die F\u00fchrung von Zivilprozessen sowie die Gestaltung von Vertr\u00e4gen. Eine rechtlich fundierte Beurteilung des jeweiligen Sachverhalts, klare Sprache und das Aufzeigen pragmatischer und strategisch sinnvoller L\u00f6sungen sind ihm bei der Beratung ein besonderes Anliegen.Mandanten sch\u00e4tzen sein Verst\u00e4ndnis komplexer, auch technisch-naturwissenschaftlicher Sachverhalte und seine F\u00e4higkeit, anspruchsvolle rechtliche Zusammenh\u00e4nge verst\u00e4ndlich zu erl\u00e4utern.\" \/>\n<meta property=\"og:url\" content=\"https:\/\/oklp.de\/en\/rechtsanwalt-tobias-prang\/\" \/>\n<meta property=\"og:site_name\" content=\"okl &amp; partner Rechtsanw\u00e4lte PartG mbB\" \/>\n<meta property=\"article:modified_time\" content=\"2024-10-05T17:41:19+00:00\" \/>\n<meta name=\"twitter:card\" content=\"summary_large_image\" \/>\n<meta name=\"twitter:label1\" content=\"Est. reading time\" \/>\n\t<meta name=\"twitter:data1\" content=\"5 minutes\" \/>\n<script type=\"application\/ld+json\" class=\"yoast-schema-graph\">{\"@context\":\"https:\\\/\\\/schema.org\",\"@graph\":[{\"@type\":\"WebPage\",\"@id\":\"https:\\\/\\\/oklp.de\\\/rechtsanwalt-tobias-prang\\\/\",\"url\":\"https:\\\/\\\/oklp.de\\\/rechtsanwalt-tobias-prang\\\/\",\"name\":\"Rechtsanwalt Tobias Prang - okl &amp; partner Rechtsanw\u00e4lte PartG mbB\",\"isPartOf\":{\"@id\":\"https:\\\/\\\/oklp.de\\\/#website\"},\"datePublished\":\"2022-04-17T21:07:14+00:00\",\"dateModified\":\"2024-10-05T17:41:19+00:00\",\"description\":\"Tobias Prang ber\u00e4t und vertritt Mandanten im Handels- und Gesellschaftsrecht sowie im gewerblichen Rechtsschutz einschlie\u00dflich des Wettbewerbsrechts an der Schnittstelle zum Umweltrecht. Seine Schwerpunkte bilden die F\u00fchrung von Zivilprozessen sowie die Gestaltung von Vertr\u00e4gen. Eine rechtlich fundierte Beurteilung des jeweiligen Sachverhalts, klare Sprache und das Aufzeigen pragmatischer und strategisch sinnvoller L\u00f6sungen sind ihm bei der Beratung ein besonderes Anliegen.Mandanten sch\u00e4tzen sein Verst\u00e4ndnis komplexer, auch technisch-naturwissenschaftlicher Sachverhalte und seine F\u00e4higkeit, anspruchsvolle rechtliche Zusammenh\u00e4nge verst\u00e4ndlich zu erl\u00e4utern.\",\"breadcrumb\":{\"@id\":\"https:\\\/\\\/oklp.de\\\/rechtsanwalt-tobias-prang\\\/#breadcrumb\"},\"inLanguage\":\"en-US\",\"potentialAction\":[{\"@type\":\"ReadAction\",\"target\":[\"https:\\\/\\\/oklp.de\\\/rechtsanwalt-tobias-prang\\\/\"]}]},{\"@type\":\"BreadcrumbList\",\"@id\":\"https:\\\/\\\/oklp.de\\\/rechtsanwalt-tobias-prang\\\/#breadcrumb\",\"itemListElement\":[{\"@type\":\"ListItem\",\"position\":1,\"name\":\"Home\",\"item\":\"https:\\\/\\\/oklp.de\\\/\"},{\"@type\":\"ListItem\",\"position\":2,\"name\":\"Rechtsanwalt Tobias Prang\"}]},{\"@type\":\"WebSite\",\"@id\":\"https:\\\/\\\/oklp.de\\\/#website\",\"url\":\"https:\\\/\\\/oklp.de\\\/\",\"name\":\"okl &amp; partner Rechtsanw\u00e4lte PartG mbB\",\"description\":\"\",\"publisher\":{\"@id\":\"https:\\\/\\\/oklp.de\\\/#organization\"},\"potentialAction\":[{\"@type\":\"SearchAction\",\"target\":{\"@type\":\"EntryPoint\",\"urlTemplate\":\"https:\\\/\\\/oklp.de\\\/?s={search_term_string}\"},\"query-input\":{\"@type\":\"PropertyValueSpecification\",\"valueRequired\":true,\"valueName\":\"search_term_string\"}}],\"inLanguage\":\"en-US\"},{\"@type\":\"Organization\",\"@id\":\"https:\\\/\\\/oklp.de\\\/#organization\",\"name\":\"okl & partner Rechtsanw\u00e4lte PartG mbB\",\"url\":\"https:\\\/\\\/oklp.de\\\/\",\"logo\":{\"@type\":\"ImageObject\",\"inLanguage\":\"en-US\",\"@id\":\"https:\\\/\\\/oklp.de\\\/#\\\/schema\\\/logo\\\/image\\\/\",\"url\":\"https:\\\/\\\/oklp.de\\\/wp-content\\\/uploads\\\/2021\\\/12\\\/Prima\u0308r_OKLP_Logo_CMYK-1.png\",\"contentUrl\":\"https:\\\/\\\/oklp.de\\\/wp-content\\\/uploads\\\/2021\\\/12\\\/Prima\u0308r_OKLP_Logo_CMYK-1.png\",\"width\":904,\"height\":286,\"caption\":\"okl & partner Rechtsanw\u00e4lte PartG mbB\"},\"image\":{\"@id\":\"https:\\\/\\\/oklp.de\\\/#\\\/schema\\\/logo\\\/image\\\/\"}}]}<\/script>\n<!-- \/ Yoast SEO plugin. -->","yoast_head_json":{"title":"Rechts\u00adan\u00adwalt Tobi\u00adas Prang \u2013 okl &amp;&nbsp;part\u00adner Rechts\u00adan\u00adw\u00e4l\u00adte PartG&nbsp;mbB","description":"Tobi\u00adas Prang ber\u00e4t und ver\u00adtritt Man\u00addan\u00adten im Han\u00addels- und Gesell\u00adschafts\u00adrecht sowie im gewerb\u00adli\u00adchen Rechts\u00adschutz ein\u00adschlie\u00df\u00adlich des Wett\u00adbe\u00adwerbs\u00adrechts an der Schnitt\u00adstel\u00adle zum Umwelt\u00adrecht. Sei\u00adne Schwer\u00adpunk\u00adte bil\u00adden die F\u00fch\u00adrung von Zivil\u00adpro\u00adzes\u00adsen sowie die Gestal\u00adtung von Ver\u00adtr\u00e4\u00adgen. Eine recht\u00adlich fun\u00addier\u00adte Beur\u00adtei\u00adlung des jewei\u00adli\u00adgen Sach\u00adver\u00adhalts, kla\u00adre Spra\u00adche und das Auf\u00adzei\u00adgen prag\u00adma\u00adti\u00adscher und stra\u00adte\u00adgisch sinn\u00advol\u00adler L\u00f6sun\u00adgen sind ihm bei der Bera\u00adtung ein beson\u00adde\u00adres Anliegen.Mandanten sch\u00e4t\u00adzen sein Ver\u00adst\u00e4nd\u00adnis kom\u00adple\u00adxer, auch tech\u00adnisch-natur\u00adwis\u00adsen\u00adschaft\u00adli\u00adcher Sach\u00adver\u00adhal\u00adte und sei\u00adne F\u00e4hig\u00adkeit, anspruchs\u00advol\u00adle recht\u00adli\u00adche Zusam\u00admen\u00adh\u00e4n\u00adge ver\u00adst\u00e4nd\u00adlich zu erl\u00e4utern.","robots":{"index":"index","follow":"follow","max-snippet":"max-snippet:-1","max-image-preview":"max-image-preview:large","max-video-preview":"max-video-preview:-1"},"canonical":"https:\/\/oklp.de\/en\/rechtsanwalt-tobias-prang\/","og_locale":"en_US","og_type":"article","og_title":"Rechtsanwalt Tobias Prang - okl &amp; partner Rechtsanw\u00e4lte PartG mbB","og_description":"Tobias Prang ber\u00e4t und vertritt Mandanten im Handels- und Gesellschaftsrecht sowie im gewerblichen Rechtsschutz einschlie\u00dflich des Wettbewerbsrechts an der Schnittstelle zum Umweltrecht. Seine Schwerpunkte bilden die F\u00fchrung von Zivilprozessen sowie die Gestaltung von Vertr\u00e4gen. Eine rechtlich fundierte Beurteilung des jeweiligen Sachverhalts, klare Sprache und das Aufzeigen pragmatischer und strategisch sinnvoller L\u00f6sungen sind ihm bei der Beratung ein besonderes Anliegen.Mandanten sch\u00e4tzen sein Verst\u00e4ndnis komplexer, auch technisch-naturwissenschaftlicher Sachverhalte und seine F\u00e4higkeit, anspruchsvolle rechtliche Zusammenh\u00e4nge verst\u00e4ndlich zu erl\u00e4utern.","og_url":"https:\/\/oklp.de\/en\/rechtsanwalt-tobias-prang\/","og_site_name":"okl &amp; partner Rechtsanw\u00e4lte PartG mbB","article_modified_time":"2024-10-05T17:41:19+00:00","twitter_card":"summary_large_image","twitter_misc":{"Est. reading time":"5 minutes"},"schema":{"@context":"https:\/\/schema.org","@graph":[{"@type":"WebPage","@id":"https:\/\/oklp.de\/rechtsanwalt-tobias-prang\/","url":"https:\/\/oklp.de\/rechtsanwalt-tobias-prang\/","name":"Rechts\u00adan\u00adwalt Tobi\u00adas Prang \u2013 okl &amp;&nbsp;part\u00adner Rechts\u00adan\u00adw\u00e4l\u00adte PartG&nbsp;mbB","isPartOf":{"@id":"https:\/\/oklp.de\/#website"},"datePublished":"2022-04-17T21:07:14+00:00","dateModified":"2024-10-05T17:41:19+00:00","description":"Tobi\u00adas Prang ber\u00e4t und ver\u00adtritt Man\u00addan\u00adten im Han\u00addels- und Gesell\u00adschafts\u00adrecht sowie im gewerb\u00adli\u00adchen Rechts\u00adschutz ein\u00adschlie\u00df\u00adlich des Wett\u00adbe\u00adwerbs\u00adrechts an der Schnitt\u00adstel\u00adle zum Umwelt\u00adrecht. Sei\u00adne Schwer\u00adpunk\u00adte bil\u00adden die F\u00fch\u00adrung von Zivil\u00adpro\u00adzes\u00adsen sowie die Gestal\u00adtung von Ver\u00adtr\u00e4\u00adgen. Eine recht\u00adlich fun\u00addier\u00adte Beur\u00adtei\u00adlung des jewei\u00adli\u00adgen Sach\u00adver\u00adhalts, kla\u00adre Spra\u00adche und das Auf\u00adzei\u00adgen prag\u00adma\u00adti\u00adscher und stra\u00adte\u00adgisch sinn\u00advol\u00adler L\u00f6sun\u00adgen sind ihm bei der Bera\u00adtung ein beson\u00adde\u00adres Anliegen.Mandanten sch\u00e4t\u00adzen sein Ver\u00adst\u00e4nd\u00adnis kom\u00adple\u00adxer, auch tech\u00adnisch-natur\u00adwis\u00adsen\u00adschaft\u00adli\u00adcher Sach\u00adver\u00adhal\u00adte und sei\u00adne F\u00e4hig\u00adkeit, anspruchs\u00advol\u00adle recht\u00adli\u00adche Zusam\u00admen\u00adh\u00e4n\u00adge ver\u00adst\u00e4nd\u00adlich zu erl\u00e4utern.","breadcrumb":{"@id":"https:\/\/oklp.de\/rechtsanwalt-tobias-prang\/#breadcrumb"},"inLanguage":"en-US","potentialAction":[{"@type":"ReadAction","target":["https:\/\/oklp.de\/rechtsanwalt-tobias-prang\/"]}]},{"@type":"BreadcrumbList","@id":"https:\/\/oklp.de\/rechtsanwalt-tobias-prang\/#breadcrumb","itemListElement":[{"@type":"ListItem","position":1,"name":"Home","item":"https:\/\/oklp.de\/"},{"@type":"ListItem","position":2,"name":"Rechtsanwalt Tobias Prang"}]},{"@type":"WebSite","@id":"https:\/\/oklp.de\/#website","url":"https:\/\/oklp.de\/","name":"okl &amp;&nbsp;part\u00adner Rechts\u00adan\u00adw\u00e4l\u00adte PartG&nbsp;mbB","description":"","publisher":{"@id":"https:\/\/oklp.de\/#organization"},"potentialAction":[{"@type":"SearchAction","target":{"@type":"EntryPoint","urlTemplate":"https:\/\/oklp.de\/?s={search_term_string}"},"query-input":{"@type":"PropertyValueSpecification","valueRequired":true,"valueName":"search_term_string"}}],"inLanguage":"en-US"},{"@type":"Organization","@id":"https:\/\/oklp.de\/#organization","name":"okl &amp;&nbsp;part\u00adner Rechts\u00adan\u00adw\u00e4l\u00adte PartG&nbsp;mbB","url":"https:\/\/oklp.de\/","logo":{"@type":"ImageObject","inLanguage":"en-US","@id":"https:\/\/oklp.de\/#\/schema\/logo\/image\/","url":"https:\/\/oklp.de\/wp-content\/uploads\/2021\/12\/Prima\u0308r_OKLP_Logo_CMYK-1.png","contentUrl":"https:\/\/oklp.de\/wp-content\/uploads\/2021\/12\/Prima\u0308r_OKLP_Logo_CMYK-1.png","width":904,"height":286,"caption":"okl & partner Rechtsanw\u00e4lte PartG mbB"},"image":{"@id":"https:\/\/oklp.de\/#\/schema\/logo\/image\/"}}]}},"_links":{"self":[{"href":"https:\/\/oklp.de\/en\/wp-json\/wp\/v2\/pages\/1024","targetHints":{"allow":["GET"]}}],"collection":[{"href":"https:\/\/oklp.de\/en\/wp-json\/wp\/v2\/pages"}],"about":[{"href":"https:\/\/oklp.de\/en\/wp-json\/wp\/v2\/types\/page"}],"author":[{"embeddable":true,"href":"https:\/\/oklp.de\/en\/wp-json\/wp\/v2\/users\/1"}],"replies":[{"embeddable":true,"href":"https:\/\/oklp.de\/en\/wp-json\/wp\/v2\/comments?post=1024"}],"version-history":[{"count":7,"href":"https:\/\/oklp.de\/en\/wp-json\/wp\/v2\/pages\/1024\/revisions"}],"predecessor-version":[{"id":2053,"href":"https:\/\/oklp.de\/en\/wp-json\/wp\/v2\/pages\/1024\/revisions\/2053"}],"wp:attachment":[{"href":"https:\/\/oklp.de\/en\/wp-json\/wp\/v2\/media?parent=1024"}],"curies":[{"name":"wp","href":"https:\/\/api.w.org\/{rel}","templated":true}]}}