{"id":1329,"date":"2022-10-06T17:09:26","date_gmt":"2022-10-06T17:09:26","guid":{"rendered":"https:\/\/oklp.de\/?page_id=1329"},"modified":"2025-11-04T08:47:12","modified_gmt":"2025-11-04T08:47:12","slug":"rechtsanwaeltin-denise-helling","status":"publish","type":"page","link":"https:\/\/oklp.de\/en\/rechtsanwaeltin-denise-helling\/","title":{"rendered":"Rechts\u00adan\u00adw\u00e4l\u00adtin Deni\u00adse Helling"},"content":{"rendered":"\n\t\t<div id=\"fws_69ef854577e07\"  data-column-margin=\"default\" data-midnight=\"dark\"  class=\"wpb_row vc_row-fluid vc_row has-row-bg-color\"  style=\"padding-top: 80px; padding-bottom: 15px; --row-bg-color: #000000;\"><div class=\"row-bg-wrap\" data-bg-animation=\"none\" data-bg-animation-delay=\"\" data-bg-overlay=\"false\"><div class=\"inner-wrap row-bg-layer\" ><div class=\"row-bg viewport-desktop using-bg-color\"  style=\"background-color: #000000; \"><\/div><\/div><\/div><div class=\"row_col_wrap_12 col span_12 dark left\">\n\t<div  class=\"vc_col-sm-1\/5 wpb_column column_container vc_column_container col no-extra-padding inherit_tablet inherit_phone \"  data-padding-pos=\"all\" data-has-bg-color=\"false\" data-bg-color=\"\" data-bg-opacity=\"1\" data-animation=\"\" data-delay=\"0\" >\n\t\t<div class=\"vc_column-inner\" >\n\t\t\t<div class=\"wpb_wrapper\">\n\t\t\t\t\n\t\t\t<\/div> \n\t\t<\/div>\n\t<\/div> \n\n\t<div style=\" color: #ffffff;\" class=\"vc_col-sm-3\/5 wpb_column column_container vc_column_container col no-extra-padding inherit_tablet inherit_phone \" data-cfc=\"true\"  data-padding-pos=\"all\" data-has-bg-color=\"false\" data-bg-color=\"\" data-bg-opacity=\"1\" data-animation=\"\" data-delay=\"0\" >\n\t\t<div class=\"vc_column-inner\" >\n\t\t\t<div class=\"wpb_wrapper\">\n\t\t\t\t\n<div class=\"wpb_text_column wpb_content_element \" >\n\t<p>Die rechtsanwaltliche Beratung von Denise Helling erstreckt sich auf das \u00f6ffentliche Wirtschaftsrecht. Sie ber\u00e4t und vertritt nationale und internationale Unternehmen im Umwelt- und Planungsrecht, im Klimaschutz- und Kreislaufwirtschaftsrecht sowie im Umweltstrafrecht. Ein weiterer Schwerpunkt ihrer anwaltlichen T\u00e4tigkeit liegt im Bauplanungs- und Bauordnungsrecht. Daneben verf\u00fcgt Frau Helling \u00fcber besondere Expertise im Bereich des Lieferkettensorgfaltspflichtengesetzes.<\/p>\n<\/div>\n\n\n\n\n\t\t\t<\/div> \n\t\t<\/div>\n\t<\/div> \n\n\t<div  class=\"vc_col-sm-1\/5 wpb_column column_container vc_column_container col no-extra-padding inherit_tablet inherit_phone \"  data-padding-pos=\"all\" data-has-bg-color=\"false\" data-bg-color=\"\" data-bg-opacity=\"1\" data-animation=\"\" data-delay=\"0\" >\n\t\t<div class=\"vc_column-inner\" >\n\t\t\t<div class=\"wpb_wrapper\">\n\t\t\t\t\n\t\t\t<\/div> \n\t\t<\/div>\n\t<\/div> \n<\/div><\/div>\n\t\t<div id=\"fws_69ef8545780de\"  data-column-margin=\"default\" data-midnight=\"light\"  class=\"wpb_row vc_row-fluid vc_row has-row-bg-color\"  style=\"padding-top: 40px; padding-bottom: 30px; --row-bg-color: #000000;\"><div class=\"row-bg-wrap\" data-bg-animation=\"none\" data-bg-animation-delay=\"\" data-bg-overlay=\"false\"><div class=\"inner-wrap row-bg-layer\" ><div class=\"row-bg viewport-desktop using-bg-color\"  style=\"background-color: #000000; \"><\/div><\/div><\/div><div class=\"row_col_wrap_12 col span_12 light left\">\n\t<div  class=\"vc_col-sm-1\/5 wpb_column column_container vc_column_container col no-extra-padding inherit_tablet inherit_phone \"  data-padding-pos=\"all\" data-has-bg-color=\"false\" data-bg-color=\"\" data-bg-opacity=\"1\" data-animation=\"\" data-delay=\"0\" >\n\t\t<div class=\"vc_column-inner\" >\n\t\t\t<div class=\"wpb_wrapper\">\n\t\t\t\t\n\t\t\t<\/div> \n\t\t<\/div>\n\t<\/div> \n\n\t<div style=\" color: #ffffff;\" class=\"vc_col-sm-3\/5 wpb_column column_container vc_column_container col no-extra-padding inherit_tablet inherit_phone \" data-cfc=\"true\"  data-padding-pos=\"all\" data-has-bg-color=\"false\" data-bg-color=\"\" data-bg-opacity=\"1\" data-animation=\"\" data-delay=\"0\" >\n\t\t<div class=\"vc_column-inner\" >\n\t\t\t<div class=\"wpb_wrapper\">\n\t\t\t\t<div class=\"toggles \" data-br=\"\" data-starting=\"default\" data-style=\"minimal_small\"><div class=\"toggle accent-color\" data-inner-wrap=\"true\"><h3 class=\"toggle-title\"><a href=\"#\" role=\"button\" class=\"toggle-heading\"><i role=\"presentation\" class=\"fa fa-plus\"><\/i>Lebenslauf<\/a><\/h3><div><div class=\"inner-toggle-wrap\">\n<div class=\"wpb_text_column wpb_content_element \" >\n\t<p>Seit 2022: Fachanw\u00e4ltin f\u00fcr Verwaltungsrecht<\/p>\n<p>Studium der Rechtswissenschaften und der Englischen Philologie an der Georg-August Universit\u00e4t in G\u00f6ttingen<\/p>\n<p>Rechtsreferendariat im Bezirk des Oberlandesgerichts D\u00fcsseldorf u.a. mit Stationen bei der Deutschen Botschaft in Bangkok sowie in einer Kanzlei in New York<\/p>\n<p>Zulassung als Rechtsanw\u00e4ltin 2017<\/p>\n<p>Rechtsanw\u00e4ltin in einer renommierten Wirtschaftskanzlei in D\u00fcsseldorf im Bereich des \u00f6ffentlichen Rechts mit dem Schwerpunkt im Umwelt-, Planungs- und Regulierungsrecht, 2017-2022<\/p>\n<p>Eintritt in die Soziet\u00e4t okl &amp; partner, B\u00fcro K\u00f6ln, 2022<\/p>\n<\/div>\n\n\n\n<\/div><\/div><\/div><div class=\"toggle accent-color\" data-inner-wrap=\"true\"><h3 class=\"toggle-title\"><a href=\"#\" role=\"button\" class=\"toggle-heading\"><i role=\"presentation\" class=\"fa fa-plus\"><\/i>Ver\u00f6ffentlichungen<\/a><\/h3><div><div class=\"inner-toggle-wrap\">\n<div class=\"wpb_text_column wpb_content_element \" >\n\t<p>Kurzkommentar zum Lieferkettensorgfaltspflichtengesetz,<br \/>\nin: Altenschmidt\/Helling (Hrsg.), 1. Auflage 2022, Erich Schmidt Verlag<\/p>\n<p>Kommentierung zu \u00a7\u00a7 3 und 4 der Baustellenverordnung (BaustellVO),<br \/>\nC.H. Beck Verlag, erscheint demn\u00e4chst<\/p>\n<p>An der Lieferkette zur Klimaklage, Deutscher Anwaltsspiegel, Ausgabe 10\/2021, S. 6 ff. [gemeinsam mit Dr. Stefan Altenschmidt]<\/p>\n<\/div>\n\n\n\n<\/div><\/div><\/div><\/div>\n\t\t\t<\/div> \n\t\t<\/div>\n\t<\/div> \n\n\t<div  class=\"vc_col-sm-1\/5 wpb_column column_container vc_column_container col no-extra-padding inherit_tablet inherit_phone \"  data-padding-pos=\"all\" data-has-bg-color=\"false\" data-bg-color=\"\" data-bg-opacity=\"1\" data-animation=\"\" data-delay=\"0\" >\n\t\t<div class=\"vc_column-inner\" >\n\t\t\t<div class=\"wpb_wrapper\">\n\t\t\t\t\n\t\t\t<\/div> \n\t\t<\/div>\n\t<\/div> \n<\/div><\/div>\n\t\t<div id=\"fws_69ef85457861b\"  data-column-margin=\"default\" data-midnight=\"light\"  class=\"wpb_row vc_row-fluid vc_row has-row-bg-color\"  style=\"padding-top: 0px; padding-bottom: 40px; --row-bg-color: #000000;\"><div class=\"row-bg-wrap\" data-bg-animation=\"none\" data-bg-animation-delay=\"\" data-bg-overlay=\"false\"><div class=\"inner-wrap row-bg-layer\" ><div class=\"row-bg viewport-desktop using-bg-color\"  style=\"background-color: #000000; \"><\/div><\/div><\/div><div class=\"row_col_wrap_12 col span_12 light left\">\n\t<div  class=\"vc_col-sm-1\/5 wpb_column column_container vc_column_container col no-extra-padding inherit_tablet inherit_phone \"  data-padding-pos=\"all\" data-has-bg-color=\"false\" data-bg-color=\"\" data-bg-opacity=\"1\" data-animation=\"\" data-delay=\"0\" >\n\t\t<div class=\"vc_column-inner\" >\n\t\t\t<div class=\"wpb_wrapper\">\n\t\t\t\t\n\t\t\t<\/div> \n\t\t<\/div>\n\t<\/div> \n\n\t<div  class=\"vc_col-sm-4\/5 wpb_column column_container vc_column_container col no-extra-padding inherit_tablet inherit_phone \"  data-padding-pos=\"all\" data-has-bg-color=\"false\" data-bg-color=\"\" data-bg-opacity=\"1\" data-animation=\"\" data-delay=\"0\" >\n\t\t<div class=\"vc_column-inner\" >\n\t\t\t<div class=\"wpb_wrapper\">\n\t\t\t\t<div id=\"fws_69ef854578810\" data-midnight=\"\" data-column-margin=\"default\" class=\"wpb_row vc_row-fluid vc_row inner_row\"  style=\"\"><div class=\"row-bg-wrap\"> <div class=\"row-bg\" ><\/div> <\/div><div class=\"row_col_wrap_12_inner col span_12  left\">\n\t<div  class=\"vc_col-sm-4 wpb_column column_container vc_column_container col child_column no-extra-padding inherit_tablet inherit_phone \"   data-padding-pos=\"all\" data-has-bg-color=\"false\" data-bg-color=\"\" data-bg-opacity=\"1\" data-animation=\"\" data-delay=\"0\" >\n\t\t<div class=\"vc_column-inner\" >\n\t\t<div class=\"wpb_wrapper\">\n\t\t\t<div class=\"img-with-aniamtion-wrap  custom-size\" data-max-width=\"100%\" data-max-width-mobile=\"default\" data-border-radius=\"10px\" data-shadow=\"none\" data-animation=\"fade-in\" >\n      <div class=\"inner\">\n        <div class=\"hover-wrap\" data-hover-animation=\"zoom\"> \n          <div class=\"hover-wrap-inner\">\n            <img loading=\"lazy\" decoding=\"async\" class=\"img-with-animation skip-lazy\" data-delay=\"0\" height=\"800\" width=\"800\" data-animation=\"fade-in\" src=\"https:\/\/oklp.de\/wp-content\/uploads\/2022\/10\/denise-helling.jpg\" alt=\"Rechtanw\u00e4ltin Denise Helling\" srcset=\"https:\/\/oklp.de\/wp-content\/uploads\/2022\/10\/denise-helling.jpg 800w, https:\/\/oklp.de\/wp-content\/uploads\/2022\/10\/denise-helling-300x300.jpg 300w, https:\/\/oklp.de\/wp-content\/uploads\/2022\/10\/denise-helling-150x150.jpg 150w, https:\/\/oklp.de\/wp-content\/uploads\/2022\/10\/denise-helling-768x768.jpg 768w, https:\/\/oklp.de\/wp-content\/uploads\/2022\/10\/denise-helling-100x100.jpg 100w, https:\/\/oklp.de\/wp-content\/uploads\/2022\/10\/denise-helling-140x140.jpg 140w, https:\/\/oklp.de\/wp-content\/uploads\/2022\/10\/denise-helling-500x500.jpg 500w, https:\/\/oklp.de\/wp-content\/uploads\/2022\/10\/denise-helling-350x350.jpg 350w\" sizes=\"auto, (max-width: 800px) 100vw, 800px\" \/>\n          <\/div>\n        <\/div>\n        \n      <\/div>\n    <\/div>\n\t\t<\/div> \n\t<\/div>\n\t<\/div> \n\n\t<div  class=\"vc_col-sm-8 wpb_column column_container vc_column_container col child_column no-extra-padding inherit_tablet inherit_phone \"   data-padding-pos=\"all\" data-has-bg-color=\"false\" data-bg-color=\"\" data-bg-opacity=\"1\" data-animation=\"\" data-delay=\"0\" >\n\t\t<div class=\"vc_column-inner\" >\n\t\t<div class=\"wpb_wrapper\">\n\t\t\t\n<div class=\"wpb_text_column wpb_content_element \" >\n\t<h3>Rechtsanw\u00e4ltin<br \/>\nDenise Helling<\/h3>\n<\/div>\n\n\n\n<div class=\"divider-wrap\" data-alignment=\"default\"><div style=\"margin-top: 12.5px; width: 20%; height: 1px; margin-bottom: 12.5px;\" data-width=\"20%\" data-animate=\"yes\" data-animation-delay=\"\" data-color=\"accent-color\" class=\"divider-small-border\"><\/div><\/div>\n<div class=\"wpb_text_column wpb_content_element \" >\n\t<p>+49 221 4207-280<br \/>\ndenise.helling@oklp.de<\/p>\n<\/div>\n\n\n\n<div class=\"nectar_icon_wrap \" data-style=\"default\" data-padding=\"0px\" data-color=\"accent-color\" style=\"\" >\n\t\t<div class=\"nectar_icon\" ><a href=\"https:\/\/www.linkedin.com\/in\/denise-helling-746055221\/\" target=\"_blank\"><\/a><i style=\"font-size: 50px; line-height: 50px; height: 50px; width: 50px;\" class=\"fa fa-linkedin-square\"><\/i><\/div>\n\t<\/div>\n\t\t<\/div> \n\t<\/div>\n\t<\/div> \n<\/div><\/div>\n\t\t\t<\/div> \n\t\t<\/div>\n\t<\/div> \n<\/div><\/div>\n","protected":false},"excerpt":{"rendered":"Die rechts\u00adan\u00adwalt\u00adli\u00adche Bera\u00adtung von Deni\u00adse Hel\u00adling erstreckt sich auf das \u00f6ffent\u00adli\u00adche Wirt\u00adschafts\u00adrecht. Sie ber\u00e4t und ver\u00adtritt natio\u00adna\u00adle und inter\u00adna\u00adtio\u00adna\u00adle Unter\u00adneh\u00admen im Umwelt- und Pla\u00adnungs\u00adrecht, im Kli\u00adma\u00adschutz- und Kreis\u00adlauf\u00adwirt\u00adschafts\u00adrecht sowie&nbsp;im\u2026","protected":false},"author":1,"featured_media":0,"parent":0,"menu_order":5,"comment_status":"closed","ping_status":"closed","template":"","meta":{"wp_typography_post_enhancements_disabled":false,"footnotes":""},"class_list":["post-1329","page","type-page","status-publish"],"yoast_head":"<!-- This site is optimized with the Yoast SEO plugin v27.4 - https:\/\/yoast.com\/product\/yoast-seo-wordpress\/ -->\n<title>Rechtsanw\u00e4ltin Denise Helling - okl &amp; partner Rechtsanw\u00e4lte PartG mbB<\/title>\n<meta name=\"description\" content=\"Die rechtsanwaltliche Beratung von Denise Helling erstreckt sich auf das \u00f6ffentliche Wirtschaftsrecht.\" \/>\n<meta name=\"robots\" content=\"index, follow, max-snippet:-1, max-image-preview:large, max-video-preview:-1\" \/>\n<link rel=\"canonical\" href=\"https:\/\/oklp.de\/en\/rechtsanwaeltin-denise-helling\/\" \/>\n<meta property=\"og:locale\" content=\"en_US\" \/>\n<meta property=\"og:type\" content=\"article\" \/>\n<meta property=\"og:title\" content=\"Rechtsanw\u00e4ltin Denise Helling - okl &amp; partner Rechtsanw\u00e4lte PartG mbB\" \/>\n<meta property=\"og:description\" content=\"Die rechtsanwaltliche Beratung von Denise Helling erstreckt sich auf das \u00f6ffentliche Wirtschaftsrecht.\" \/>\n<meta property=\"og:url\" content=\"https:\/\/oklp.de\/en\/rechtsanwaeltin-denise-helling\/\" \/>\n<meta property=\"og:site_name\" content=\"okl &amp; partner Rechtsanw\u00e4lte PartG mbB\" \/>\n<meta property=\"article:modified_time\" content=\"2025-11-04T08:47:12+00:00\" \/>\n<meta name=\"twitter:card\" content=\"summary_large_image\" \/>\n<meta name=\"twitter:label1\" content=\"Est. reading time\" \/>\n\t<meta name=\"twitter:data1\" content=\"4 minutes\" \/>\n<script type=\"application\/ld+json\" class=\"yoast-schema-graph\">{\"@context\":\"https:\\\/\\\/schema.org\",\"@graph\":[{\"@type\":\"WebPage\",\"@id\":\"https:\\\/\\\/oklp.de\\\/rechtsanwaeltin-denise-helling\\\/\",\"url\":\"https:\\\/\\\/oklp.de\\\/rechtsanwaeltin-denise-helling\\\/\",\"name\":\"Rechtsanw\u00e4ltin Denise Helling - okl &amp; partner Rechtsanw\u00e4lte PartG mbB\",\"isPartOf\":{\"@id\":\"https:\\\/\\\/oklp.de\\\/#website\"},\"datePublished\":\"2022-10-06T17:09:26+00:00\",\"dateModified\":\"2025-11-04T08:47:12+00:00\",\"description\":\"Die rechtsanwaltliche Beratung von Denise Helling erstreckt sich auf das \u00f6ffentliche Wirtschaftsrecht.\",\"breadcrumb\":{\"@id\":\"https:\\\/\\\/oklp.de\\\/rechtsanwaeltin-denise-helling\\\/#breadcrumb\"},\"inLanguage\":\"en-US\",\"potentialAction\":[{\"@type\":\"ReadAction\",\"target\":[\"https:\\\/\\\/oklp.de\\\/rechtsanwaeltin-denise-helling\\\/\"]}]},{\"@type\":\"BreadcrumbList\",\"@id\":\"https:\\\/\\\/oklp.de\\\/rechtsanwaeltin-denise-helling\\\/#breadcrumb\",\"itemListElement\":[{\"@type\":\"ListItem\",\"position\":1,\"name\":\"Home\",\"item\":\"https:\\\/\\\/oklp.de\\\/\"},{\"@type\":\"ListItem\",\"position\":2,\"name\":\"Rechtsanw\u00e4ltin Denise Helling\"}]},{\"@type\":\"WebSite\",\"@id\":\"https:\\\/\\\/oklp.de\\\/#website\",\"url\":\"https:\\\/\\\/oklp.de\\\/\",\"name\":\"okl &amp; partner Rechtsanw\u00e4lte PartG mbB\",\"description\":\"\",\"publisher\":{\"@id\":\"https:\\\/\\\/oklp.de\\\/#organization\"},\"potentialAction\":[{\"@type\":\"SearchAction\",\"target\":{\"@type\":\"EntryPoint\",\"urlTemplate\":\"https:\\\/\\\/oklp.de\\\/?s={search_term_string}\"},\"query-input\":{\"@type\":\"PropertyValueSpecification\",\"valueRequired\":true,\"valueName\":\"search_term_string\"}}],\"inLanguage\":\"en-US\"},{\"@type\":\"Organization\",\"@id\":\"https:\\\/\\\/oklp.de\\\/#organization\",\"name\":\"okl & partner Rechtsanw\u00e4lte PartG mbB\",\"url\":\"https:\\\/\\\/oklp.de\\\/\",\"logo\":{\"@type\":\"ImageObject\",\"inLanguage\":\"en-US\",\"@id\":\"https:\\\/\\\/oklp.de\\\/#\\\/schema\\\/logo\\\/image\\\/\",\"url\":\"https:\\\/\\\/oklp.de\\\/wp-content\\\/uploads\\\/2021\\\/12\\\/Prima\u0308r_OKLP_Logo_CMYK-1.png\",\"contentUrl\":\"https:\\\/\\\/oklp.de\\\/wp-content\\\/uploads\\\/2021\\\/12\\\/Prima\u0308r_OKLP_Logo_CMYK-1.png\",\"width\":904,\"height\":286,\"caption\":\"okl & partner Rechtsanw\u00e4lte PartG mbB\"},\"image\":{\"@id\":\"https:\\\/\\\/oklp.de\\\/#\\\/schema\\\/logo\\\/image\\\/\"}}]}<\/script>\n<!-- \/ Yoast SEO plugin. -->","yoast_head_json":{"title":"Rechts\u00adan\u00adw\u00e4l\u00adtin Deni\u00adse Hel\u00adling \u2013 okl &amp;&nbsp;part\u00adner Rechts\u00adan\u00adw\u00e4l\u00adte PartG&nbsp;mbB","description":"Die rechts\u00adan\u00adwalt\u00adli\u00adche Bera\u00adtung von Deni\u00adse Hel\u00adling erstreckt sich auf das \u00f6ffent\u00adli\u00adche Wirtschaftsrecht.","robots":{"index":"index","follow":"follow","max-snippet":"max-snippet:-1","max-image-preview":"max-image-preview:large","max-video-preview":"max-video-preview:-1"},"canonical":"https:\/\/oklp.de\/en\/rechtsanwaeltin-denise-helling\/","og_locale":"en_US","og_type":"article","og_title":"Rechtsanw\u00e4ltin Denise Helling - okl &amp; partner Rechtsanw\u00e4lte PartG mbB","og_description":"Die rechtsanwaltliche Beratung von Denise Helling erstreckt sich auf das \u00f6ffentliche Wirtschaftsrecht.","og_url":"https:\/\/oklp.de\/en\/rechtsanwaeltin-denise-helling\/","og_site_name":"okl &amp; partner Rechtsanw\u00e4lte PartG mbB","article_modified_time":"2025-11-04T08:47:12+00:00","twitter_card":"summary_large_image","twitter_misc":{"Est. reading time":"4 minutes"},"schema":{"@context":"https:\/\/schema.org","@graph":[{"@type":"WebPage","@id":"https:\/\/oklp.de\/rechtsanwaeltin-denise-helling\/","url":"https:\/\/oklp.de\/rechtsanwaeltin-denise-helling\/","name":"Rechts\u00adan\u00adw\u00e4l\u00adtin Deni\u00adse Hel\u00adling \u2013 okl &amp;&nbsp;part\u00adner Rechts\u00adan\u00adw\u00e4l\u00adte PartG&nbsp;mbB","isPartOf":{"@id":"https:\/\/oklp.de\/#website"},"datePublished":"2022-10-06T17:09:26+00:00","dateModified":"2025-11-04T08:47:12+00:00","description":"Die rechts\u00adan\u00adwalt\u00adli\u00adche Bera\u00adtung von Deni\u00adse Hel\u00adling erstreckt sich auf das \u00f6ffent\u00adli\u00adche Wirtschaftsrecht.","breadcrumb":{"@id":"https:\/\/oklp.de\/rechtsanwaeltin-denise-helling\/#breadcrumb"},"inLanguage":"en-US","potentialAction":[{"@type":"ReadAction","target":["https:\/\/oklp.de\/rechtsanwaeltin-denise-helling\/"]}]},{"@type":"BreadcrumbList","@id":"https:\/\/oklp.de\/rechtsanwaeltin-denise-helling\/#breadcrumb","itemListElement":[{"@type":"ListItem","position":1,"name":"Home","item":"https:\/\/oklp.de\/"},{"@type":"ListItem","position":2,"name":"Rechtsanw\u00e4ltin Denise Helling"}]},{"@type":"WebSite","@id":"https:\/\/oklp.de\/#website","url":"https:\/\/oklp.de\/","name":"okl &amp;&nbsp;part\u00adner Rechts\u00adan\u00adw\u00e4l\u00adte PartG&nbsp;mbB","description":"","publisher":{"@id":"https:\/\/oklp.de\/#organization"},"potentialAction":[{"@type":"SearchAction","target":{"@type":"EntryPoint","urlTemplate":"https:\/\/oklp.de\/?s={search_term_string}"},"query-input":{"@type":"PropertyValueSpecification","valueRequired":true,"valueName":"search_term_string"}}],"inLanguage":"en-US"},{"@type":"Organization","@id":"https:\/\/oklp.de\/#organization","name":"okl &amp;&nbsp;part\u00adner Rechts\u00adan\u00adw\u00e4l\u00adte PartG&nbsp;mbB","url":"https:\/\/oklp.de\/","logo":{"@type":"ImageObject","inLanguage":"en-US","@id":"https:\/\/oklp.de\/#\/schema\/logo\/image\/","url":"https:\/\/oklp.de\/wp-content\/uploads\/2021\/12\/Prima\u0308r_OKLP_Logo_CMYK-1.png","contentUrl":"https:\/\/oklp.de\/wp-content\/uploads\/2021\/12\/Prima\u0308r_OKLP_Logo_CMYK-1.png","width":904,"height":286,"caption":"okl & partner Rechtsanw\u00e4lte PartG mbB"},"image":{"@id":"https:\/\/oklp.de\/#\/schema\/logo\/image\/"}}]}},"_links":{"self":[{"href":"https:\/\/oklp.de\/en\/wp-json\/wp\/v2\/pages\/1329","targetHints":{"allow":["GET"]}}],"collection":[{"href":"https:\/\/oklp.de\/en\/wp-json\/wp\/v2\/pages"}],"about":[{"href":"https:\/\/oklp.de\/en\/wp-json\/wp\/v2\/types\/page"}],"author":[{"embeddable":true,"href":"https:\/\/oklp.de\/en\/wp-json\/wp\/v2\/users\/1"}],"replies":[{"embeddable":true,"href":"https:\/\/oklp.de\/en\/wp-json\/wp\/v2\/comments?post=1329"}],"version-history":[{"count":12,"href":"https:\/\/oklp.de\/en\/wp-json\/wp\/v2\/pages\/1329\/revisions"}],"predecessor-version":[{"id":2566,"href":"https:\/\/oklp.de\/en\/wp-json\/wp\/v2\/pages\/1329\/revisions\/2566"}],"wp:attachment":[{"href":"https:\/\/oklp.de\/en\/wp-json\/wp\/v2\/media?parent=1329"}],"curies":[{"name":"wp","href":"https:\/\/api.w.org\/{rel}","templated":true}]}}