{"id":1800,"date":"2024-03-08T21:29:12","date_gmt":"2024-03-08T21:29:12","guid":{"rendered":"https:\/\/oklp.de\/?page_id=1800"},"modified":"2025-09-12T15:06:40","modified_gmt":"2025-09-12T15:06:40","slug":"rechtsanwaeltin-tina-ines-dressel","status":"publish","type":"page","link":"https:\/\/oklp.de\/en\/rechtsanwaeltin-tina-ines-dressel\/","title":{"rendered":"Rechts\u00adan\u00adw\u00e4l\u00adtin Tina Ines Dressel"},"content":{"rendered":"<div id=\"fws_69ef8539e2385\" data-column-margin=\"default\" data-midnight=\"dark\" class=\"wpb_row vc_row-fluid vc_row has-row-bg-color\" style=\"padding-top: 80px; padding-bottom: 15px; --row-bg-color: #000000;\"><div class=\"row-bg-wrap\" data-bg-animation=\"none\" data-bg-animation-delay data-bg-overlay=\"false\"><div class=\"inner-wrap row-bg-layer\"><div class=\"row-bg viewport-desktop using-bg-color\" style=\"background-color: #000000; \"><\/div><\/div><\/div><div class=\"row_col_wrap_12 col span_12 dark left\">\n\t<div class=\"vc_col-sm-1\/5 wpb_column column_container vc_column_container col no-extra-padding inherit_tablet inherit_phone\" data-padding-pos=\"all\" data-has-bg-color=\"false\" data-bg-color data-bg-opacity=\"1\" data-animation data-delay=\"0\">\n\t\t<div class=\"vc_column-inner\">\n\t\t\t<div class=\"wpb_wrapper\">\n\t\t\t\t\n\t\t\t<\/div> \n\t\t<\/div>\n\t<\/div> \n\n\t<div style=\" color: #ffffff;\" class=\"vc_col-sm-3\/5 wpb_column column_container vc_column_container col no-extra-padding inherit_tablet inherit_phone\" data-cfc=\"true\" data-padding-pos=\"all\" data-has-bg-color=\"false\" data-bg-color data-bg-opacity=\"1\" data-animation data-delay=\"0\">\n\t\t<div class=\"vc_column-inner\">\n\t\t\t<div class=\"wpb_wrapper\">\n\t\t\t\t\n<div class=\"wpb_text_column wpb_content_element\">\n\t<p>Dr. Tina Ines Dressel ver\u00adf\u00fcgt \u00fcber lang\u00adj\u00e4h\u00adri\u00adge Erfah\u00adrung bei der anwalt\u00adli\u00adchen Bera\u00adtung im \u00f6ffent\u00adli\u00adchen Pla\u00adnungs, Bau- und Umwelt\u00adrecht. Ihr Kern\u00adbe\u00adra\u00adtungs\u00adfeld bil\u00adden Infra\u00adstruk\u00adtur\u00advor\u00adha\u00adben aus dem Bereich der Ener\u00adgie\u00adwirt\u00adschaft. Dort ber\u00e4t sie zu allen Fra\u00adgen der Zulas\u00adsung und Geneh\u00admi\u00adgung von Ener\u00adgie\u00adan\u00adla\u00adgen sowie Kabel\u00adan\u00adbin\u00addungs- und Pipe\u00adline\u00adsys\u00adte\u00admen. Wei\u00adte\u00adre Bera\u00adtungs\u00adfel\u00adder sind aus\u00adwir\u00adkungs\u00adin\u00adten\u00adsi\u00adve Indus\u00adtrie\u00advor\u00adha\u00adben, spe\u00adzi\u00adell mit Blick auf umwelt- und zulas\u00adsungs\u00adbe\u00adzo\u00adge\u00adne Fra\u00adgen des indus\u00adtri\u00adel\u00adlen Wan\u00addels und der Dekar\u00adbo\u00adni\u00adsie\u00adrung. In die\u00adsem Kon\u00adtext ber\u00e4t Frau Dr. Dressel zur Umwid\u00admung und zum Neu\u00adbau des Was\u00adser\u00adstoff-Ver\u00adteil\u00adnet\u00adzes sowie zur Errich\u00adtung von Elek\u00adtro\u00adly\u00adseu\u00adren. Zu den Man\u00addan\u00adten von Frau Dr. Dressel z\u00e4h\u00adlen natio\u00adna\u00adle und inter\u00adna\u00adtio\u00adna\u00adle Unter\u00adneh\u00admen \u2013 neben Vor\u00adha\u00adben\u00adtr\u00e4\u00adgern und Pro\u00adjekt\u00adent\u00adwick\u00adlern auch Inves\u00adto\u00adren \u2013 sowie die \u00f6ffent\u00adli\u00adche&nbsp;Hand.<\/p>\n<p>Frau Dr. Dressels Man\u00addan\u00adten sch\u00e4t\u00adzen vor allem ihre aus\u00adge\u00adpr\u00e4g\u00adte bran\u00adchen\u00adbe\u00adzo\u00adge\u00adne Erfah\u00adrung, spe\u00adzi\u00adell im Bereich der Errich\u00adtung von Bat\u00adte\u00adrie\u00adspei\u00adcher\u00adsys\u00adte\u00admen und des Lei\u00adtungs\u00adaus\u00adbaus, sowie ihre Tech\u00adnik\u00adaf\u00adfi\u00adni\u00adt\u00e4t. Die von Frau Dr. Dressel im Zusam\u00admen\u00adhang mit Off\u00adshore-Vor\u00adha\u00adben bera\u00adte\u00adnen Man\u00addan\u00adten pro\u00adfi\u00adtie\u00adren zudem von den beson\u00adde\u00adren Kom\u00adpe\u00adten\u00adzen, die sie durch ihre Pro\u00admo\u00adti\u00adon auf dem Gebiet des See(v\u00f6lker)rechts erwor\u00adben&nbsp;hat.<\/p>\n<p>Frau Dr. Dressel ver\u00ad\u00f6f\u00adfent\u00adlicht regel\u00adm\u00e4\u00ad\u00dfig Bei\u00adtr\u00e4\u00adge in rechts\u00adwis\u00adsen\u00adschaft\u00adli\u00adchen und bran\u00adchen\u00adin\u00adter\u00adnen Fach\u00adme\u00addi\u00aden. Dar\u00ad\u00fcber hin\u00adaus gibt sie Semi\u00adna\u00adre und h\u00e4lt Vortr\u00e4ge vor allem zu pla\u00adnungs- und bau\u00adrecht\u00adli\u00adchen Themen.<\/p>\n<p>Frau Dr. Dressel wur\u00adde in den Jah\u00adren 2023, 2024 und auch 2025 von der Wirt\u00adschafts\u00adWo\u00adche als eine der renom\u00admier\u00adtes\u00adten Anw\u00e4l\u00adtin\u00adnen f\u00fcr Umwelt- und Bau\u00adpla\u00adnungs\u00adrecht ausgezeichnet.<\/p>\n<\/div>\n\n\n\n\n\t\t\t<\/div> \n\t\t<\/div>\n\t<\/div> \n\n\t<div class=\"vc_col-sm-1\/5 wpb_column column_container vc_column_container col no-extra-padding inherit_tablet inherit_phone\" data-padding-pos=\"all\" data-has-bg-color=\"false\" data-bg-color data-bg-opacity=\"1\" data-animation data-delay=\"0\">\n\t\t<div class=\"vc_column-inner\">\n\t\t\t<div class=\"wpb_wrapper\">\n\t\t\t\t\n\t\t\t<\/div> \n\t\t<\/div>\n\t<\/div> \n<\/div><\/div>\n\t\t<div id=\"fws_69ef8539e56dd\" data-column-margin=\"default\" data-midnight=\"light\" class=\"wpb_row vc_row-fluid vc_row has-row-bg-color\" style=\"padding-top: 40px; padding-bottom: 30px; --row-bg-color: #000000;\"><div class=\"row-bg-wrap\" data-bg-animation=\"none\" data-bg-animation-delay data-bg-overlay=\"false\"><div class=\"inner-wrap row-bg-layer\"><div class=\"row-bg viewport-desktop using-bg-color\" style=\"background-color: #000000; \"><\/div><\/div><\/div><div class=\"row_col_wrap_12 col span_12 light left\">\n\t<div class=\"vc_col-sm-1\/5 wpb_column column_container vc_column_container col no-extra-padding inherit_tablet inherit_phone\" data-padding-pos=\"all\" data-has-bg-color=\"false\" data-bg-color data-bg-opacity=\"1\" data-animation data-delay=\"0\">\n\t\t<div class=\"vc_column-inner\">\n\t\t\t<div class=\"wpb_wrapper\">\n\t\t\t\t\n\t\t\t<\/div> \n\t\t<\/div>\n\t<\/div> \n\n\t<div style=\" color: #ffffff;\" class=\"vc_col-sm-3\/5 wpb_column column_container vc_column_container col no-extra-padding inherit_tablet inherit_phone\" data-cfc=\"true\" data-padding-pos=\"all\" data-has-bg-color=\"false\" data-bg-color data-bg-opacity=\"1\" data-animation data-delay=\"0\">\n\t\t<div class=\"vc_column-inner\">\n\t\t\t<div class=\"wpb_wrapper\">\n\t\t\t\t<div class=\"toggles\" data-br data-starting=\"default\" data-style=\"minimal_small\"><div class=\"toggle accent-color\" data-inner-wrap=\"true\"><h3 class=\"toggle-title\"><a href=\"#\" role=\"button\" class=\"toggle-heading\"><i role=\"presentation\" class=\"fa fa-plus\"><\/i>Cur\u00adri\u00adcu\u00adlum&nbsp;vitae<\/a><\/h3><div><div class=\"inner-toggle-wrap\">\n<div class=\"wpb_text_column wpb_content_element\">\n\t<p style=\"font-weight: 400\">Stu\u00addi\u00adum der Rechts\u00adwis\u00adsen\u00adschaf\u00adten in Berlin<\/p>\n<p style=\"font-weight: 400\">Rechts\u00adre\u00adfe\u00adren\u00adda\u00adri\u00adat in Frank\u00adfurt am Main und Ber\u00adlin, u.a. mit Sta\u00adti\u00adon im Bun\u00addes\u00adwirt\u00adschafts\u00admi\u00adnis\u00adte\u00adri\u00adum und im Bundeskanzleramt<\/p>\n<p style=\"font-weight: 400\">Pro\u00admo\u00adti\u00adon mit einer Arbeit aus dem See\u00adv\u00f6l\u00adker\u00adrecht an der Uni\u00adver\u00adsi\u00adt\u00e4t Frankfurt\/Oder sowie der Uni\u00adver\u00adsi\u00adt\u00e4t Hamburg<\/p>\n<p style=\"font-weight: 400\">Zulas\u00adsung als Rechts\u00adan\u00adw\u00e4l\u00adtin im Jahr&nbsp;2015<\/p>\n<p style=\"font-weight: 400\">T\u00e4tig\u00adkeit als Rechts\u00adan\u00adw\u00e4l\u00adtin im Umwelt- und Pla\u00adnungs\u00adrecht sowie im \u00f6ffent\u00adli\u00adchen Bau\u00adrecht in inter\u00adna\u00adtio\u00adnal sowie bun\u00addes\u00adweit t\u00e4ti\u00adgen Anwalts\u00adso\u00adzie\u00adt\u00e4\u00adten in Ber\u00adlin und Essen\/D\u00fcsseldorf, u.a. bei Link\u00adla\u00adters LLP und Luther Rechts\u00adan\u00adwalts\u00adge\u00adsell\u00adschaft mbH<\/p>\n<p style=\"font-weight: 400\">Zwi\u00adschen\u00adzeit\u00adlich ein\u00adj\u00e4h\u00adri\u00adge T\u00e4tig\u00adkeit als juris\u00adti\u00adsche Refe\u00adren\u00adtin im Bun\u00addes\u00adver\u00adkehrs\u00admi\u00adnis\u00adte\u00adri\u00adum in einem Gesetzgebungsreferat<\/p>\n<p>Seit 03\/2024 Rechts\u00adan\u00adw\u00e4l\u00adtin und seit 01\/2025 Part\u00adne\u00adrin in der Sozie\u00adt\u00e4t okl &amp;&nbsp;part\u00adner, B\u00fcro Berlin<\/p>\n<p>Mit\u00adglied im BVES Bun\u00addes\u00adver\u00adband Ener\u00adgie\u00adspei\u00adcher Sys\u00adte\u00adme e.V. \/ AG Ener\u00adgie\u00adrecht und AK Bauplanungsrecht<\/p>\n<p>Mit\u00adglied der Gesell\u00adschaft f\u00fcr Umwelt\u00adrecht e.V.<\/p>\n<\/div>\n\n\n\n<\/div><\/div><\/div><div class=\"toggle default\" data-inner-wrap=\"true\"><h3 class=\"toggle-title\"><a href=\"#\" role=\"button\" class=\"toggle-heading\"><i role=\"presentation\" class=\"fa fa-plus\"><\/i>Lec\u00adtures<\/a><\/h3><div><div class=\"inner-toggle-wrap\">\n<div class=\"wpb_text_column wpb_content_element\">\n\t<p><b>Recht\u00adli\u00adche Her\u00adaus\u00adfor\u00adde\u00adrun\u00adgen beim Aus\u00adbau des H2-Ver\u00adteil\u00adnet\u00adzes<\/b> im Rah\u00admen der Brea\u00adkout Ses\u00adsi\u00adon 1 (\u201eH2-Netz\u00adent\u00adwick\u00adlung\u201c) auf dem Kon\u00adgress Bey\u00adond\u00adGas am 23. Sep\u00adtem\u00adber 2025 in Oldenburg<\/p>\n<p>Bei\u00adtrag <b>Aus\u00adbau der H2-Ver\u00adteil\u00adnet\u00adze \u2013 das eigent\u00adli\u00adche \u201eKern\u00adnetz\u201c f\u00fcr die Indus\u00adtrie<\/b> in VIK-Mit\u00adtei\u00adlun\u00adgen 3\/25<\/p>\n<p><b>Pri\u00advi\u00adle\u00adgiert! Zur Orts\u00adge\u00adbun\u00adden\u00adheit von Bat\u00adte\u00adrie\u00adspei\u00adchern im Au\u00dfen\u00adbe\u00adreich<\/b> in EnWZ 2025, S.&nbsp;208 \u2013&nbsp;214<\/p>\n<p><b>Juris\u00adti\u00adsche Ana\u00adly\u00adse des KSp(T)GReferentenentwurfs<\/b>&nbsp;im Rah\u00admen des CCS-Forums der Bel\u00adlo\u00adna Deutsch\u00adland gGmbH mit Ver\u00adtre\u00adtern aus Indus\u00adtrie und Ver\u00adb\u00e4n\u00adden am 12. M\u00e4rz&nbsp;2024<\/p>\n<p style=\"font-weight: 400\"><strong>Pla\u00adnungs\u00adrecht fu\u0308r Batterie(gro\u00df)speicher<\/strong>&nbsp;bei&nbsp;NRW.Energy4Climate am&nbsp;30. Novem\u00adber&nbsp;2023<\/p>\n<p style=\"font-weight: 400\"><strong>Bat\u00adte\u00adrie\u00adspei\u00adcher und EE (Erneu\u00ader\u00adba\u00adre Ener\u00adgien) \u2013 Anla\u00adgen an einem Netzverknu\u0308pfungspunkt,&nbsp;Pla\u00adnungs\u00adrecht fu\u0308r Batterie(gro\u00df)speicher&nbsp;<\/strong>bei der&nbsp;BDEW Aka\u00adde\u00admie am&nbsp;1. Novem\u00adber&nbsp;2023<\/p>\n<p style=\"font-weight: 400\"><strong>Recht\u00adli\u00adcher Rah\u00admen von Bat\u00adte\u00adrie\u00adspei\u00adchern und EE-Anla\u00adgen an einem Netzverknu\u0308pfungspunkt<\/strong>&nbsp;(Teil 2) beim&nbsp;BWE Bun\u00addes\u00adver\u00adband Wind\u00adener\u00adgie am 11. Sep\u00adtem\u00adber&nbsp;2023<\/p>\n<p style=\"font-weight: 400\"><strong>Erneu\u00ader\u00adba\u00adre-Ener\u00adgien-Richt\u00adli\u00adnie RED III<\/strong>&nbsp;im&nbsp;Ber\u00adli\u00adner Forum Umwelt\u00adrecht am&nbsp;19. Dezem\u00adber&nbsp;2023<\/p>\n<p><strong>\u00a76 WindBG und die Umset\u00adzung in der Pra\u00adxis <\/strong>beim 15. Bran\u00adchen\u00adtag Wind\u00adener\u00adgie NRW am20. und 21. Juni&nbsp;2023<\/p>\n<\/div>\n\n\n\n<\/div><\/div><\/div><\/div>\n\t\t\t<\/div> \n\t\t<\/div>\n\t<\/div> \n\n\t<div class=\"vc_col-sm-1\/5 wpb_column column_container vc_column_container col no-extra-padding inherit_tablet inherit_phone\" data-padding-pos=\"all\" data-has-bg-color=\"false\" data-bg-color data-bg-opacity=\"1\" data-animation data-delay=\"0\">\n\t\t<div class=\"vc_column-inner\">\n\t\t\t<div class=\"wpb_wrapper\">\n\t\t\t\t\n\t\t\t<\/div> \n\t\t<\/div>\n\t<\/div> \n<\/div><\/div>\n\t\t<div id=\"fws_69ef8539e77be\" data-column-margin=\"default\" data-midnight=\"light\" class=\"wpb_row vc_row-fluid vc_row has-row-bg-color\" style=\"padding-top: 0px; padding-bottom: 40px; --row-bg-color: #000000;\"><div class=\"row-bg-wrap\" data-bg-animation=\"none\" data-bg-animation-delay data-bg-overlay=\"false\"><div class=\"inner-wrap row-bg-layer\"><div class=\"row-bg viewport-desktop using-bg-color\" style=\"background-color: #000000; \"><\/div><\/div><\/div><div class=\"row_col_wrap_12 col span_12 light left\">\n\t<div class=\"vc_col-sm-1\/5 wpb_column column_container vc_column_container col no-extra-padding inherit_tablet inherit_phone\" data-padding-pos=\"all\" data-has-bg-color=\"false\" data-bg-color data-bg-opacity=\"1\" data-animation data-delay=\"0\">\n\t\t<div class=\"vc_column-inner\">\n\t\t\t<div class=\"wpb_wrapper\">\n\t\t\t\t\n\t\t\t<\/div> \n\t\t<\/div>\n\t<\/div> \n\n\t<div class=\"vc_col-sm-4\/5 wpb_column column_container vc_column_container col no-extra-padding inherit_tablet inherit_phone\" data-padding-pos=\"all\" data-has-bg-color=\"false\" data-bg-color data-bg-opacity=\"1\" data-animation data-delay=\"0\">\n\t\t<div class=\"vc_column-inner\">\n\t\t\t<div class=\"wpb_wrapper\">\n\t\t\t\t<div id=\"fws_69ef8539e8d6b\" data-midnight data-column-margin=\"default\" class=\"wpb_row vc_row-fluid vc_row inner_row\" style><div class=\"row-bg-wrap\"> <div class=\"row-bg\"><\/div> <\/div><div class=\"row_col_wrap_12_inner col span_12  left\">\n\t<div class=\"vc_col-sm-4 wpb_column column_container vc_column_container col child_column no-extra-padding inherit_tablet inherit_phone\" data-padding-pos=\"all\" data-has-bg-color=\"false\" data-bg-color data-bg-opacity=\"1\" data-animation data-delay=\"0\">\n\t\t<div class=\"vc_column-inner\">\n\t\t<div class=\"wpb_wrapper\">\n\t\t\t<div class=\"img-with-aniamtion-wrap  custom-size\" data-max-width=\"100%\" data-max-width-mobile=\"default\" data-border-radius=\"10px\" data-shadow=\"none\" data-animation=\"fade-in\">\n      <div class=\"inner\">\n        <div class=\"hover-wrap\" data-hover-animation=\"zoom\"> \n          <div class=\"hover-wrap-inner\">\n            <img loading=\"lazy\" decoding=\"async\" class=\"img-with-animation skip-lazy\" data-delay=\"0\" height=\"1024\" width=\"1024\" data-animation=\"fade-in\" src=\"https:\/\/oklp.de\/wp-content\/uploads\/2024\/03\/Schmidt_BIld-3-1024x1024.jpg\" alt srcset=\"https:\/\/oklp.de\/wp-content\/uploads\/2024\/03\/Schmidt_BIld-3-1024x1024.jpg 1024w, https:\/\/oklp.de\/wp-content\/uploads\/2024\/03\/Schmidt_BIld-3-300x300.jpg 300w, https:\/\/oklp.de\/wp-content\/uploads\/2024\/03\/Schmidt_BIld-3-150x150.jpg 150w, https:\/\/oklp.de\/wp-content\/uploads\/2024\/03\/Schmidt_BIld-3-768x768.jpg 768w, https:\/\/oklp.de\/wp-content\/uploads\/2024\/03\/Schmidt_BIld-3-1536x1536.jpg 1536w, https:\/\/oklp.de\/wp-content\/uploads\/2024\/03\/Schmidt_BIld-3-12x12.jpg 12w, https:\/\/oklp.de\/wp-content\/uploads\/2024\/03\/Schmidt_BIld-3-100x100.jpg 100w, https:\/\/oklp.de\/wp-content\/uploads\/2024\/03\/Schmidt_BIld-3-140x140.jpg 140w, https:\/\/oklp.de\/wp-content\/uploads\/2024\/03\/Schmidt_BIld-3-500x500.jpg 500w, https:\/\/oklp.de\/wp-content\/uploads\/2024\/03\/Schmidt_BIld-3-350x350.jpg 350w, https:\/\/oklp.de\/wp-content\/uploads\/2024\/03\/Schmidt_BIld-3-1000x1000.jpg 1000w, https:\/\/oklp.de\/wp-content\/uploads\/2024\/03\/Schmidt_BIld-3-800x800.jpg 800w, https:\/\/oklp.de\/wp-content\/uploads\/2024\/03\/Schmidt_BIld-3.jpg 1600w\" sizes=\"auto, (max-width: 1024px) 100vw, 1024px\">\n          <\/div>\n        <\/div>\n        \n      <\/div>\n    <\/div>\n\t\t<\/div> \n\t<\/div>\n\t<\/div> \n\n\t<div class=\"vc_col-sm-8 wpb_column column_container vc_column_container col child_column no-extra-padding inherit_tablet inherit_phone\" data-padding-pos=\"all\" data-has-bg-color=\"false\" data-bg-color data-bg-opacity=\"1\" data-animation data-delay=\"0\">\n\t\t<div class=\"vc_column-inner\">\n\t\t<div class=\"wpb_wrapper\">\n\t\t\t\n<div class=\"wpb_text_column wpb_content_element\">\n\t<h3>Lawy\u00ader<br>\nDr. Tina Ines Dressel<\/h3>\n<\/div>\n\n\n\n<div class=\"divider-wrap\" data-alignment=\"default\"><div style=\"margin-top: 12.5px; width: 20%; height: 1px; margin-bottom: 12.5px;\" data-width=\"20%\" data-animate=\"yes\" data-animation-delay data-color=\"accent-color\" class=\"divider-small-border\"><\/div><\/div>\n<div class=\"wpb_text_column wpb_content_element\">\n\t<p>+49 30 2577112\u200a\u2013\u200a0<br>\ntina.dressel@oklp.de<\/p>\n<\/div>\n\n\n\n<div class=\"nectar_icon_wrap\" data-style=\"default\" data-padding=\"0px\" data-color=\"accent-color\" style>\n\t\t<div class=\"nectar_icon\"><a href=\"https:\/\/www.linkedin.com\/in\/dr-tina-ines-dressel-geb-schmidt-967375129\/\" target=\"_blank\"><\/a><i style=\"font-size: 50px; line-height: 50px; height: 50px; width: 50px;\" class=\"fa fa-linkedin-square\"><\/i><\/div>\n\t<\/div>\n\t\t<\/div> \n\t<\/div>\n\t<\/div> \n<\/div><\/div>\n\t\t\t<\/div> \n\t\t<\/div>\n\t<\/div> \n<\/div><\/div>","protected":false},"excerpt":{"rendered":"Dr. Tina Ines Dressel ver\u00adf\u00fcgt \u00fcber lang\u00adj\u00e4h\u00adri\u00adge Erfah\u00adrung bei der anwalt\u00adli\u00adchen Bera\u00adtung im \u00f6ffent\u00adli\u00adchen Pla\u00adnungs, Bau- und Umwelt\u00adrecht. Ihr Kern\u00adbe\u00adra\u00adtungs\u00adfeld bil\u00adden Infra\u00adstruk\u00adtur\u00advor\u00adha\u00adben aus dem Bereich der Ener\u00adgie\u00adwirt\u00adschaft. Dort ber\u00e4t&nbsp;sie\u2026","protected":false},"author":1,"featured_media":0,"parent":0,"menu_order":5,"comment_status":"closed","ping_status":"closed","template":"","meta":{"wp_typography_post_enhancements_disabled":false,"footnotes":""},"class_list":["post-1800","page","type-page","status-publish"],"yoast_head":"<!-- This site is optimized with the Yoast SEO plugin v27.4 - https:\/\/yoast.com\/product\/yoast-seo-wordpress\/ -->\n<title>Rechtsanw\u00e4ltin Tina Ines Dressel - okl &amp; partner Rechtsanw\u00e4lte PartG mbB<\/title>\n<meta name=\"description\" content=\"Dr. Tina Ines Dressel verf\u00fcgt \u00fcber langj\u00e4hrige Erfahrung bei der anwaltlichen Beratung im \u00f6ffentlichen Planungs\u2011, Bau- und Umweltrecht.\" \/>\n<meta name=\"robots\" content=\"index, follow, max-snippet:-1, max-image-preview:large, max-video-preview:-1\" \/>\n<link rel=\"canonical\" href=\"https:\/\/oklp.de\/en\/rechtsanwaeltin-tina-ines-dressel\/\" \/>\n<meta property=\"og:locale\" content=\"en_US\" \/>\n<meta property=\"og:type\" content=\"article\" \/>\n<meta property=\"og:title\" content=\"Rechtsanw\u00e4ltin Tina Ines Dressel - okl &amp; partner Rechtsanw\u00e4lte PartG mbB\" \/>\n<meta property=\"og:description\" content=\"Dr. Tina Ines Dressel verf\u00fcgt \u00fcber langj\u00e4hrige Erfahrung bei der anwaltlichen Beratung im \u00f6ffentlichen Planungs\u2011, Bau- und Umweltrecht.\" \/>\n<meta property=\"og:url\" content=\"https:\/\/oklp.de\/en\/rechtsanwaeltin-tina-ines-dressel\/\" \/>\n<meta property=\"og:site_name\" content=\"okl &amp; partner Rechtsanw\u00e4lte PartG mbB\" \/>\n<meta property=\"article:modified_time\" content=\"2025-09-12T15:06:40+00:00\" \/>\n<meta name=\"twitter:card\" content=\"summary_large_image\" \/>\n<meta name=\"twitter:label1\" content=\"Est. reading time\" \/>\n\t<meta name=\"twitter:data1\" content=\"5 minutes\" \/>\n<script type=\"application\/ld+json\" class=\"yoast-schema-graph\">{\"@context\":\"https:\\\/\\\/schema.org\",\"@graph\":[{\"@type\":\"WebPage\",\"@id\":\"https:\\\/\\\/oklp.de\\\/rechtsanwaeltin-tina-ines-dressel\\\/\",\"url\":\"https:\\\/\\\/oklp.de\\\/rechtsanwaeltin-tina-ines-dressel\\\/\",\"name\":\"Rechtsanw\u00e4ltin Tina Ines Dressel - okl &amp; partner Rechtsanw\u00e4lte PartG mbB\",\"isPartOf\":{\"@id\":\"https:\\\/\\\/oklp.de\\\/#website\"},\"datePublished\":\"2024-03-08T21:29:12+00:00\",\"dateModified\":\"2025-09-12T15:06:40+00:00\",\"description\":\"Dr. Tina Ines Dressel verf\u00fcgt \u00fcber langj\u00e4hrige Erfahrung bei der anwaltlichen Beratung im \u00f6ffentlichen Planungs\u2011, Bau- und Umweltrecht.\",\"breadcrumb\":{\"@id\":\"https:\\\/\\\/oklp.de\\\/rechtsanwaeltin-tina-ines-dressel\\\/#breadcrumb\"},\"inLanguage\":\"en-US\",\"potentialAction\":[{\"@type\":\"ReadAction\",\"target\":[\"https:\\\/\\\/oklp.de\\\/rechtsanwaeltin-tina-ines-dressel\\\/\"]}]},{\"@type\":\"BreadcrumbList\",\"@id\":\"https:\\\/\\\/oklp.de\\\/rechtsanwaeltin-tina-ines-dressel\\\/#breadcrumb\",\"itemListElement\":[{\"@type\":\"ListItem\",\"position\":1,\"name\":\"Home\",\"item\":\"https:\\\/\\\/oklp.de\\\/\"},{\"@type\":\"ListItem\",\"position\":2,\"name\":\"Rechtsanw\u00e4ltin Tina Ines Dressel\"}]},{\"@type\":\"WebSite\",\"@id\":\"https:\\\/\\\/oklp.de\\\/#website\",\"url\":\"https:\\\/\\\/oklp.de\\\/\",\"name\":\"okl &amp; partner Rechtsanw\u00e4lte PartG mbB\",\"description\":\"\",\"publisher\":{\"@id\":\"https:\\\/\\\/oklp.de\\\/#organization\"},\"potentialAction\":[{\"@type\":\"SearchAction\",\"target\":{\"@type\":\"EntryPoint\",\"urlTemplate\":\"https:\\\/\\\/oklp.de\\\/?s={search_term_string}\"},\"query-input\":{\"@type\":\"PropertyValueSpecification\",\"valueRequired\":true,\"valueName\":\"search_term_string\"}}],\"inLanguage\":\"en-US\"},{\"@type\":\"Organization\",\"@id\":\"https:\\\/\\\/oklp.de\\\/#organization\",\"name\":\"okl & partner Rechtsanw\u00e4lte PartG mbB\",\"url\":\"https:\\\/\\\/oklp.de\\\/\",\"logo\":{\"@type\":\"ImageObject\",\"inLanguage\":\"en-US\",\"@id\":\"https:\\\/\\\/oklp.de\\\/#\\\/schema\\\/logo\\\/image\\\/\",\"url\":\"https:\\\/\\\/oklp.de\\\/wp-content\\\/uploads\\\/2021\\\/12\\\/Prima\u0308r_OKLP_Logo_CMYK-1.png\",\"contentUrl\":\"https:\\\/\\\/oklp.de\\\/wp-content\\\/uploads\\\/2021\\\/12\\\/Prima\u0308r_OKLP_Logo_CMYK-1.png\",\"width\":904,\"height\":286,\"caption\":\"okl & partner Rechtsanw\u00e4lte PartG mbB\"},\"image\":{\"@id\":\"https:\\\/\\\/oklp.de\\\/#\\\/schema\\\/logo\\\/image\\\/\"}}]}<\/script>\n<!-- \/ Yoast SEO plugin. -->","yoast_head_json":{"title":"Rechts\u00adan\u00adw\u00e4l\u00adtin Tina Ines Dressel \u2013 okl &amp;&nbsp;part\u00adner Rechts\u00adan\u00adw\u00e4l\u00adte PartG&nbsp;mbB","description":"Dr. Tina Ines Dressel ver\u00adf\u00fcgt \u00fcber lang\u00adj\u00e4h\u00adri\u00adge Erfah\u00adrung bei der anwalt\u00adli\u00adchen Bera\u00adtung im \u00f6ffent\u00adli\u00adchen Planungs\u2011, Bau- und Umweltrecht.","robots":{"index":"index","follow":"follow","max-snippet":"max-snippet:-1","max-image-preview":"max-image-preview:large","max-video-preview":"max-video-preview:-1"},"canonical":"https:\/\/oklp.de\/en\/rechtsanwaeltin-tina-ines-dressel\/","og_locale":"en_US","og_type":"article","og_title":"Rechtsanw\u00e4ltin Tina Ines Dressel - okl &amp; partner Rechtsanw\u00e4lte PartG mbB","og_description":"Dr. Tina Ines Dressel verf\u00fcgt \u00fcber langj\u00e4hrige Erfahrung bei der anwaltlichen Beratung im \u00f6ffentlichen Planungs\u2011, Bau- und Umweltrecht.","og_url":"https:\/\/oklp.de\/en\/rechtsanwaeltin-tina-ines-dressel\/","og_site_name":"okl &amp; partner Rechtsanw\u00e4lte PartG mbB","article_modified_time":"2025-09-12T15:06:40+00:00","twitter_card":"summary_large_image","twitter_misc":{"Est. reading time":"5 minutes"},"schema":{"@context":"https:\/\/schema.org","@graph":[{"@type":"WebPage","@id":"https:\/\/oklp.de\/rechtsanwaeltin-tina-ines-dressel\/","url":"https:\/\/oklp.de\/rechtsanwaeltin-tina-ines-dressel\/","name":"Rechts\u00adan\u00adw\u00e4l\u00adtin Tina Ines Dressel \u2013 okl &amp;&nbsp;part\u00adner Rechts\u00adan\u00adw\u00e4l\u00adte PartG&nbsp;mbB","isPartOf":{"@id":"https:\/\/oklp.de\/#website"},"datePublished":"2024-03-08T21:29:12+00:00","dateModified":"2025-09-12T15:06:40+00:00","description":"Dr. Tina Ines Dressel ver\u00adf\u00fcgt \u00fcber lang\u00adj\u00e4h\u00adri\u00adge Erfah\u00adrung bei der anwalt\u00adli\u00adchen Bera\u00adtung im \u00f6ffent\u00adli\u00adchen Planungs\u2011, Bau- und Umweltrecht.","breadcrumb":{"@id":"https:\/\/oklp.de\/rechtsanwaeltin-tina-ines-dressel\/#breadcrumb"},"inLanguage":"en-US","potentialAction":[{"@type":"ReadAction","target":["https:\/\/oklp.de\/rechtsanwaeltin-tina-ines-dressel\/"]}]},{"@type":"BreadcrumbList","@id":"https:\/\/oklp.de\/rechtsanwaeltin-tina-ines-dressel\/#breadcrumb","itemListElement":[{"@type":"ListItem","position":1,"name":"Home","item":"https:\/\/oklp.de\/"},{"@type":"ListItem","position":2,"name":"Rechtsanw\u00e4ltin Tina Ines Dressel"}]},{"@type":"WebSite","@id":"https:\/\/oklp.de\/#website","url":"https:\/\/oklp.de\/","name":"okl &amp;&nbsp;part\u00adner Rechts\u00adan\u00adw\u00e4l\u00adte PartG&nbsp;mbB","description":"","publisher":{"@id":"https:\/\/oklp.de\/#organization"},"potentialAction":[{"@type":"SearchAction","target":{"@type":"EntryPoint","urlTemplate":"https:\/\/oklp.de\/?s={search_term_string}"},"query-input":{"@type":"PropertyValueSpecification","valueRequired":true,"valueName":"search_term_string"}}],"inLanguage":"en-US"},{"@type":"Organization","@id":"https:\/\/oklp.de\/#organization","name":"okl &amp;&nbsp;part\u00adner Rechts\u00adan\u00adw\u00e4l\u00adte PartG&nbsp;mbB","url":"https:\/\/oklp.de\/","logo":{"@type":"ImageObject","inLanguage":"en-US","@id":"https:\/\/oklp.de\/#\/schema\/logo\/image\/","url":"https:\/\/oklp.de\/wp-content\/uploads\/2021\/12\/Prima\u0308r_OKLP_Logo_CMYK-1.png","contentUrl":"https:\/\/oklp.de\/wp-content\/uploads\/2021\/12\/Prima\u0308r_OKLP_Logo_CMYK-1.png","width":904,"height":286,"caption":"okl & partner Rechtsanw\u00e4lte PartG mbB"},"image":{"@id":"https:\/\/oklp.de\/#\/schema\/logo\/image\/"}}]}},"_links":{"self":[{"href":"https:\/\/oklp.de\/en\/wp-json\/wp\/v2\/pages\/1800","targetHints":{"allow":["GET"]}}],"collection":[{"href":"https:\/\/oklp.de\/en\/wp-json\/wp\/v2\/pages"}],"about":[{"href":"https:\/\/oklp.de\/en\/wp-json\/wp\/v2\/types\/page"}],"author":[{"embeddable":true,"href":"https:\/\/oklp.de\/en\/wp-json\/wp\/v2\/users\/1"}],"replies":[{"embeddable":true,"href":"https:\/\/oklp.de\/en\/wp-json\/wp\/v2\/comments?post=1800"}],"version-history":[{"count":17,"href":"https:\/\/oklp.de\/en\/wp-json\/wp\/v2\/pages\/1800\/revisions"}],"predecessor-version":[{"id":2540,"href":"https:\/\/oklp.de\/en\/wp-json\/wp\/v2\/pages\/1800\/revisions\/2540"}],"wp:attachment":[{"href":"https:\/\/oklp.de\/en\/wp-json\/wp\/v2\/media?parent=1800"}],"curies":[{"name":"wp","href":"https:\/\/api.w.org\/{rel}","templated":true}]}}