{"id":1873,"date":"2024-04-09T06:32:30","date_gmt":"2024-04-09T06:32:30","guid":{"rendered":"https:\/\/oklp.de\/?page_id=1873"},"modified":"2026-03-12T13:25:37","modified_gmt":"2026-03-12T13:25:37","slug":"jessica-ceglecki","status":"publish","type":"page","link":"https:\/\/oklp.de\/en\/jessica-ceglecki\/","title":{"rendered":"Dr. Jes\u00adsi\u00adca Ceglecki"},"content":{"rendered":"\n\t\t<div id=\"fws_69ef85997c35a\"  data-column-margin=\"default\" data-midnight=\"dark\"  class=\"wpb_row vc_row-fluid vc_row has-row-bg-color\"  style=\"padding-top: 80px; padding-bottom: 15px; --row-bg-color: #000000;\"><div class=\"row-bg-wrap\" data-bg-animation=\"none\" data-bg-animation-delay=\"\" data-bg-overlay=\"false\"><div class=\"inner-wrap row-bg-layer\" ><div class=\"row-bg viewport-desktop using-bg-color\"  style=\"background-color: #000000; \"><\/div><\/div><\/div><div class=\"row_col_wrap_12 col span_12 dark left\">\n\t<div  class=\"vc_col-sm-1\/5 wpb_column column_container vc_column_container col no-extra-padding inherit_tablet inherit_phone flex_gap_desktop_10px \"  data-padding-pos=\"all\" data-has-bg-color=\"false\" data-bg-color=\"\" data-bg-opacity=\"1\" data-animation=\"\" data-delay=\"0\" >\n\t\t<div class=\"vc_column-inner\" >\n\t\t\t<div class=\"wpb_wrapper\">\n\t\t\t\t\n\t\t\t<\/div> \n\t\t<\/div>\n\t<\/div> \n\n\t<div style=\" color: #ffffff;\" class=\"vc_col-sm-3\/5 wpb_column column_container vc_column_container col no-extra-padding inherit_tablet inherit_phone flex_gap_desktop_10px \" data-cfc=\"true\"  data-padding-pos=\"all\" data-has-bg-color=\"false\" data-bg-color=\"\" data-bg-opacity=\"1\" data-animation=\"\" data-delay=\"0\" >\n\t\t<div class=\"vc_column-inner\" >\n\t\t\t<div class=\"wpb_wrapper\">\n\t\t\t\t\n<div class=\"wpb_text_column wpb_content_element \" >\n\t<p>Dr. Jessica Ceglecki ber\u00e4t im \u00f6ffentlichen Wirtschaftsrecht. Ihre T\u00e4tigkeitsschwerpunkte liegen dabei in der Vertretung nationaler und internationaler Unternehmen insbesondere im Kreislaufwirtschaftsrecht, Umwelt- und Planungsrecht sowie bei der Realisierung von Industrie- und Infrastrukturvorhaben. Daneben verf\u00fcgt Frau Dr. Ceglecki \u00fcber besondere Expertise im Energie- und Beihilferecht.<\/p>\n<p>Mandanten sch\u00e4tzen ihre Kreativit\u00e4t bei der L\u00f6sung komplexer Sachverhalte und ihr Durchsetzungsverm\u00f6gen.<\/p>\n<\/div>\n\n\n\n\n\t\t\t<\/div> \n\t\t<\/div>\n\t<\/div> \n\n\t<div  class=\"vc_col-sm-1\/5 wpb_column column_container vc_column_container col no-extra-padding inherit_tablet inherit_phone flex_gap_desktop_10px \"  data-padding-pos=\"all\" data-has-bg-color=\"false\" data-bg-color=\"\" data-bg-opacity=\"1\" data-animation=\"\" data-delay=\"0\" >\n\t\t<div class=\"vc_column-inner\" >\n\t\t\t<div class=\"wpb_wrapper\">\n\t\t\t\t\n\t\t\t<\/div> \n\t\t<\/div>\n\t<\/div> \n<\/div><\/div>\n\t\t<div id=\"fws_69ef85997c63f\"  data-column-margin=\"default\" data-midnight=\"light\"  class=\"wpb_row vc_row-fluid vc_row has-row-bg-color\"  style=\"padding-top: 40px; padding-bottom: 30px; --row-bg-color: #000000;\"><div class=\"row-bg-wrap\" data-bg-animation=\"none\" data-bg-animation-delay=\"\" data-bg-overlay=\"false\"><div class=\"inner-wrap row-bg-layer\" ><div class=\"row-bg viewport-desktop using-bg-color\"  style=\"background-color: #000000; \"><\/div><\/div><\/div><div class=\"row_col_wrap_12 col span_12 light left\">\n\t<div  class=\"vc_col-sm-1\/5 wpb_column column_container vc_column_container col no-extra-padding inherit_tablet inherit_phone flex_gap_desktop_10px \"  data-padding-pos=\"all\" data-has-bg-color=\"false\" data-bg-color=\"\" data-bg-opacity=\"1\" data-animation=\"\" data-delay=\"0\" >\n\t\t<div class=\"vc_column-inner\" >\n\t\t\t<div class=\"wpb_wrapper\">\n\t\t\t\t\n\t\t\t<\/div> \n\t\t<\/div>\n\t<\/div> \n\n\t<div style=\" color: #ffffff;\" class=\"vc_col-sm-3\/5 wpb_column column_container vc_column_container col no-extra-padding inherit_tablet inherit_phone flex_gap_desktop_10px \" data-cfc=\"true\"  data-padding-pos=\"all\" data-has-bg-color=\"false\" data-bg-color=\"\" data-bg-opacity=\"1\" data-animation=\"\" data-delay=\"0\" >\n\t\t<div class=\"vc_column-inner\" >\n\t\t\t<div class=\"wpb_wrapper\">\n\t\t\t\t<div class=\"toggles \" data-br=\"\" data-starting=\"default\" data-style=\"minimal_small\"><div class=\"toggle accent-color\" data-inner-wrap=\"true\"><h3 class=\"toggle-title\"><a href=\"#\" role=\"button\" class=\"toggle-heading\"><i role=\"presentation\" class=\"fa fa-plus\"><\/i>Lebenslauf<\/a><\/h3><div><div class=\"inner-toggle-wrap\">\n<div class=\"wpb_text_column wpb_content_element \" >\n\t<p>Studium der Rechtswissenschaften in K\u00f6ln und Sevilla<\/p>\n<p>Wissenschaftliche Mitarbeiterin in einer internationalen Wirtschaftskanzlei in K\u00f6ln im Bereich des Energie- und Telekommunikationsrechts<\/p>\n<p>Promotion mit einer Arbeit im polnischen Energie- und europ\u00e4ischen Beihilferecht an der Universit\u00e4t zu K\u00f6ln<\/p>\n<p>Rechtsreferendariat im Bezirk des Oberlandesgerichts K\u00f6ln, u.a. mit einer Station bei der Industrie- und Au\u00dfenhandelskammer in Warschau<\/p>\n<p>Eintritt in die Soziet\u00e4t okl &amp; partner, B\u00fcro K\u00f6ln, 2024<\/p>\n<\/div>\n\n\n\n<\/div><\/div><\/div><div class=\"toggle accent-color\" data-inner-wrap=\"true\"><h3 class=\"toggle-title\"><a href=\"#\" role=\"button\" class=\"toggle-heading\"><i role=\"presentation\" class=\"fa fa-plus\"><\/i>Ver\u00f6ffentlichungen<\/a><\/h3><div><div class=\"inner-toggle-wrap\">\n<div class=\"wpb_text_column wpb_content_element \" >\n\t<p>VG Freiburg: Zur Nichtber\u00fccksichtigung von Basisinvestitionskosten bei Entgelten f\u00fcr die Mitnutzung passiver Netzinfrastrukturen gem. \u00a7 77n II TKG,<br \/>\nin: InfrastrukturRecht 2020, S. 115 f. [gemeinsam mit RA J. Wilmes-Horv\u00e1th]<\/p>\n<p>EuGH: Google Gmail ist kein meldepflichtiger Kommunikationsdienst i.S.v. \u00a7 6 TKG,<br \/>\nin: InfrastrukturRecht 2019, S. 235 f. [gemeinsam mit RA J. Wilmes-Horv\u00e1th]<\/p>\n<p>OVG M\u00fcnster: Beseitigungsanordnung f\u00fcr ohne Sondernutzungserlaubnis gem. \u00a7 18 StrWG NRW aufgestellte Altkleidersammelcontainer,<br \/>\nin: InfrastrukturRecht 2019, S. 113 f. [gemeinsam mit RAin G. H\u00f6mke]<\/p>\n<\/div>\n\n\n\n<\/div><\/div><\/div><\/div>\n\t\t\t<\/div> \n\t\t<\/div>\n\t<\/div> \n\n\t<div  class=\"vc_col-sm-1\/5 wpb_column column_container vc_column_container col no-extra-padding inherit_tablet inherit_phone flex_gap_desktop_10px \"  data-padding-pos=\"all\" data-has-bg-color=\"false\" data-bg-color=\"\" data-bg-opacity=\"1\" data-animation=\"\" data-delay=\"0\" >\n\t\t<div class=\"vc_column-inner\" >\n\t\t\t<div class=\"wpb_wrapper\">\n\t\t\t\t\n\t\t\t<\/div> \n\t\t<\/div>\n\t<\/div> \n<\/div><\/div>\n\t\t<div id=\"fws_69ef85997cb1b\"  data-column-margin=\"default\" data-midnight=\"light\"  class=\"wpb_row vc_row-fluid vc_row has-row-bg-color\"  style=\"padding-top: 0px; padding-bottom: 40px; --row-bg-color: #000000;\"><div class=\"row-bg-wrap\" data-bg-animation=\"none\" data-bg-animation-delay=\"\" data-bg-overlay=\"false\"><div class=\"inner-wrap row-bg-layer\" ><div class=\"row-bg viewport-desktop using-bg-color\"  style=\"background-color: #000000; \"><\/div><\/div><\/div><div class=\"row_col_wrap_12 col span_12 light left\">\n\t<div  class=\"vc_col-sm-1\/5 wpb_column column_container vc_column_container col no-extra-padding inherit_tablet inherit_phone flex_gap_desktop_10px \"  data-padding-pos=\"all\" data-has-bg-color=\"false\" data-bg-color=\"\" data-bg-opacity=\"1\" data-animation=\"\" data-delay=\"0\" >\n\t\t<div class=\"vc_column-inner\" >\n\t\t\t<div class=\"wpb_wrapper\">\n\t\t\t\t\n\t\t\t<\/div> \n\t\t<\/div>\n\t<\/div> \n\n\t<div  class=\"vc_col-sm-4\/5 wpb_column column_container vc_column_container col no-extra-padding inherit_tablet inherit_phone flex_gap_desktop_10px \"  data-padding-pos=\"all\" data-has-bg-color=\"false\" data-bg-color=\"\" data-bg-opacity=\"1\" data-animation=\"\" data-delay=\"0\" >\n\t\t<div class=\"vc_column-inner\" >\n\t\t\t<div class=\"wpb_wrapper\">\n\t\t\t\t<div id=\"fws_69ef85997cc6f\" data-midnight=\"\" data-column-margin=\"default\" class=\"wpb_row vc_row-fluid vc_row inner_row\"  style=\"\"><div class=\"row-bg-wrap\"> <div class=\"row-bg\" ><\/div> <\/div><div class=\"row_col_wrap_12_inner col span_12  left\">\n\t<div  class=\"vc_col-sm-4 wpb_column column_container vc_column_container col child_column no-extra-padding inherit_tablet inherit_phone flex_gap_desktop_10px \"   data-padding-pos=\"all\" data-has-bg-color=\"false\" data-bg-color=\"\" data-bg-opacity=\"1\" data-animation=\"\" data-delay=\"0\" >\n\t\t<div class=\"vc_column-inner\" >\n\t\t<div class=\"wpb_wrapper\">\n\t\t\t<div class=\"img-with-aniamtion-wrap  custom-size\" data-max-width=\"100%\" data-max-width-mobile=\"default\" data-border-radius=\"10px\" data-shadow=\"none\" data-animation=\"fade-in\" >\n      <div class=\"inner\">\n        <div class=\"hover-wrap\" data-hover-animation=\"zoom\"> \n          <div class=\"hover-wrap-inner\">\n            <img loading=\"lazy\" decoding=\"async\" class=\"img-with-animation skip-lazy\" data-delay=\"0\" height=\"1024\" width=\"1024\" data-animation=\"fade-in\" src=\"https:\/\/oklp.de\/wp-content\/uploads\/2026\/03\/jessica-ceglecki-01-1024x1024.jpg\" alt=\"\" srcset=\"https:\/\/oklp.de\/wp-content\/uploads\/2026\/03\/jessica-ceglecki-01-1024x1024.jpg 1024w, https:\/\/oklp.de\/wp-content\/uploads\/2026\/03\/jessica-ceglecki-01-300x300.jpg 300w, https:\/\/oklp.de\/wp-content\/uploads\/2026\/03\/jessica-ceglecki-01-150x150.jpg 150w, https:\/\/oklp.de\/wp-content\/uploads\/2026\/03\/jessica-ceglecki-01-768x768.jpg 768w, https:\/\/oklp.de\/wp-content\/uploads\/2026\/03\/jessica-ceglecki-01-1536x1536.jpg 1536w, https:\/\/oklp.de\/wp-content\/uploads\/2026\/03\/jessica-ceglecki-01-12x12.jpg 12w, https:\/\/oklp.de\/wp-content\/uploads\/2026\/03\/jessica-ceglecki-01-140x140.jpg 140w, https:\/\/oklp.de\/wp-content\/uploads\/2026\/03\/jessica-ceglecki-01-100x100.jpg 100w, https:\/\/oklp.de\/wp-content\/uploads\/2026\/03\/jessica-ceglecki-01-500x500.jpg 500w, https:\/\/oklp.de\/wp-content\/uploads\/2026\/03\/jessica-ceglecki-01-350x350.jpg 350w, https:\/\/oklp.de\/wp-content\/uploads\/2026\/03\/jessica-ceglecki-01-1000x1000.jpg 1000w, https:\/\/oklp.de\/wp-content\/uploads\/2026\/03\/jessica-ceglecki-01-800x800.jpg 800w, https:\/\/oklp.de\/wp-content\/uploads\/2026\/03\/jessica-ceglecki-01.jpg 1600w\" sizes=\"auto, (max-width: 1024px) 100vw, 1024px\" \/>\n          <\/div>\n        <\/div>\n        \n      <\/div>\n    <\/div>\n\t\t<\/div> \n\t<\/div>\n\t<\/div> \n\n\t<div  class=\"vc_col-sm-8 wpb_column column_container vc_column_container col child_column no-extra-padding inherit_tablet inherit_phone flex_gap_desktop_10px \"   data-padding-pos=\"all\" data-has-bg-color=\"false\" data-bg-color=\"\" data-bg-opacity=\"1\" data-animation=\"\" data-delay=\"0\" >\n\t\t<div class=\"vc_column-inner\" >\n\t\t<div class=\"wpb_wrapper\">\n\t\t\t\n<div class=\"wpb_text_column wpb_content_element \" >\n\t<h3>Rechtsanw\u00e4ltin<br \/>\nDr. Jessica Ceglecki<\/h3>\n<\/div>\n\n\n\n<div class=\"divider-wrap\" data-alignment=\"default\"><div style=\"margin-top: 12.5px; width: 20%; height: 1px; margin-bottom: 12.5px;\" data-width=\"20%\" data-animate=\"yes\" data-animation-delay=\"\" data-color=\"accent-color\" class=\"divider-small-border\"><\/div><\/div>\n<div class=\"wpb_text_column wpb_content_element \" >\n\t<p>jessica.ceglecki@oklp.de<br \/>\n+49 221 4207\u200a\u2013\u200a280<\/p>\n<\/div>\n\n\n\n<div class=\"nectar_icon_wrap \" data-style=\"default\" data-padding=\"0px\" data-color=\"accent-color\" style=\"\" >\n\t\t<div class=\"nectar_icon\" ><a href=\"https:\/\/www.linkedin.com\/in\/dr-jessica-ceglecki-080a13255\/\" target=\"_blank\"><\/a><i style=\"font-size: 50px; line-height: 50px; height: 50px; width: 50px;\" class=\"fa fa-linkedin-square\"><\/i><\/div>\n\t<\/div>\n\t\t<\/div> \n\t<\/div>\n\t<\/div> \n<\/div><\/div>\n\t\t\t<\/div> \n\t\t<\/div>\n\t<\/div> \n<\/div><\/div>\n","protected":false},"excerpt":{"rendered":"Dr. Jes\u00adsi\u00adca Cegle\u00adcki ber\u00e4t im \u00f6ffent\u00adli\u00adchen Wirt\u00adschafts\u00adrecht. Ihre T\u00e4tig\u00adkeits\u00adschwer\u00adpunk\u00adte lie\u00adgen dabei in der Ver\u00adtre\u00adtung natio\u00adna\u00adler und inter\u00adna\u00adtio\u00adna\u00adler Unter\u00adneh\u00admen ins\u00adbe\u00adson\u00adde\u00adre im Kreis\u00adlauf\u00adwirt\u00adschafts\u00adrecht, Umwelt- und Pla\u00adnungs\u00adrecht sowie bei der Rea\u00adli\u00adsie\u00adrung von Industrie-\u2026","protected":false},"author":1,"featured_media":0,"parent":0,"menu_order":5,"comment_status":"closed","ping_status":"closed","template":"","meta":{"wp_typography_post_enhancements_disabled":false,"footnotes":""},"class_list":["post-1873","page","type-page","status-publish"],"yoast_head":"<!-- This site is optimized with the Yoast SEO plugin v27.4 - https:\/\/yoast.com\/product\/yoast-seo-wordpress\/ -->\n<title>Dr. Jessica Ceglecki - okl &amp; partner Rechtsanw\u00e4lte PartG mbB<\/title>\n<meta name=\"description\" content=\"Dr. Jessica Ceglecki ber\u00e4t im \u00f6ffentlichen Wirtschaftsrecht. Ihre T\u00e4tigkeitsschwerpunkte liegen dabei in der Vertretung nationaler und internationaler Unternehmen insbesondere im Kreislaufwirtschaftsrecht, Umwelt- und Planungsrecht sowie bei der Realisierung von Industrie- und Infrastrukturvorhaben.\" \/>\n<meta name=\"robots\" content=\"index, follow, max-snippet:-1, max-image-preview:large, max-video-preview:-1\" \/>\n<link rel=\"canonical\" href=\"https:\/\/oklp.de\/en\/jessica-ceglecki\/\" \/>\n<meta property=\"og:locale\" content=\"en_US\" \/>\n<meta property=\"og:type\" content=\"article\" \/>\n<meta property=\"og:title\" content=\"Dr. Jessica Ceglecki - okl &amp; partner Rechtsanw\u00e4lte PartG mbB\" \/>\n<meta property=\"og:description\" content=\"Dr. Jessica Ceglecki ber\u00e4t im \u00f6ffentlichen Wirtschaftsrecht. Ihre T\u00e4tigkeitsschwerpunkte liegen dabei in der Vertretung nationaler und internationaler Unternehmen insbesondere im Kreislaufwirtschaftsrecht, Umwelt- und Planungsrecht sowie bei der Realisierung von Industrie- und Infrastrukturvorhaben.\" \/>\n<meta property=\"og:url\" content=\"https:\/\/oklp.de\/en\/jessica-ceglecki\/\" \/>\n<meta property=\"og:site_name\" content=\"okl &amp; partner Rechtsanw\u00e4lte PartG mbB\" \/>\n<meta property=\"article:modified_time\" content=\"2026-03-12T13:25:37+00:00\" \/>\n<meta name=\"twitter:card\" content=\"summary_large_image\" \/>\n<meta name=\"twitter:label1\" content=\"Est. reading time\" \/>\n\t<meta name=\"twitter:data1\" content=\"2 minutes\" \/>\n<script type=\"application\/ld+json\" class=\"yoast-schema-graph\">{\"@context\":\"https:\\\/\\\/schema.org\",\"@graph\":[{\"@type\":\"WebPage\",\"@id\":\"https:\\\/\\\/oklp.de\\\/jessica-ceglecki\\\/\",\"url\":\"https:\\\/\\\/oklp.de\\\/jessica-ceglecki\\\/\",\"name\":\"Dr. Jessica Ceglecki - okl &amp; partner Rechtsanw\u00e4lte PartG mbB\",\"isPartOf\":{\"@id\":\"https:\\\/\\\/oklp.de\\\/#website\"},\"datePublished\":\"2024-04-09T06:32:30+00:00\",\"dateModified\":\"2026-03-12T13:25:37+00:00\",\"description\":\"Dr. Jessica Ceglecki ber\u00e4t im \u00f6ffentlichen Wirtschaftsrecht. Ihre T\u00e4tigkeitsschwerpunkte liegen dabei in der Vertretung nationaler und internationaler Unternehmen insbesondere im Kreislaufwirtschaftsrecht, Umwelt- und Planungsrecht sowie bei der Realisierung von Industrie- und Infrastrukturvorhaben.\",\"breadcrumb\":{\"@id\":\"https:\\\/\\\/oklp.de\\\/jessica-ceglecki\\\/#breadcrumb\"},\"inLanguage\":\"en-US\",\"potentialAction\":[{\"@type\":\"ReadAction\",\"target\":[\"https:\\\/\\\/oklp.de\\\/jessica-ceglecki\\\/\"]}]},{\"@type\":\"BreadcrumbList\",\"@id\":\"https:\\\/\\\/oklp.de\\\/jessica-ceglecki\\\/#breadcrumb\",\"itemListElement\":[{\"@type\":\"ListItem\",\"position\":1,\"name\":\"Home\",\"item\":\"https:\\\/\\\/oklp.de\\\/\"},{\"@type\":\"ListItem\",\"position\":2,\"name\":\"Dr. Jessica Ceglecki\"}]},{\"@type\":\"WebSite\",\"@id\":\"https:\\\/\\\/oklp.de\\\/#website\",\"url\":\"https:\\\/\\\/oklp.de\\\/\",\"name\":\"okl &amp; partner Rechtsanw\u00e4lte PartG mbB\",\"description\":\"\",\"publisher\":{\"@id\":\"https:\\\/\\\/oklp.de\\\/#organization\"},\"potentialAction\":[{\"@type\":\"SearchAction\",\"target\":{\"@type\":\"EntryPoint\",\"urlTemplate\":\"https:\\\/\\\/oklp.de\\\/?s={search_term_string}\"},\"query-input\":{\"@type\":\"PropertyValueSpecification\",\"valueRequired\":true,\"valueName\":\"search_term_string\"}}],\"inLanguage\":\"en-US\"},{\"@type\":\"Organization\",\"@id\":\"https:\\\/\\\/oklp.de\\\/#organization\",\"name\":\"okl & partner Rechtsanw\u00e4lte PartG mbB\",\"url\":\"https:\\\/\\\/oklp.de\\\/\",\"logo\":{\"@type\":\"ImageObject\",\"inLanguage\":\"en-US\",\"@id\":\"https:\\\/\\\/oklp.de\\\/#\\\/schema\\\/logo\\\/image\\\/\",\"url\":\"https:\\\/\\\/oklp.de\\\/wp-content\\\/uploads\\\/2021\\\/12\\\/Prima\u0308r_OKLP_Logo_CMYK-1.png\",\"contentUrl\":\"https:\\\/\\\/oklp.de\\\/wp-content\\\/uploads\\\/2021\\\/12\\\/Prima\u0308r_OKLP_Logo_CMYK-1.png\",\"width\":904,\"height\":286,\"caption\":\"okl & partner Rechtsanw\u00e4lte PartG mbB\"},\"image\":{\"@id\":\"https:\\\/\\\/oklp.de\\\/#\\\/schema\\\/logo\\\/image\\\/\"}}]}<\/script>\n<!-- \/ Yoast SEO plugin. -->","yoast_head_json":{"title":"Dr. Jes\u00adsi\u00adca Cegle\u00adcki \u2013 okl &amp;&nbsp;part\u00adner Rechts\u00adan\u00adw\u00e4l\u00adte PartG&nbsp;mbB","description":"Dr. Jes\u00adsi\u00adca Cegle\u00adcki ber\u00e4t im \u00f6ffent\u00adli\u00adchen Wirt\u00adschafts\u00adrecht. Ihre T\u00e4tig\u00adkeits\u00adschwer\u00adpunk\u00adte lie\u00adgen dabei in der Ver\u00adtre\u00adtung natio\u00adna\u00adler und inter\u00adna\u00adtio\u00adna\u00adler Unter\u00adneh\u00admen ins\u00adbe\u00adson\u00adde\u00adre im Kreis\u00adlauf\u00adwirt\u00adschafts\u00adrecht, Umwelt- und Pla\u00adnungs\u00adrecht sowie bei der Rea\u00adli\u00adsie\u00adrung von Indus\u00adtrie- und Infrastrukturvorhaben.","robots":{"index":"index","follow":"follow","max-snippet":"max-snippet:-1","max-image-preview":"max-image-preview:large","max-video-preview":"max-video-preview:-1"},"canonical":"https:\/\/oklp.de\/en\/jessica-ceglecki\/","og_locale":"en_US","og_type":"article","og_title":"Dr. Jessica Ceglecki - okl &amp; partner Rechtsanw\u00e4lte PartG mbB","og_description":"Dr. Jessica Ceglecki ber\u00e4t im \u00f6ffentlichen Wirtschaftsrecht. Ihre T\u00e4tigkeitsschwerpunkte liegen dabei in der Vertretung nationaler und internationaler Unternehmen insbesondere im Kreislaufwirtschaftsrecht, Umwelt- und Planungsrecht sowie bei der Realisierung von Industrie- und Infrastrukturvorhaben.","og_url":"https:\/\/oklp.de\/en\/jessica-ceglecki\/","og_site_name":"okl &amp; partner Rechtsanw\u00e4lte PartG mbB","article_modified_time":"2026-03-12T13:25:37+00:00","twitter_card":"summary_large_image","twitter_misc":{"Est. reading time":"2 minutes"},"schema":{"@context":"https:\/\/schema.org","@graph":[{"@type":"WebPage","@id":"https:\/\/oklp.de\/jessica-ceglecki\/","url":"https:\/\/oklp.de\/jessica-ceglecki\/","name":"Dr. Jes\u00adsi\u00adca Cegle\u00adcki \u2013 okl &amp;&nbsp;part\u00adner Rechts\u00adan\u00adw\u00e4l\u00adte PartG&nbsp;mbB","isPartOf":{"@id":"https:\/\/oklp.de\/#website"},"datePublished":"2024-04-09T06:32:30+00:00","dateModified":"2026-03-12T13:25:37+00:00","description":"Dr. Jes\u00adsi\u00adca Cegle\u00adcki ber\u00e4t im \u00f6ffent\u00adli\u00adchen Wirt\u00adschafts\u00adrecht. Ihre T\u00e4tig\u00adkeits\u00adschwer\u00adpunk\u00adte lie\u00adgen dabei in der Ver\u00adtre\u00adtung natio\u00adna\u00adler und inter\u00adna\u00adtio\u00adna\u00adler Unter\u00adneh\u00admen ins\u00adbe\u00adson\u00adde\u00adre im Kreis\u00adlauf\u00adwirt\u00adschafts\u00adrecht, Umwelt- und Pla\u00adnungs\u00adrecht sowie bei der Rea\u00adli\u00adsie\u00adrung von Indus\u00adtrie- und Infrastrukturvorhaben.","breadcrumb":{"@id":"https:\/\/oklp.de\/jessica-ceglecki\/#breadcrumb"},"inLanguage":"en-US","potentialAction":[{"@type":"ReadAction","target":["https:\/\/oklp.de\/jessica-ceglecki\/"]}]},{"@type":"BreadcrumbList","@id":"https:\/\/oklp.de\/jessica-ceglecki\/#breadcrumb","itemListElement":[{"@type":"ListItem","position":1,"name":"Home","item":"https:\/\/oklp.de\/"},{"@type":"ListItem","position":2,"name":"Dr. Jessica Ceglecki"}]},{"@type":"WebSite","@id":"https:\/\/oklp.de\/#website","url":"https:\/\/oklp.de\/","name":"okl &amp;&nbsp;part\u00adner Rechts\u00adan\u00adw\u00e4l\u00adte PartG&nbsp;mbB","description":"","publisher":{"@id":"https:\/\/oklp.de\/#organization"},"potentialAction":[{"@type":"SearchAction","target":{"@type":"EntryPoint","urlTemplate":"https:\/\/oklp.de\/?s={search_term_string}"},"query-input":{"@type":"PropertyValueSpecification","valueRequired":true,"valueName":"search_term_string"}}],"inLanguage":"en-US"},{"@type":"Organization","@id":"https:\/\/oklp.de\/#organization","name":"okl &amp;&nbsp;part\u00adner Rechts\u00adan\u00adw\u00e4l\u00adte PartG&nbsp;mbB","url":"https:\/\/oklp.de\/","logo":{"@type":"ImageObject","inLanguage":"en-US","@id":"https:\/\/oklp.de\/#\/schema\/logo\/image\/","url":"https:\/\/oklp.de\/wp-content\/uploads\/2021\/12\/Prima\u0308r_OKLP_Logo_CMYK-1.png","contentUrl":"https:\/\/oklp.de\/wp-content\/uploads\/2021\/12\/Prima\u0308r_OKLP_Logo_CMYK-1.png","width":904,"height":286,"caption":"okl & partner Rechtsanw\u00e4lte PartG mbB"},"image":{"@id":"https:\/\/oklp.de\/#\/schema\/logo\/image\/"}}]}},"_links":{"self":[{"href":"https:\/\/oklp.de\/en\/wp-json\/wp\/v2\/pages\/1873","targetHints":{"allow":["GET"]}}],"collection":[{"href":"https:\/\/oklp.de\/en\/wp-json\/wp\/v2\/pages"}],"about":[{"href":"https:\/\/oklp.de\/en\/wp-json\/wp\/v2\/types\/page"}],"author":[{"embeddable":true,"href":"https:\/\/oklp.de\/en\/wp-json\/wp\/v2\/users\/1"}],"replies":[{"embeddable":true,"href":"https:\/\/oklp.de\/en\/wp-json\/wp\/v2\/comments?post=1873"}],"version-history":[{"count":7,"href":"https:\/\/oklp.de\/en\/wp-json\/wp\/v2\/pages\/1873\/revisions"}],"predecessor-version":[{"id":2653,"href":"https:\/\/oklp.de\/en\/wp-json\/wp\/v2\/pages\/1873\/revisions\/2653"}],"wp:attachment":[{"href":"https:\/\/oklp.de\/en\/wp-json\/wp\/v2\/media?parent=1873"}],"curies":[{"name":"wp","href":"https:\/\/api.w.org\/{rel}","templated":true}]}}